{"id":5072,"date":"2022-08-19T17:41:21","date_gmt":"2022-08-19T15:41:21","guid":{"rendered":"https:\/\/fotsportegyesulet.hu\/?page_id=5072"},"modified":"2026-01-26T12:01:39","modified_gmt":"2026-01-26T11:01:39","slug":"karate","status":"publish","type":"page","link":"https:\/\/fotsportegyesulet.hu\/index.php\/karate\/","title":{"rendered":"KARATE"},"content":{"rendered":"<div id=\"pl-5072\"  class=\"panel-layout\" ><div id=\"pg-5072-0\"  class=\"panel-grid panel-no-style\" ><div id=\"pgc-5072-0-0\"  class=\"panel-grid-cell\" ><div id=\"panel-5072-0-0-0\" class=\"so-panel widget widget_text panel-first-child panel-last-child\" data-index=\"0\" ><h3 class=\"widget-title\">Karate szakoszt\u00e1ly<\/h3>\t\t\t<div class=\"textwidget\"><div>Szakoszt\u00e1lyvezet\u0151: Sz\u00e9cs\u00e9nyi Attila Zsolt<br \/>\n<strong><strong>Nihon \u00dajpalotai Sportegyes\u00fclet<br \/>\n<\/strong><\/strong>Eln\u00f6k \/ Edz\u0151 \/ Versenyz\u0151<br \/>\n5 dan Wado-Ryu Karate<br \/>\n3 dan Okinawa Kobudo<\/p>\n<\/div>\n<div>Telefon: 06 20 981-6038<\/div>\n<\/div>\n\t\t<\/div><\/div><div id=\"pgc-5072-0-1\"  class=\"panel-grid-cell\" ><div id=\"panel-5072-0-1-0\" class=\"so-panel widget widget_media_image panel-first-child panel-last-child\" data-index=\"1\" ><img loading=\"lazy\" decoding=\"async\" width=\"300\" height=\"300\" src=\"https:\/\/fotsportegyesulet.hu\/wp-content\/uploads\/2022\/08\/karate-fse-300x300.jpg\" class=\"image wp-image-5096  attachment-medium size-medium\" alt=\"\" style=\"max-width: 100%; height: auto;\" srcset=\"https:\/\/fotsportegyesulet.hu\/wp-content\/uploads\/2022\/08\/karate-fse-300x300.jpg 300w, https:\/\/fotsportegyesulet.hu\/wp-content\/uploads\/2022\/08\/karate-fse-150x150.jpg 150w, https:\/\/fotsportegyesulet.hu\/wp-content\/uploads\/2022\/08\/karate-fse.jpg 400w\" sizes=\"auto, (max-width: 300px) 100vw, 300px\" \/><\/div><\/div><\/div><div id=\"pg-5072-1\"  class=\"panel-grid panel-no-style\" ><div id=\"pgc-5072-1-0\"  class=\"panel-grid-cell\" ><div id=\"panel-5072-1-0-0\" class=\"so-panel widget widget_text panel-first-child panel-last-child\" data-index=\"2\" >\t\t\t<div class=\"textwidget\"><p>Harcm\u0171v\u00e9szeti p\u00e1lyafut\u00e1somat 1978-ban kezdtem az UTE judoterm\u00e9ben, a Megyeri \u00faton Horvay S\u00e1ndor \u00e9s Ol\u00e1h P\u00e1l mesterek tan\u00edtv\u00e1nyak\u00e9nt. A k\u00f6zel \u00f6t\u00e9ves cselg\u00e1nccsal t\u00f6lt\u00f6tt id\u0151szakomat az akkori kisdobos \u00e9s \u00fatt\u00f6r\u0151 korcsoportban n\u00e9h\u00e1ny budapesti \u00e9s orsz\u00e1gos versenyen el\u00e9rt helyez\u00e9s k\u00eds\u00e9rte. A karat\u00e9val 1983-ban ismerkedtem meg, az akkor k\u00f6zismertebb st\u00edlusokat hosszabb &#8211; r\u00f6videbb ideig gyakoroltam is. A Wado-Ryu Karate-t 1992 \u00f3ta gyakorlom.<\/p>\n<p>Egyes\u00fclet\u00fcnk tagja a Magyar Karate Szaksz\u00f6vets\u00e9gnek, szakmai fel\u00fcgyelet\u00e9t a Magyar Wado Sz\u00f6vets\u00e9g l\u00e1tja el. Szakmai ir\u00e1ny\u00edt\u00f3ink Kuniaki Sakagami 8 danos \u00e9s Noboyuki Nukina 6 danos mesterek. Jelenleg az egyes\u00fcletben minden nap tartunk edz\u00e9seket Budapesten a XV. ker\u00fcletben, a XIX. ker\u00fcletben \u00e9s F\u00f3ton. \u00c9vente 2 x lehet \u00f6vvizsg\u00e1val el\u0151re jutni a k\u00fcl\u00f6nb\u00f6z\u0151 szinteken, illetve az arra pszichikailag \u00e9s fizikailag alkalmas gyerekeknek lehet\u0151s\u00e9g\u00fck van a karate, mint versenysporttal val\u00f3 megismer\u00e9s\u00e9re \u00e9s a versenyz\u00e9sre. Egyes\u00fclet\u00fcnkben jelenleg a sportol\u00f3k k\u00e9pz\u00e9s\u00e9t, versenyre \u00e9s \u00f6vvizsg\u00e1kra t\u00f6rt\u00e9n\u0151 felk\u00e9sz\u00edt\u00e9s\u00e9t 4 fekete \u00f6ves mester ir\u00e1ny\u00edtja.<\/p>\n<p><img loading=\"lazy\" decoding=\"async\" class=\"size-full wp-image-5083 aligncenter\" src=\"https:\/\/fotsportegyesulet.hu\/wp-content\/uploads\/2022\/08\/DSC4015.jpg\" alt=\"fse karate\" width=\"960\" height=\"640\" srcset=\"https:\/\/fotsportegyesulet.hu\/wp-content\/uploads\/2022\/08\/DSC4015.jpg 960w, https:\/\/fotsportegyesulet.hu\/wp-content\/uploads\/2022\/08\/DSC4015-300x200.jpg 300w, https:\/\/fotsportegyesulet.hu\/wp-content\/uploads\/2022\/08\/DSC4015-768x512.jpg 768w, https:\/\/fotsportegyesulet.hu\/wp-content\/uploads\/2022\/08\/DSC4015-600x400.jpg 600w, https:\/\/fotsportegyesulet.hu\/wp-content\/uploads\/2022\/08\/DSC4015-272x182.jpg 272w\" sizes=\"auto, (max-width: 960px) 100vw, 960px\" \/><\/p>\n<p><strong>Danvizsg\u00e1k<\/strong><\/p>\n<p>1. dan 1999. B\u00e1tasz\u00e9k<br \/>\n2. dan 2001. B\u00e1tasz\u00e9k<br \/>\n3. dan 2004. Szentes<br \/>\n4. dan 2009. Szentes<\/p>\n<p>Sajnos ezeket a vizsg\u00e1kat a Jap\u00e1n Karate Sz\u00f6vets\u00e9g nem ismerte el ez\u00e9rt meg kellett ism\u00e9telni a vizsg\u00e1kat a JKF (Japan Karate Federation) vizsgabizotts\u00e1ga el\u0151tt is.<\/p>\n<p>1. dan 2013. Kempervennen (Hollandia)<br \/>\n2. dan 2014. Kempervennen (Hollandia)<br \/>\n3. dan 2014. Reading (Anglia)<br \/>\n4. dan 2015. Nagoya (Jap\u00e1n)<br \/>\n5. dan 2018. Leicester (Anglia)<\/p>\n<p><strong>Edz\u0151i jogos\u00edtv\u00e1ny<\/strong><br \/>\nA karate oktat\u00e1s\u00e1val az volt a c\u00e9lom, hogy azok a gyerekek \u00e9s feln\u0151ttek, akiknek tetszik ez a fajta mozg\u00e1skult\u00fara \u00e9s \u00e9letforma azokkal id\u0151nk\u00e9nt egy\u00fctt tudjak sportolni, edzeni \u00e9s ismereteimet \u00e1t tudjam nekik adni, mik\u00f6zben sportolunk. Ezalatt \u00e9n is fejl\u0151dhetek. M\u00e1r fiatal, tanul\u00f3 koromban is lehet\u0151s\u00e9get kaptam az akkori edz\u0151kt\u0151l, hogy n\u00e1lam alacsonyabb \u00f6vfokozat\u00fa karat\u00e9k\u00e1kat vagy gyerekeket oktassak. Csak k\u00e9s\u0151bb j\u00f6tt a lehet\u0151s\u00e9g, hogy hivatalosan is edz\u0151 lehessek. Az 1996-1997-es tan\u00e9vben az OTSH \u00e1ltal szervezett 1 \u00e9ves edz\u0151i tanfolyamon szereztem &#8222;A&#8221; kateg\u00f3ri\u00e1s, sportoktat\u00f3i diplom\u00e1t. A Semmelweis Egyetem Testnevel\u00e9si \u00e9s Sporttudom\u00e1nyi Kar\u00e1n szervez\u0151d\u00f6tt Sportedz\u0151, Szakedz\u0151 tanfolyam elv\u00e9gz\u00e9se ut\u00e1n a diplom\u00e1mat 2013 \u0151sz\u00e9n vehettem \u00e1t.<\/p>\n<p><img loading=\"lazy\" decoding=\"async\" class=\"size-large wp-image-5084 aligncenter\" src=\"https:\/\/fotsportegyesulet.hu\/wp-content\/uploads\/2022\/08\/DSC3839-1024x683.jpg\" alt=\"\" width=\"1024\" height=\"683\" srcset=\"https:\/\/fotsportegyesulet.hu\/wp-content\/uploads\/2022\/08\/DSC3839-1024x683.jpg 1024w, https:\/\/fotsportegyesulet.hu\/wp-content\/uploads\/2022\/08\/DSC3839-300x200.jpg 300w, https:\/\/fotsportegyesulet.hu\/wp-content\/uploads\/2022\/08\/DSC3839-768x512.jpg 768w, https:\/\/fotsportegyesulet.hu\/wp-content\/uploads\/2022\/08\/DSC3839-600x400.jpg 600w, https:\/\/fotsportegyesulet.hu\/wp-content\/uploads\/2022\/08\/DSC3839-272x182.jpg 272w, https:\/\/fotsportegyesulet.hu\/wp-content\/uploads\/2022\/08\/DSC3839.jpg 1200w\" sizes=\"auto, (max-width: 1024px) 100vw, 1024px\" \/><\/p>\n<p><strong>B\u00edr\u00f3i min\u0151s\u00edt\u00e9s<\/strong><\/p>\n<p>A versenyz\u00e9s mellett egyre jobban kezdett el \u00e9rdekelni a b\u00edr\u00f3i munka, melynek megismer\u00e9s\u00e9vel a versenyz\u0151ket is jobban fel lehetett k\u00e9sz\u00edteni. 2001-ben a Magyar Karate Sz\u00f6vets\u00e9g \u00e1ltal szervezett b\u00edr\u00f3i tanfolyamon &#8222;C&#8221; kateg\u00f3ri\u00e1s b\u00edr\u00f3i k\u00e9pes\u00edt\u00e9st szereztem. Ezt t\u00f6bb tov\u00e1bbi k\u00fcl\u00f6nb\u00f6z\u0151 WUKO \u00e9s W.U.K.F. b\u00edr\u00f3i min\u0151s\u00edt\u00e9s k\u00f6vette Ausztri\u00e1ban, Rom\u00e1ni\u00e1ban, Olaszorsz\u00e1gban. Itthon is tov\u00e1bb folyt a k\u00e9pz\u00e9s a Magyar Karate Szaksz\u00f6vets\u00e9g tanfolyamain. Jelenleg \u201eVezet\u0151b\u00edr\u00f3 A\u201d min\u0151s\u00edt\u00e9sem van, melyet 2018-ban szereztem.<\/p>\n<p><img loading=\"lazy\" decoding=\"async\" class=\"size-large wp-image-5085 aligncenter\" src=\"https:\/\/fotsportegyesulet.hu\/wp-content\/uploads\/2022\/08\/15502651_600100383514903_893066518_o-1024x682.jpg\" alt=\"\" width=\"1024\" height=\"682\" srcset=\"https:\/\/fotsportegyesulet.hu\/wp-content\/uploads\/2022\/08\/15502651_600100383514903_893066518_o-1024x682.jpg 1024w, https:\/\/fotsportegyesulet.hu\/wp-content\/uploads\/2022\/08\/15502651_600100383514903_893066518_o-300x200.jpg 300w, https:\/\/fotsportegyesulet.hu\/wp-content\/uploads\/2022\/08\/15502651_600100383514903_893066518_o-768x511.jpg 768w, https:\/\/fotsportegyesulet.hu\/wp-content\/uploads\/2022\/08\/15502651_600100383514903_893066518_o-600x400.jpg 600w, https:\/\/fotsportegyesulet.hu\/wp-content\/uploads\/2022\/08\/15502651_600100383514903_893066518_o-272x182.jpg 272w, https:\/\/fotsportegyesulet.hu\/wp-content\/uploads\/2022\/08\/15502651_600100383514903_893066518_o.jpg 1200w\" sizes=\"auto, (max-width: 1024px) 100vw, 1024px\" \/><\/p>\n<p><strong>Versenyz\u00e9s<\/strong><\/p>\n<p>Mindig is azt gondoltam, hogy a versenyz\u00e9s az, amellyel egy \u00f6sszk\u00e9pet kaphatunk magunkr\u00f3l \u00e9s arr\u00f3l, hogy milyen szinten vannak az ismereteink. Ugyanakkor a versenyz\u00e9s k\u00f6zben szerzett tapasztalatokat meg lehet osztani azokkal a sportol\u00f3kkal, akiket mi k\u00e9sz\u00edt\u00fcnk fel a versenyz\u00e9sre. Az eredm\u00e9nyek azt igazolj\u00e1k, hogy ezt a munk\u00e1t j\u00f3l v\u00e9gezz\u00fck. Sportol\u00f3ink eredm\u00e9nyesen versenyeznek mind a hazai, mind a nemzetk\u00f6zi mez\u0151nyben. Az oktat\u00e1s mellett jelenleg akt\u00edvan versenyezek. Tagja vagyok az MWSZ v\u00e1logatott keret\u00e9nek.<\/p>\n<p><strong>Eredm\u00e9nyeim:<\/strong><br \/>\n56 Magyar Bajnoki c\u00edm (Wado, WKF, Semi Contact,)<br \/>\n16 Eur\u00f3pa-bajnoki c\u00edm<br \/>\n5 Vil\u00e1gbajnoki helyez\u00e9s (2 III. hely, 1 II. hely, 2 I. hely)<\/p>\n<p><img loading=\"lazy\" decoding=\"async\" class=\"size-large wp-image-5086 aligncenter\" src=\"https:\/\/fotsportegyesulet.hu\/wp-content\/uploads\/2022\/08\/DSC03972-1024x683.jpg\" alt=\"\" width=\"1024\" height=\"683\" srcset=\"https:\/\/fotsportegyesulet.hu\/wp-content\/uploads\/2022\/08\/DSC03972-1024x683.jpg 1024w, https:\/\/fotsportegyesulet.hu\/wp-content\/uploads\/2022\/08\/DSC03972-300x200.jpg 300w, https:\/\/fotsportegyesulet.hu\/wp-content\/uploads\/2022\/08\/DSC03972-768x512.jpg 768w, https:\/\/fotsportegyesulet.hu\/wp-content\/uploads\/2022\/08\/DSC03972-600x400.jpg 600w, https:\/\/fotsportegyesulet.hu\/wp-content\/uploads\/2022\/08\/DSC03972-272x182.jpg 272w, https:\/\/fotsportegyesulet.hu\/wp-content\/uploads\/2022\/08\/DSC03972.jpg 1200w\" sizes=\"auto, (max-width: 1024px) 100vw, 1024px\" \/><\/p>\n<p><strong>KOBUDO<\/strong><\/p>\n<p>A harcm\u0171v\u00e9szet m\u00e1r gyermekkorban \u00e9rdekelt, k\u00fcl\u00f6n\u00f6sen a fegyveres r\u00e9sz. Nagyon tetszett, ahogy filmeken, bemutat\u00f3kon forgatt\u00e1k a k\u00fcl\u00f6nb\u00f6z\u0151 eszk\u00f6z\u00f6ket: kardot, botot, nunchakut, stb. K\u00e9s\u0151bb azt\u00e1n a 80\u2019-as \u00e9vekben lehet\u0151s\u00e9gem is volt kipr\u00f3b\u00e1lni, gyakorolni a Jap\u00e1n Harcij\u00e1t\u00e9kok Klubj\u00e1ban. \u00cdg\u00e9retet tettem magamnak, hogy egyszer majd folytatni fogom. Ez 2009-ben j\u00f6tt el, amikor bes\u00e9t\u00e1ltam Baranyi Gy\u00f6rgy mester doj\u00f3j\u00e1ba, hogy kobud\u00f3zni szeretn\u00e9k.<\/p>\n<p><img loading=\"lazy\" decoding=\"async\" class=\"size-large wp-image-5092 aligncenter\" src=\"https:\/\/fotsportegyesulet.hu\/wp-content\/uploads\/2022\/08\/1-1024x683.jpg\" alt=\"\" width=\"1024\" height=\"683\" srcset=\"https:\/\/fotsportegyesulet.hu\/wp-content\/uploads\/2022\/08\/1-1024x683.jpg 1024w, https:\/\/fotsportegyesulet.hu\/wp-content\/uploads\/2022\/08\/1-300x200.jpg 300w, https:\/\/fotsportegyesulet.hu\/wp-content\/uploads\/2022\/08\/1-768x512.jpg 768w, https:\/\/fotsportegyesulet.hu\/wp-content\/uploads\/2022\/08\/1-600x400.jpg 600w, https:\/\/fotsportegyesulet.hu\/wp-content\/uploads\/2022\/08\/1-1536x1024.jpg 1536w, https:\/\/fotsportegyesulet.hu\/wp-content\/uploads\/2022\/08\/1-2048x1365.jpg 2048w, https:\/\/fotsportegyesulet.hu\/wp-content\/uploads\/2022\/08\/1-272x182.jpg 272w\" sizes=\"auto, (max-width: 1024px) 100vw, 1024px\" \/><\/p>\n<p>Telt-m\u00falt az id\u0151 \u00e9s gy\u0171ltek k\u00f6r\u00fcl\u00f6ttem az \u00e9rdekl\u0151d\u0151 emberek, azt\u00e1n egyszer csak ezt is elkezdtem tan\u00edtani. A l\u00e9trej\u00f6tt klubokkal megalak\u00edtottuk az Oshukai Hungary Sz\u00f6vets\u00e9get. Tagjai lett\u00fcnk a W.O.F.-nak (World Oshukai Federations) amely egyben a szakmai fel\u00fcgyelet\u00fcnket is ell\u00e1tja. Sajnos a Covid egy id\u0151re v\u00e9get vetett a munk\u00e1nak, most az \u00fajraszervez\u00e9s zajlik. Szakmai ir\u00e1ny\u00edt\u00f3ink Kenyu Chinen 9 danos \u00e9s Nathalie Luce 6 danos mesterek.<\/p>\n<p><strong>Danvizsg\u00e1k<\/strong><\/p>\n<p>1. dan 2011. F\u00f3t<br \/>\n2. dan 2015. Balatonvil\u00e1gos<br \/>\n3. dan 2019. Thonon les Bains (Franciaorsz\u00e1g)<\/p>\n<p><img loading=\"lazy\" decoding=\"async\" class=\"size-large wp-image-5093 aligncenter\" src=\"https:\/\/fotsportegyesulet.hu\/wp-content\/uploads\/2022\/08\/2-1024x683.jpg\" alt=\"\" width=\"1024\" height=\"683\" srcset=\"https:\/\/fotsportegyesulet.hu\/wp-content\/uploads\/2022\/08\/2-1024x683.jpg 1024w, https:\/\/fotsportegyesulet.hu\/wp-content\/uploads\/2022\/08\/2-300x200.jpg 300w, https:\/\/fotsportegyesulet.hu\/wp-content\/uploads\/2022\/08\/2-768x512.jpg 768w, https:\/\/fotsportegyesulet.hu\/wp-content\/uploads\/2022\/08\/2-600x400.jpg 600w, https:\/\/fotsportegyesulet.hu\/wp-content\/uploads\/2022\/08\/2-1536x1024.jpg 1536w, https:\/\/fotsportegyesulet.hu\/wp-content\/uploads\/2022\/08\/2-2048x1365.jpg 2048w, https:\/\/fotsportegyesulet.hu\/wp-content\/uploads\/2022\/08\/2-272x182.jpg 272w\" sizes=\"auto, (max-width: 1024px) 100vw, 1024px\" \/><\/p>\n<p>Egyes\u00fclet\u00fcnkbe minden olyan \u00e9rdekl\u0151d\u0151t v\u00e1runk, akiket \u00e9rdekel a \u201epusztakezes\u201d, illetve a fegyveres harcm\u0171v\u00e9szet, \u00edgy szeretn\u00e9k kipr\u00f3b\u00e1lni ak\u00e1r a karat\u00e9t, ak\u00e1r a kobud\u00f3t, esetleg mindkett\u0151t. A megfelel\u0151 harcm\u0171v\u00e9szeti ismeret kell\u0151 \u00f6nbizalmat ad, fejleszti a szem\u00e9lyis\u00e9get, edzi a testet \u00e9s a lelket, gyermekek sz\u00e1m\u00e1ra kiv\u00e1l\u00f3 fejleszt\u0151 eszk\u00f6z. \u00c1m az edz\u00e9seken t\u00fal a sportol\u00f3 r\u00e9sz\u00e9v\u00e9 v\u00e1lik egy olyan k\u00f6z\u00f6ss\u00e9gnek ahov\u00e1 mindig sz\u00edvesen megy, ahov\u00e1 tartozni szeretne.<\/p>\n<p>A karat\u00e9t 6 \u00e9ves kort\u00f3l aj\u00e1nljuk m\u00e9g a feln\u0151tteknek is, ha szeretne akt\u00edvan id\u0151t t\u00f6lteni, szellemileg, testileg elf\u00e1radni. A kobud\u00f3t 10 \u00e9ves kort\u00f3l aj\u00e1nljuk m\u00e9g a feln\u0151tteknek, id\u0151seknek is. Jap\u00e1nban is nagy hagyom\u00e1nya van annak, hogy a fegyveres harcm\u0171v\u00e9szetet id\u0151sek gyakorolj\u00e1k. A figyelem fokozott fenntart\u00e1sa miatt frissen tartja az elm\u00e9t, a testet a gyakorlatok kev\u00e9sb\u00e9 terhelik, m\u00e9gis \u00e1tmozgatj\u00e1k a testet.<\/p>\n<\/div>\n\t\t<\/div><\/div><\/div><div id=\"pg-5072-2\"  class=\"panel-grid panel-no-style\" ><div id=\"pgc-5072-2-0\"  class=\"panel-grid-cell\" ><div id=\"panel-5072-2-0-0\" class=\"so-panel widget widget_text panel-first-child\" data-index=\"3\" ><h3 class=\"widget-title\">Edz\u00e9sek id\u0151pontja, helysz\u00ednek:<\/h3>\t\t\t<div class=\"textwidget\"><p>H\u00e9tf\u0151 19:00-20:30 F\u00e1y Andr\u00e1s \u00c1ltal\u00e1nos Iskola<br \/>\n2151 F\u00f3t, F\u00e1y Andr\u00e1s t\u00e9r 1.<br \/>\nSzerda 17:30-19:00 Garay J\u00e1nos \u00c1ltal\u00e1nos iskola<br \/>\n2151, F\u00f3t, Arany J\u00e1nos utca 20-26.<br \/>\nP\u00e9ntek, edz\u00e9s a k\u00f6zponti csarnokban 18:30-20:00<br \/>\n1155 Budapest, Kolozsv\u00e1r utca 1.<\/p>\n<\/div>\n\t\t<\/div><div id=\"panel-5072-2-0-1\" class=\"so-panel widget widget_text panel-last-child\" data-index=\"4\" ><h3 class=\"widget-title\">Tagd\u00edj:<\/h3>\t\t\t<div class=\"textwidget\"><div>Pr\u00f3baedz\u00e9s: 2 alkalom ingyenes<br \/>\nHavi edz\u00e9sd\u00edj 18.000 Ft\/f\u0151<br \/>\nHeti edz\u00e9sd\u00edj (heti 1 alkalom) 11.500 Ft\/f\u0151<br \/>\nCsal\u00e1di kedvezm\u00e9ny ahol t\u00f6bben sportolnak (testv\u00e9rek, sz\u00fcl\u0151-gyerekek)<\/div>\n<div>\n<div><\/div>\n<\/div>\n<\/div>\n\t\t<\/div><\/div><\/div><div id=\"pg-5072-3\"  class=\"panel-grid panel-no-style\" ><div id=\"pgc-5072-3-0\"  class=\"panel-grid-cell\" ><div id=\"panel-5072-3-0-0\" class=\"so-panel widget widget_sporty-gridposts-widget panel-first-child panel-last-child\" data-index=\"5\" ><div class=\"masonry-grid\">\n<div id=\"two-columns\" data-columns> \n<article class=\"post\">\n    <div class=\"post-15724 post type-post status-publish format-standard has-post-thumbnail hentry category-hirek category-ritmikus-gimnasztika\"  id=\"post-15724\">\n      \n    <figure>\n         \n        <ul class=\"sporty-masonry-cats\">\n            <li><a href=\"https:\/\/fotsportegyesulet.hu\/index.php\/category\/hirek\/\" rel=\"category tag\">H\u00edrek<\/a><\/li><li><a href=\"https:\/\/fotsportegyesulet.hu\/index.php\/category\/ritmikus-gimnasztika\/\" rel=\"category tag\">Ritmikus gimnasztika<\/a><\/li>\n        <\/ul>\n                <a href=\"https:\/\/fotsportegyesulet.hu\/index.php\/2026\/04\/27\/sikeres-szereples-az-orszagos-bajnoksagon\/\">\n            <img decoding=\"async\" src=\"https:\/\/fotsportegyesulet.hu\/wp-content\/uploads\/2026\/04\/kiemelt1.jpg\" alt=\"Sikeres szerepl\u00e9s az Orsz\u00e1gos Bajnoks\u00e1gon\" \/>\n        <\/a>\n    <\/figure>\n            <div class=\"postbox\">  \n            <div class=\"date-without-thumb\"><a class=\"postbox-date\" href=\"https:\/\/fotsportegyesulet.hu\/index.php\/2026\/04\/27\/sikeres-szereples-az-orszagos-bajnoksagon\/\">2026.04.27.<\/a><\/div>\n            <h3>\n                <a href=\"https:\/\/fotsportegyesulet.hu\/index.php\/2026\/04\/27\/sikeres-szereples-az-orszagos-bajnoksagon\/\">Sikeres szerepl\u00e9s az Orsz\u00e1gos Bajnoks\u00e1gon<\/a>\n            <\/h3>\n            <p>Dobog\u00f3s helyek \u00e9s \u00e9letre sz\u00f3l\u00f3 \u00e9lm\u00e9nyek &#8211; RG \u00e9s AGG a f\u00f3ti OB-n.<\/p>\n        <\/div>    \n    <\/div>\n<\/article><article class=\"post\">\n    <div class=\"post-15690 post type-post status-publish format-standard has-post-thumbnail hentry category-hirek\"  id=\"post-15690\">\n      \n    <figure>\n         \n        <ul class=\"sporty-masonry-cats\">\n            <li><a href=\"https:\/\/fotsportegyesulet.hu\/index.php\/category\/hirek\/\" rel=\"category tag\">H\u00edrek<\/a><\/li>\n        <\/ul>\n                <a href=\"https:\/\/fotsportegyesulet.hu\/index.php\/2026\/04\/23\/formaba-lendulve-celra-tartva\/\">\n            <img decoding=\"async\" src=\"https:\/\/fotsportegyesulet.hu\/wp-content\/uploads\/2026\/04\/956x455-csapatkep.jpg\" alt=\"Form\u00e1ba lend\u00fclve, c\u00e9lra tartva!\" \/>\n        <\/a>\n    <\/figure>\n            <div class=\"postbox\">  \n            <div class=\"date-without-thumb\"><a class=\"postbox-date\" href=\"https:\/\/fotsportegyesulet.hu\/index.php\/2026\/04\/23\/formaba-lendulve-celra-tartva\/\">2026.04.23.<\/a><\/div>\n            <h3>\n                <a href=\"https:\/\/fotsportegyesulet.hu\/index.php\/2026\/04\/23\/formaba-lendulve-celra-tartva\/\">Form\u00e1ba lend\u00fclve, c\u00e9lra tartva!<\/a>\n            <\/h3>\n            <p>M\u00e1rciusi k\u00f6rk\u00e9p a F\u00f3t SE I-es labdar\u00fag\u00f3 csapat\u00e1n\u00e1l.<\/p>\n        <\/div>    \n    <\/div>\n<\/article><article class=\"post\">\n    <div class=\"post-15683 post type-post status-publish format-standard has-post-thumbnail hentry category-hirek\"  id=\"post-15683\">\n      \n    <figure>\n         \n        <ul class=\"sporty-masonry-cats\">\n            <li><a href=\"https:\/\/fotsportegyesulet.hu\/index.php\/category\/hirek\/\" rel=\"category tag\">H\u00edrek<\/a><\/li>\n        <\/ul>\n                <a href=\"https:\/\/fotsportegyesulet.hu\/index.php\/2026\/04\/21\/mindig-van-meg-benne-tobb\/\">\n            <img decoding=\"async\" src=\"https:\/\/fotsportegyesulet.hu\/wp-content\/uploads\/2026\/04\/956x455.jpg\" alt=\"Mindig van m\u00e9g benne t\u00f6bb!\" \/>\n        <\/a>\n    <\/figure>\n            <div class=\"postbox\">  \n            <div class=\"date-without-thumb\"><a class=\"postbox-date\" href=\"https:\/\/fotsportegyesulet.hu\/index.php\/2026\/04\/21\/mindig-van-meg-benne-tobb\/\">2026.04.21.<\/a><\/div>\n            <h3>\n                <a href=\"https:\/\/fotsportegyesulet.hu\/index.php\/2026\/04\/21\/mindig-van-meg-benne-tobb\/\">Mindig van m\u00e9g benne t\u00f6bb!<\/a>\n            <\/h3>\n            <p>Mezey Keve m\u00e1rciusban a h\u00f3nap j\u00e1t\u00e9kosa.<\/p>\n        <\/div>    \n    <\/div>\n<\/article><article class=\"post\">\n    <div class=\"post-15657 post type-post status-publish format-standard has-post-thumbnail hentry category-atletika category-hirek category-kiemelt-hir category-kosarlabda category-labdarugas category-modern-tanc category-ritmikus-gimnasztika\"  id=\"post-15657\">\n      \n    <figure>\n         \n        <ul class=\"sporty-masonry-cats\">\n            <li><a href=\"https:\/\/fotsportegyesulet.hu\/index.php\/category\/atletika\/\" rel=\"category tag\">Atl\u00e9tika<\/a><\/li><li><a href=\"https:\/\/fotsportegyesulet.hu\/index.php\/category\/hirek\/\" rel=\"category tag\">H\u00edrek<\/a><\/li><li><a href=\"https:\/\/fotsportegyesulet.hu\/index.php\/category\/kiemelt-hir\/\" rel=\"category tag\">Kiemelt h\u00edr<\/a><\/li><li><a href=\"https:\/\/fotsportegyesulet.hu\/index.php\/category\/kosarlabda\/\" rel=\"category tag\">Kos\u00e1rlabda<\/a><\/li><li><a href=\"https:\/\/fotsportegyesulet.hu\/index.php\/category\/labdarugas\/\" rel=\"category tag\">Labdar\u00fag\u00e1s<\/a><\/li><li><a href=\"https:\/\/fotsportegyesulet.hu\/index.php\/category\/modern-tanc\/\" rel=\"category tag\">Modern t\u00e1nc<\/a><\/li><li><a href=\"https:\/\/fotsportegyesulet.hu\/index.php\/category\/ritmikus-gimnasztika\/\" rel=\"category tag\">Ritmikus gimnasztika<\/a><\/li>\n        <\/ul>\n                <a href=\"https:\/\/fotsportegyesulet.hu\/index.php\/2026\/04\/08\/legy-reszese-te-is-nyari-sport-taborainknak\/\">\n            <img decoding=\"async\" src=\"https:\/\/fotsportegyesulet.hu\/wp-content\/uploads\/2026\/04\/group-childrens-having-fun-park.jpg\" alt=\"L\u00e9gy r\u00e9szese Te is ny\u00e1ri sport t\u00e1borainknak!\" \/>\n        <\/a>\n    <\/figure>\n            <div class=\"postbox\">  \n            <div class=\"date-without-thumb\"><a class=\"postbox-date\" href=\"https:\/\/fotsportegyesulet.hu\/index.php\/2026\/04\/08\/legy-reszese-te-is-nyari-sport-taborainknak\/\">2026.04.08.<\/a><\/div>\n            <h3>\n                <a href=\"https:\/\/fotsportegyesulet.hu\/index.php\/2026\/04\/08\/legy-reszese-te-is-nyari-sport-taborainknak\/\">L\u00e9gy r\u00e9szese Te is ny\u00e1ri sport t\u00e1borainknak!<\/a>\n            <\/h3>\n            <p>Szeretettek v\u00e1rjuk a gyerekeket j\u00e1t\u00e9kos-sportos t\u00e1borainkba!<\/p>\n        <\/div>    \n    <\/div>\n<\/article><article class=\"post\">\n    <div class=\"post-15619 post type-post status-publish format-standard has-post-thumbnail hentry category-atletika category-hirek\"  id=\"post-15619\">\n      \n    <figure>\n         \n        <ul class=\"sporty-masonry-cats\">\n            <li><a href=\"https:\/\/fotsportegyesulet.hu\/index.php\/category\/atletika\/\" rel=\"category tag\">Atl\u00e9tika<\/a><\/li><li><a href=\"https:\/\/fotsportegyesulet.hu\/index.php\/category\/hirek\/\" rel=\"category tag\">H\u00edrek<\/a><\/li>\n        <\/ul>\n                <a href=\"https:\/\/fotsportegyesulet.hu\/index.php\/2026\/03\/30\/foti-versenyzok-a-vivicitta-futoversenyen\/\">\n            <img decoding=\"async\" src=\"https:\/\/fotsportegyesulet.hu\/wp-content\/uploads\/2026\/03\/440749f4628a5e6c0dc677277e867c40.jpg\" alt=\"F\u00f3ti versenyz\u0151k a Vivicitt\u00e1 fut\u00f3versenyen\" \/>\n        <\/a>\n    <\/figure>\n            <div class=\"postbox\">  \n            <div class=\"date-without-thumb\"><a class=\"postbox-date\" href=\"https:\/\/fotsportegyesulet.hu\/index.php\/2026\/03\/30\/foti-versenyzok-a-vivicitta-futoversenyen\/\">2026.03.30.<\/a><\/div>\n            <h3>\n                <a href=\"https:\/\/fotsportegyesulet.hu\/index.php\/2026\/03\/30\/foti-versenyzok-a-vivicitta-futoversenyen\/\">F\u00f3ti versenyz\u0151k a Vivicitt\u00e1 fut\u00f3versenyen<\/a>\n            <\/h3>\n            <p>T\u00f6bb, mint 20 atl\u00e9t\u00e1val \u00e1llt rajthoz az FSE  03. 21-\u00e9n a Margitszigeten<\/p>\n        <\/div>    \n    <\/div>\n<\/article><article class=\"post\">\n    <div class=\"post-15615 post type-post status-publish format-standard has-post-thumbnail hentry category-hirek category-judo\"  id=\"post-15615\">\n      \n    <figure>\n         \n        <ul class=\"sporty-masonry-cats\">\n            <li><a href=\"https:\/\/fotsportegyesulet.hu\/index.php\/category\/hirek\/\" rel=\"category tag\">H\u00edrek<\/a><\/li><li><a href=\"https:\/\/fotsportegyesulet.hu\/index.php\/category\/judo\/\" rel=\"category tag\">Judo<\/a><\/li>\n        <\/ul>\n                <a href=\"https:\/\/fotsportegyesulet.hu\/index.php\/2026\/03\/26\/fse-siker-a-sosz-hiszek-benned-palyazatan-2026-ban-is\/\">\n            <img decoding=\"async\" src=\"https:\/\/fotsportegyesulet.hu\/wp-content\/uploads\/2025\/03\/kiemelet-kep-_-956_446.jpg\" alt=\"FSE siker a SOSZ Hiszek Benned p\u00e1ly\u00e1zat\u00e1n\" \/>\n        <\/a>\n    <\/figure>\n            <div class=\"postbox\">  \n            <div class=\"date-without-thumb\"><a class=\"postbox-date\" href=\"https:\/\/fotsportegyesulet.hu\/index.php\/2026\/03\/26\/fse-siker-a-sosz-hiszek-benned-palyazatan-2026-ban-is\/\">2026.03.26.<\/a><\/div>\n            <h3>\n                <a href=\"https:\/\/fotsportegyesulet.hu\/index.php\/2026\/03\/26\/fse-siker-a-sosz-hiszek-benned-palyazatan-2026-ban-is\/\">FSE siker a SOSZ Hiszek Benned p\u00e1ly\u00e1zat\u00e1n<\/a>\n            <\/h3>\n            <p>A befolyt \u00f6sszegb\u0151l k\u00e9t szakoszt\u00e1lyunk kapott t\u00e1mogat\u00e1st.<\/p>\n        <\/div>    \n    <\/div>\n<\/article><article class=\"post\">\n    <div class=\"post-15543 post type-post status-publish format-standard has-post-thumbnail hentry category-hirek category-labdarugas\"  id=\"post-15543\">\n      \n    <figure>\n         \n        <ul class=\"sporty-masonry-cats\">\n            <li><a href=\"https:\/\/fotsportegyesulet.hu\/index.php\/category\/hirek\/\" rel=\"category tag\">H\u00edrek<\/a><\/li><li><a href=\"https:\/\/fotsportegyesulet.hu\/index.php\/category\/labdarugas\/\" rel=\"category tag\">Labdar\u00fag\u00e1s<\/a><\/li>\n        <\/ul>\n                <a href=\"https:\/\/fotsportegyesulet.hu\/index.php\/2026\/03\/20\/elso-nemzetkozi-focikupa-foton\/\">\n            <img decoding=\"async\" src=\"https:\/\/fotsportegyesulet.hu\/wp-content\/uploads\/2026\/03\/kiemelt-kep.jpg\" alt=\"Els\u0151 nemzetk\u00f6zi focikupa az FSE p\u00e1ly\u00e1in\" \/>\n        <\/a>\n    <\/figure>\n            <div class=\"postbox\">  \n            <div class=\"date-without-thumb\"><a class=\"postbox-date\" href=\"https:\/\/fotsportegyesulet.hu\/index.php\/2026\/03\/20\/elso-nemzetkozi-focikupa-foton\/\">2026.03.20.<\/a><\/div>\n            <h3>\n                <a href=\"https:\/\/fotsportegyesulet.hu\/index.php\/2026\/03\/20\/elso-nemzetkozi-focikupa-foton\/\">Els\u0151 nemzetk\u00f6zi focikupa az FSE p\u00e1ly\u00e1in<\/a>\n            <\/h3>\n            <p>Ut\u00e1np\u00f3tl\u00e1s n\u00f6vend\u00e9keink nemzetk\u00f6zi torn\u00e1n m\u00e9rett\u00e9k meg magukat F\u00f3ton.<\/p>\n        <\/div>    \n    <\/div>\n<\/article><article class=\"post\">\n    <div class=\"post-15517 post type-post status-publish format-standard has-post-thumbnail hentry category-hirek\"  id=\"post-15517\">\n      \n    <figure>\n         \n        <ul class=\"sporty-masonry-cats\">\n            <li><a href=\"https:\/\/fotsportegyesulet.hu\/index.php\/category\/hirek\/\" rel=\"category tag\">H\u00edrek<\/a><\/li>\n        <\/ul>\n                <a href=\"https:\/\/fotsportegyesulet.hu\/index.php\/2026\/03\/09\/masodik-kaposvari-edzotaboran-vett-reszt-a-fot-se\/\">\n            <img decoding=\"async\" src=\"https:\/\/fotsportegyesulet.hu\/wp-content\/uploads\/2026\/03\/956x455.jpg\" alt=\"F\u00f3t SE edz\u0151t\u00e1bor Kaposv\u00e1ron\" \/>\n        <\/a>\n    <\/figure>\n            <div class=\"postbox\">  \n            <div class=\"date-without-thumb\"><a class=\"postbox-date\" href=\"https:\/\/fotsportegyesulet.hu\/index.php\/2026\/03\/09\/masodik-kaposvari-edzotaboran-vett-reszt-a-fot-se\/\">2026.03.09.<\/a><\/div>\n            <h3>\n                <a href=\"https:\/\/fotsportegyesulet.hu\/index.php\/2026\/03\/09\/masodik-kaposvari-edzotaboran-vett-reszt-a-fot-se\/\">F\u00f3t SE edz\u0151t\u00e1bor Kaposv\u00e1ron<\/a>\n            <\/h3>\n            <p>Hasznos felk\u00e9sz\u00fcl\u00e9s a tavaszi rajt el\u0151tt!<\/p>\n        <\/div>    \n    <\/div>\n<\/article><article class=\"post\">\n    <div class=\"post-15470 post type-post status-publish format-standard has-post-thumbnail hentry category-atletika category-hirek\"  id=\"post-15470\">\n      \n    <figure>\n         \n        <ul class=\"sporty-masonry-cats\">\n            <li><a href=\"https:\/\/fotsportegyesulet.hu\/index.php\/category\/atletika\/\" rel=\"category tag\">Atl\u00e9tika<\/a><\/li><li><a href=\"https:\/\/fotsportegyesulet.hu\/index.php\/category\/hirek\/\" rel=\"category tag\">H\u00edrek<\/a><\/li>\n        <\/ul>\n                <a href=\"https:\/\/fotsportegyesulet.hu\/index.php\/2026\/03\/06\/4-nap-futas-egy-balaton-kor\/\">\n            <img decoding=\"async\" src=\"https:\/\/fotsportegyesulet.hu\/wp-content\/uploads\/2026\/03\/IMG_0303.jpg\" alt=\"4 nap fut\u00e1s &#8211; egy Balaton k\u00f6r\" \/>\n        <\/a>\n    <\/figure>\n            <div class=\"postbox\">  \n            <div class=\"date-without-thumb\"><a class=\"postbox-date\" href=\"https:\/\/fotsportegyesulet.hu\/index.php\/2026\/03\/06\/4-nap-futas-egy-balaton-kor\/\">2026.03.06.<\/a><\/div>\n            <h3>\n                <a href=\"https:\/\/fotsportegyesulet.hu\/index.php\/2026\/03\/06\/4-nap-futas-egy-balaton-kor\/\">4 nap fut\u00e1s &#8211; egy Balaton k\u00f6r<\/a>\n            <\/h3>\n            <p>Az FSE atl\u00e9tika versenyz\u0151i megker\u00fclt\u00e9k a Balatont!<\/p>\n        <\/div>    \n    <\/div>\n<\/article><article class=\"post\">\n    <div class=\"post-15449 post type-post status-publish format-standard has-post-thumbnail hentry category-hirek category-ritmikus-gimnasztika\"  id=\"post-15449\">\n      \n    <figure>\n         \n        <ul class=\"sporty-masonry-cats\">\n            <li><a href=\"https:\/\/fotsportegyesulet.hu\/index.php\/category\/hirek\/\" rel=\"category tag\">H\u00edrek<\/a><\/li><li><a href=\"https:\/\/fotsportegyesulet.hu\/index.php\/category\/ritmikus-gimnasztika\/\" rel=\"category tag\">Ritmikus gimnasztika<\/a><\/li>\n        <\/ul>\n                <a href=\"https:\/\/fotsportegyesulet.hu\/index.php\/2026\/03\/03\/tavaszi-aranyeso-ritmikus-gimnasztika-szakosztalyunknal\/\">\n            <img decoding=\"async\" src=\"https:\/\/fotsportegyesulet.hu\/wp-content\/uploads\/2026\/03\/F1-1.jpg\" alt=\"Tavaszi aranyes\u0151 RG szakoszt\u00e1lyunkn\u00e1l!\" \/>\n        <\/a>\n    <\/figure>\n            <div class=\"postbox\">  \n            <div class=\"date-without-thumb\"><a class=\"postbox-date\" href=\"https:\/\/fotsportegyesulet.hu\/index.php\/2026\/03\/03\/tavaszi-aranyeso-ritmikus-gimnasztika-szakosztalyunknal\/\">2026.03.03.<\/a><\/div>\n            <h3>\n                <a href=\"https:\/\/fotsportegyesulet.hu\/index.php\/2026\/03\/03\/tavaszi-aranyeso-ritmikus-gimnasztika-szakosztalyunknal\/\">Tavaszi aranyes\u0151 RG szakoszt\u00e1lyunkn\u00e1l!<\/a>\n            <\/h3>\n            <p>7 arany, 3 ez\u00fcst \u00e9s egy k\u00fcl\u00f6nd\u00edj egyetlen versenyen!<\/p>\n        <\/div>    \n    <\/div>\n<\/article><\/div>\n<\/div>    \n<\/div><\/div><div id=\"pgc-5072-3-1\"  class=\"panel-grid-cell\" ><div id=\"panel-5072-3-1-0\" class=\"so-panel widget panel-first-child panel-last-child\" data-index=\"6\" ><\/div><\/div><\/div><\/div>","protected":false},"excerpt":{"rendered":"<p>Karate szakoszt\u00e1ly Szakoszt\u00e1lyvezet\u0151: Sz\u00e9cs\u00e9nyi Attila Zsolt Nihon \u00dajpalotai Sportegyes\u00fclet Eln\u00f6k \/ Edz\u0151 \/ Versenyz\u0151 5 dan Wado-Ryu Karate 3 dan Okinawa Kobudo Telefon: 06 20 981-6038 Harcm\u0171v\u00e9szeti p\u00e1lyafut\u00e1somat 1978-ban kezdtem&#8230;<\/p>\n","protected":false},"author":3,"featured_media":5084,"parent":0,"menu_order":0,"comment_status":"closed","ping_status":"closed","template":"","meta":{"_bbp_topic_count":0,"_bbp_reply_count":0,"_bbp_total_topic_count":0,"_bbp_total_reply_count":0,"_bbp_voice_count":0,"_bbp_anonymous_reply_count":0,"_bbp_topic_count_hidden":0,"_bbp_reply_count_hidden":0,"_bbp_forum_subforum_count":0,"_price":"","_stock":"","_tribe_ticket_header":"","_tribe_default_ticket_provider":"","_ticket_start_date":"","_ticket_end_date":"","_tribe_ticket_show_description":"","_tribe_ticket_show_not_going":false,"_tribe_ticket_use_global_stock":"","_tribe_ticket_global_stock_level":"","_global_stock_mode":"","_global_stock_cap":"","_tribe_rsvp_for_event":"","_tribe_ticket_going_count":"","_tribe_ticket_not_going_count":"","_tribe_tickets_list":"[]","_tribe_ticket_has_attendee_info_fields":false,"footnotes":"","_tec_slr_enabled":"","_tec_slr_layout":""},"class_list":["post-5072","page","type-page","status-publish","has-post-thumbnail","hentry"],"yoast_head":"<!-- This site is optimized with the Yoast SEO plugin v25.7 - https:\/\/yoast.com\/wordpress\/plugins\/seo\/ -->\n<title>KARATE - F\u00d3T SPORTEGYES\u00dcLET<\/title>\n<meta name=\"robots\" content=\"index, follow, max-snippet:-1, max-image-preview:large, max-video-preview:-1\" \/>\n<link rel=\"canonical\" href=\"https:\/\/fotsportegyesulet.hu\/index.php\/karate\/\" \/>\n<meta property=\"og:locale\" content=\"hu_HU\" \/>\n<meta property=\"og:type\" content=\"article\" \/>\n<meta property=\"og:title\" content=\"KARATE - F\u00d3T SPORTEGYES\u00dcLET\" \/>\n<meta property=\"og:description\" content=\"Karate szakoszt\u00e1ly Szakoszt\u00e1lyvezet\u0151: Sz\u00e9cs\u00e9nyi Attila Zsolt Nihon \u00dajpalotai Sportegyes\u00fclet Eln\u00f6k \/ Edz\u0151 \/ Versenyz\u0151 5 dan Wado-Ryu Karate 3 dan Okinawa Kobudo Telefon: 06 20 981-6038 Harcm\u0171v\u00e9szeti p\u00e1lyafut\u00e1somat 1978-ban kezdtem...\" \/>\n<meta property=\"og:url\" content=\"https:\/\/fotsportegyesulet.hu\/index.php\/karate\/\" \/>\n<meta property=\"og:site_name\" content=\"F\u00d3T SPORTEGYES\u00dcLET\" \/>\n<meta property=\"article:publisher\" content=\"https:\/\/www.facebook.com\/fotsportegyesulet\/\" \/>\n<meta property=\"article:modified_time\" content=\"2026-01-26T11:01:39+00:00\" \/>\n<meta property=\"og:image\" content=\"https:\/\/fotsportegyesulet.hu\/wp-content\/uploads\/2022\/08\/DSC3839.jpg\" \/>\n\t<meta property=\"og:image:width\" content=\"1200\" \/>\n\t<meta property=\"og:image:height\" content=\"800\" \/>\n\t<meta property=\"og:image:type\" content=\"image\/jpeg\" \/>\n<meta name=\"twitter:card\" content=\"summary_large_image\" \/>\n<meta name=\"twitter:label1\" content=\"Becs\u00fclt olvas\u00e1si id\u0151\" \/>\n\t<meta name=\"twitter:data1\" content=\"9 perc\" \/>\n<script type=\"application\/ld+json\" class=\"yoast-schema-graph\">{\"@context\":\"https:\/\/schema.org\",\"@graph\":[{\"@type\":\"WebPage\",\"@id\":\"https:\/\/fotsportegyesulet.hu\/index.php\/karate\/\",\"url\":\"https:\/\/fotsportegyesulet.hu\/index.php\/karate\/\",\"name\":\"KARATE - F\u00d3T SPORTEGYES\u00dcLET\",\"isPartOf\":{\"@id\":\"https:\/\/fotsportegyesulet.hu\/#website\"},\"primaryImageOfPage\":{\"@id\":\"https:\/\/fotsportegyesulet.hu\/index.php\/karate\/#primaryimage\"},\"image\":{\"@id\":\"https:\/\/fotsportegyesulet.hu\/index.php\/karate\/#primaryimage\"},\"thumbnailUrl\":\"https:\/\/fotsportegyesulet.hu\/wp-content\/uploads\/2022\/08\/DSC3839.jpg\",\"datePublished\":\"2022-08-19T15:41:21+00:00\",\"dateModified\":\"2026-01-26T11:01:39+00:00\",\"breadcrumb\":{\"@id\":\"https:\/\/fotsportegyesulet.hu\/index.php\/karate\/#breadcrumb\"},\"inLanguage\":\"hu\",\"potentialAction\":[{\"@type\":\"ReadAction\",\"target\":[\"https:\/\/fotsportegyesulet.hu\/index.php\/karate\/\"]}]},{\"@type\":\"ImageObject\",\"inLanguage\":\"hu\",\"@id\":\"https:\/\/fotsportegyesulet.hu\/index.php\/karate\/#primaryimage\",\"url\":\"https:\/\/fotsportegyesulet.hu\/wp-content\/uploads\/2022\/08\/DSC3839.jpg\",\"contentUrl\":\"https:\/\/fotsportegyesulet.hu\/wp-content\/uploads\/2022\/08\/DSC3839.jpg\",\"width\":1200,\"height\":800},{\"@type\":\"BreadcrumbList\",\"@id\":\"https:\/\/fotsportegyesulet.hu\/index.php\/karate\/#breadcrumb\",\"itemListElement\":[{\"@type\":\"ListItem\",\"position\":1,\"name\":\"Kezd\u0151lap\",\"item\":\"https:\/\/fotsportegyesulet.hu\/\"},{\"@type\":\"ListItem\",\"position\":2,\"name\":\"KARATE\"}]},{\"@type\":\"WebSite\",\"@id\":\"https:\/\/fotsportegyesulet.hu\/#website\",\"url\":\"https:\/\/fotsportegyesulet.hu\/\",\"name\":\"F\u00d3T SPORTEGYES\u00dcLET\",\"description\":\"\",\"publisher\":{\"@id\":\"https:\/\/fotsportegyesulet.hu\/#organization\"},\"potentialAction\":[{\"@type\":\"SearchAction\",\"target\":{\"@type\":\"EntryPoint\",\"urlTemplate\":\"https:\/\/fotsportegyesulet.hu\/?s={search_term_string}\"},\"query-input\":{\"@type\":\"PropertyValueSpecification\",\"valueRequired\":true,\"valueName\":\"search_term_string\"}}],\"inLanguage\":\"hu\"},{\"@type\":\"Organization\",\"@id\":\"https:\/\/fotsportegyesulet.hu\/#organization\",\"name\":\"F\u00f3t Sportegyes\u00fclet\",\"url\":\"https:\/\/fotsportegyesulet.hu\/\",\"logo\":{\"@type\":\"ImageObject\",\"inLanguage\":\"hu\",\"@id\":\"https:\/\/fotsportegyesulet.hu\/#\/schema\/logo\/image\/\",\"url\":\"https:\/\/fotsportegyesulet.hu\/wp-content\/uploads\/2020\/07\/eredeti-sz\u00ednes-vektoros-Fot-cimer-3.png\",\"contentUrl\":\"https:\/\/fotsportegyesulet.hu\/wp-content\/uploads\/2020\/07\/eredeti-sz\u00ednes-vektoros-Fot-cimer-3.png\",\"width\":500,\"height\":500,\"caption\":\"F\u00f3t Sportegyes\u00fclet\"},\"image\":{\"@id\":\"https:\/\/fotsportegyesulet.hu\/#\/schema\/logo\/image\/\"},\"sameAs\":[\"https:\/\/www.facebook.com\/fotsportegyesulet\/\"]}]}<\/script>\n<!-- \/ Yoast SEO plugin. -->","yoast_head_json":{"title":"KARATE - F\u00d3T SPORTEGYES\u00dcLET","robots":{"index":"index","follow":"follow","max-snippet":"max-snippet:-1","max-image-preview":"max-image-preview:large","max-video-preview":"max-video-preview:-1"},"canonical":"https:\/\/fotsportegyesulet.hu\/index.php\/karate\/","og_locale":"hu_HU","og_type":"article","og_title":"KARATE - F\u00d3T SPORTEGYES\u00dcLET","og_description":"Karate szakoszt\u00e1ly Szakoszt\u00e1lyvezet\u0151: Sz\u00e9cs\u00e9nyi Attila Zsolt Nihon \u00dajpalotai Sportegyes\u00fclet Eln\u00f6k \/ Edz\u0151 \/ Versenyz\u0151 5 dan Wado-Ryu Karate 3 dan Okinawa Kobudo Telefon: 06 20 981-6038 Harcm\u0171v\u00e9szeti p\u00e1lyafut\u00e1somat 1978-ban kezdtem...","og_url":"https:\/\/fotsportegyesulet.hu\/index.php\/karate\/","og_site_name":"F\u00d3T SPORTEGYES\u00dcLET","article_publisher":"https:\/\/www.facebook.com\/fotsportegyesulet\/","article_modified_time":"2026-01-26T11:01:39+00:00","og_image":[{"width":1200,"height":800,"url":"https:\/\/fotsportegyesulet.hu\/wp-content\/uploads\/2022\/08\/DSC3839.jpg","type":"image\/jpeg"}],"twitter_card":"summary_large_image","twitter_misc":{"Becs\u00fclt olvas\u00e1si id\u0151":"9 perc"},"schema":{"@context":"https:\/\/schema.org","@graph":[{"@type":"WebPage","@id":"https:\/\/fotsportegyesulet.hu\/index.php\/karate\/","url":"https:\/\/fotsportegyesulet.hu\/index.php\/karate\/","name":"KARATE - F\u00d3T SPORTEGYES\u00dcLET","isPartOf":{"@id":"https:\/\/fotsportegyesulet.hu\/#website"},"primaryImageOfPage":{"@id":"https:\/\/fotsportegyesulet.hu\/index.php\/karate\/#primaryimage"},"image":{"@id":"https:\/\/fotsportegyesulet.hu\/index.php\/karate\/#primaryimage"},"thumbnailUrl":"https:\/\/fotsportegyesulet.hu\/wp-content\/uploads\/2022\/08\/DSC3839.jpg","datePublished":"2022-08-19T15:41:21+00:00","dateModified":"2026-01-26T11:01:39+00:00","breadcrumb":{"@id":"https:\/\/fotsportegyesulet.hu\/index.php\/karate\/#breadcrumb"},"inLanguage":"hu","potentialAction":[{"@type":"ReadAction","target":["https:\/\/fotsportegyesulet.hu\/index.php\/karate\/"]}]},{"@type":"ImageObject","inLanguage":"hu","@id":"https:\/\/fotsportegyesulet.hu\/index.php\/karate\/#primaryimage","url":"https:\/\/fotsportegyesulet.hu\/wp-content\/uploads\/2022\/08\/DSC3839.jpg","contentUrl":"https:\/\/fotsportegyesulet.hu\/wp-content\/uploads\/2022\/08\/DSC3839.jpg","width":1200,"height":800},{"@type":"BreadcrumbList","@id":"https:\/\/fotsportegyesulet.hu\/index.php\/karate\/#breadcrumb","itemListElement":[{"@type":"ListItem","position":1,"name":"Kezd\u0151lap","item":"https:\/\/fotsportegyesulet.hu\/"},{"@type":"ListItem","position":2,"name":"KARATE"}]},{"@type":"WebSite","@id":"https:\/\/fotsportegyesulet.hu\/#website","url":"https:\/\/fotsportegyesulet.hu\/","name":"F\u00d3T SPORTEGYES\u00dcLET","description":"","publisher":{"@id":"https:\/\/fotsportegyesulet.hu\/#organization"},"potentialAction":[{"@type":"SearchAction","target":{"@type":"EntryPoint","urlTemplate":"https:\/\/fotsportegyesulet.hu\/?s={search_term_string}"},"query-input":{"@type":"PropertyValueSpecification","valueRequired":true,"valueName":"search_term_string"}}],"inLanguage":"hu"},{"@type":"Organization","@id":"https:\/\/fotsportegyesulet.hu\/#organization","name":"F\u00f3t Sportegyes\u00fclet","url":"https:\/\/fotsportegyesulet.hu\/","logo":{"@type":"ImageObject","inLanguage":"hu","@id":"https:\/\/fotsportegyesulet.hu\/#\/schema\/logo\/image\/","url":"https:\/\/fotsportegyesulet.hu\/wp-content\/uploads\/2020\/07\/eredeti-sz\u00ednes-vektoros-Fot-cimer-3.png","contentUrl":"https:\/\/fotsportegyesulet.hu\/wp-content\/uploads\/2020\/07\/eredeti-sz\u00ednes-vektoros-Fot-cimer-3.png","width":500,"height":500,"caption":"F\u00f3t Sportegyes\u00fclet"},"image":{"@id":"https:\/\/fotsportegyesulet.hu\/#\/schema\/logo\/image\/"},"sameAs":["https:\/\/www.facebook.com\/fotsportegyesulet\/"]}]}},"ticketed":false,"_links":{"self":[{"href":"https:\/\/fotsportegyesulet.hu\/index.php\/wp-json\/wp\/v2\/pages\/5072","targetHints":{"allow":["GET"]}}],"collection":[{"href":"https:\/\/fotsportegyesulet.hu\/index.php\/wp-json\/wp\/v2\/pages"}],"about":[{"href":"https:\/\/fotsportegyesulet.hu\/index.php\/wp-json\/wp\/v2\/types\/page"}],"author":[{"embeddable":true,"href":"https:\/\/fotsportegyesulet.hu\/index.php\/wp-json\/wp\/v2\/users\/3"}],"replies":[{"embeddable":true,"href":"https:\/\/fotsportegyesulet.hu\/index.php\/wp-json\/wp\/v2\/comments?post=5072"}],"version-history":[{"count":21,"href":"https:\/\/fotsportegyesulet.hu\/index.php\/wp-json\/wp\/v2\/pages\/5072\/revisions"}],"predecessor-version":[{"id":15347,"href":"https:\/\/fotsportegyesulet.hu\/index.php\/wp-json\/wp\/v2\/pages\/5072\/revisions\/15347"}],"wp:featuredmedia":[{"embeddable":true,"href":"https:\/\/fotsportegyesulet.hu\/index.php\/wp-json\/wp\/v2\/media\/5084"}],"wp:attachment":[{"href":"https:\/\/fotsportegyesulet.hu\/index.php\/wp-json\/wp\/v2\/media?parent=5072"}],"curies":[{"name":"wp","href":"https:\/\/api.w.org\/{rel}","templated":true}]}}