{"id":4784,"date":"2022-07-17T21:00:39","date_gmt":"2022-07-17T19:00:39","guid":{"rendered":"https:\/\/fotsportegyesulet.hu\/?page_id=4784"},"modified":"2024-11-27T14:55:15","modified_gmt":"2024-11-27T13:55:15","slug":"ritmikus-gimnasztika","status":"publish","type":"page","link":"https:\/\/fotsportegyesulet.hu\/index.php\/ritmikus-gimnasztika\/","title":{"rendered":"RITMIKUS GIMNASZTIKA \u00c9S AGG"},"content":{"rendered":"<div id=\"pl-4784\"  class=\"panel-layout\" ><div id=\"pg-4784-0\"  class=\"panel-grid panel-no-style\" ><div id=\"pgc-4784-0-0\"  class=\"panel-grid-cell\" ><div id=\"panel-4784-0-0-0\" class=\"so-panel widget widget_text panel-first-child panel-last-child\" data-index=\"0\" ><h3 class=\"widget-title\">Ritmikus gimnasztika \u00e9s AGG szakoszt\u00e1ly<\/h3>\t\t\t<div class=\"textwidget\"><div>Szakoszt\u00e1lyvezet\u0151, edz\u0151:<strong> Pesti Andrea<\/strong><\/div>\n<div>\n<div>Mobil: 0620-542-3350<\/div>\n<div><\/div>\n<\/div>\n<div><\/div>\n<\/div>\n\t\t<\/div><\/div><div id=\"pgc-4784-0-1\"  class=\"panel-grid-cell\" ><div id=\"panel-4784-0-1-0\" class=\"so-panel widget widget_media_image panel-first-child panel-last-child\" data-index=\"1\" ><img loading=\"lazy\" decoding=\"async\" width=\"300\" height=\"300\" src=\"https:\/\/fotsportegyesulet.hu\/wp-content\/uploads\/2022\/07\/Pesti-Andrea-300x300.png\" class=\"image wp-image-4871  attachment-medium size-medium\" alt=\"\" style=\"max-width: 100%; height: auto;\" srcset=\"https:\/\/fotsportegyesulet.hu\/wp-content\/uploads\/2022\/07\/Pesti-Andrea-300x300.png 300w, https:\/\/fotsportegyesulet.hu\/wp-content\/uploads\/2022\/07\/Pesti-Andrea-150x150.png 150w, https:\/\/fotsportegyesulet.hu\/wp-content\/uploads\/2022\/07\/Pesti-Andrea.png 400w\" sizes=\"auto, (max-width: 300px) 100vw, 300px\" \/><\/div><\/div><\/div><div id=\"pg-4784-1\"  class=\"panel-grid panel-no-style\" ><div id=\"pgc-4784-1-0\"  class=\"panel-grid-cell\" ><div id=\"panel-4784-1-0-0\" class=\"so-panel widget widget_text panel-first-child\" data-index=\"2\" ><h3 class=\"widget-title\">Pesti Andrea edz\u0151<\/h3>\t\t\t<div class=\"textwidget\"><p>Pesti Andrea Ritmikus Gimnasztika \u00e9s AGG ut\u00e1np\u00f3tl\u00e1s szakedz\u0151, Eszt\u00e9tikus Csapatgimnasztika edz\u0151n\u0151, \u00e9s versenyb\u00edr\u00f3 vagyok. 1995. \u00f3ta foglalkozom kisl\u00e1nyok eszt\u00e9tikus testk\u00e9pz\u00e9s\u00e9vel. Tanulm\u00e1nyaimat a Testnevel\u00e9si F\u0151iskol\u00e1n, valamint a Pest megyei Sportakad\u00e9mi\u00e1n kezdtem. C\u00e9lom a koroszt\u00e1lynak megfelel\u0151 min\u0151s\u00e9gi, magas szint\u0171 gimnasztika oktat\u00e1sa. Szeretn\u00e9m, ha F\u00f3t v\u00e1ros \u00f3vod\u00e1s \u00e9s iskol\u00e1s kor\u00fa l\u00e1nyai megismern\u00e9k a legszebb n\u0151i sport\u00e1g alapjait, valamint a var\u00e1zslatos k\u00e9ziszerek haszn\u00e1lat\u00e1t. (karika, labda, szalag, buzog\u00e1ny.)<\/p>\n<p>C\u00e9lom tov\u00e1bb\u00e1, hogy a gimnasztika, mint t\u00f6megsport beker\u00fclj\u00f6n a\u00a0gyerekek mindennapi rutinj\u00e1ba, s \u00edgy v\u00e1ljon ez a gener\u00e1ci\u00f3 eg\u00e9szs\u00e9ges, rendszeres sportol\u00e1shoz szokott feln\u0151tt\u00e9.<\/p>\n<p>Term\u00e9szetesen van lehet\u0151s\u00e9g versenyz\u00e9sre is.<\/p>\n<p>A F\u00f3t SE Ritmikus Gimnasztika \u00e9s AGG szakoszt\u00e1lya h\u00e1rom szaksz\u00f6vets\u00e9ggel \u00e1ll kapcsolatban, \u00edgy mindh\u00e1rom Sz\u00f6vets\u00e9gi versenyrendszerben jelen vagyunk, \u00e9s versenycsapatunk AGG Bajnoki c\u00edmmel is rendelkezik.<br \/>\n1. Ritmikus gimnasztika klubk\u00f6zi versenyek<br \/>\n2. Pannon AGG Eszt\u00e9tikus Csapatgimnasztika Sportsz\u00f6vets\u00e9g<br \/>\n3. M\u0171v\u00e9szi Gimnasztika Szabadid\u0151sport Sz\u00f6vets\u00e9g<\/p>\n<p>Sportsikereim:\u00a01995 \u00f3ta az edz\u00e9seimr\u0151l 3 torn\u00e1sz ker\u00fclt be a ritmikus gimnasztika v\u00e1logatott keret tagjai k\u00f6z\u00e9:<br \/>\nVass D\u00f3ra, T\u00f3th Merc\u00e9desz, M\u00e1j Cintia<\/p>\n<ol start=\"2022\">\n<li>m\u00e1jus\u00e1t\u00f3l pedig sz\u00e1mos versenyen vett\u00fcnk r\u00e9szt.<\/li>\n<\/ol>\n<p>A legb\u00fcszk\u00e9bb a Pannon AGG Sz\u00f6vets\u00e9g \u00e1ltal rendezett OB-n a\u00a012-14 \u00e9ves \u00e9s a 6-8 \u00e9ves koroszt\u00e1ly\u00fa csapatommal Orsz\u00e1gos Bajnokok lett\u00fcnk!<\/p>\n<\/div>\n\t\t<\/div><div id=\"panel-4784-1-0-1\" class=\"so-panel widget widget_text\" data-index=\"3\" ><h3 class=\"widget-title\">Edz\u00e9sek id\u0151pontja, helysz\u00ednek:<\/h3>\t\t\t<div class=\"textwidget\"><\/div>\n\t\t<\/div><div id=\"panel-4784-1-0-2\" class=\"so-panel widget widget_text panel-last-child\" data-index=\"4\" ><h3 class=\"widget-title\">Tagd\u00edj:<\/h3>\t\t\t<div class=\"textwidget\"><div><\/div>\n<div>\n<div><\/div>\n<\/div>\n<\/div>\n\t\t<\/div><\/div><\/div><div id=\"pg-4784-2\"  class=\"panel-grid panel-no-style\" ><div id=\"pgc-4784-2-0\"  class=\"panel-grid-cell\" ><div id=\"panel-4784-2-0-0\" class=\"so-panel widget widget_sporty-gridposts-widget panel-first-child panel-last-child\" data-index=\"5\" ><div class=\"masonry-grid\">\n<div id=\"two-columns\" data-columns> \n<article class=\"post\">\n    <div class=\"post-15724 post type-post status-publish format-standard has-post-thumbnail hentry category-hirek category-ritmikus-gimnasztika\"  id=\"post-15724\">\n      \n    <figure>\n         \n        <ul class=\"sporty-masonry-cats\">\n            <li><a href=\"https:\/\/fotsportegyesulet.hu\/index.php\/category\/hirek\/\" rel=\"category tag\">H\u00edrek<\/a><\/li><li><a href=\"https:\/\/fotsportegyesulet.hu\/index.php\/category\/ritmikus-gimnasztika\/\" rel=\"category tag\">Ritmikus gimnasztika<\/a><\/li>\n        <\/ul>\n                <a href=\"https:\/\/fotsportegyesulet.hu\/index.php\/2026\/04\/27\/sikeres-szereples-az-orszagos-bajnoksagon\/\">\n            <img decoding=\"async\" src=\"https:\/\/fotsportegyesulet.hu\/wp-content\/uploads\/2026\/04\/kiemelt1.jpg\" alt=\"Sikeres szerepl\u00e9s az Orsz\u00e1gos Bajnoks\u00e1gon\" \/>\n        <\/a>\n    <\/figure>\n            <div class=\"postbox\">  \n            <div class=\"date-without-thumb\"><a class=\"postbox-date\" href=\"https:\/\/fotsportegyesulet.hu\/index.php\/2026\/04\/27\/sikeres-szereples-az-orszagos-bajnoksagon\/\">2026.04.27.<\/a><\/div>\n            <h3>\n                <a href=\"https:\/\/fotsportegyesulet.hu\/index.php\/2026\/04\/27\/sikeres-szereples-az-orszagos-bajnoksagon\/\">Sikeres szerepl\u00e9s az Orsz\u00e1gos Bajnoks\u00e1gon<\/a>\n            <\/h3>\n            <p>Dobog\u00f3s helyek \u00e9s \u00e9letre sz\u00f3l\u00f3 \u00e9lm\u00e9nyek &#8211; RG \u00e9s AGG a f\u00f3ti OB-n.<\/p>\n        <\/div>    \n    <\/div>\n<\/article><article class=\"post\">\n    <div class=\"post-15690 post type-post status-publish format-standard has-post-thumbnail hentry category-hirek\"  id=\"post-15690\">\n      \n    <figure>\n         \n        <ul class=\"sporty-masonry-cats\">\n            <li><a href=\"https:\/\/fotsportegyesulet.hu\/index.php\/category\/hirek\/\" rel=\"category tag\">H\u00edrek<\/a><\/li>\n        <\/ul>\n                <a href=\"https:\/\/fotsportegyesulet.hu\/index.php\/2026\/04\/23\/formaba-lendulve-celra-tartva\/\">\n            <img decoding=\"async\" src=\"https:\/\/fotsportegyesulet.hu\/wp-content\/uploads\/2026\/04\/956x455-csapatkep.jpg\" alt=\"Form\u00e1ba lend\u00fclve, c\u00e9lra tartva!\" \/>\n        <\/a>\n    <\/figure>\n            <div class=\"postbox\">  \n            <div class=\"date-without-thumb\"><a class=\"postbox-date\" href=\"https:\/\/fotsportegyesulet.hu\/index.php\/2026\/04\/23\/formaba-lendulve-celra-tartva\/\">2026.04.23.<\/a><\/div>\n            <h3>\n                <a href=\"https:\/\/fotsportegyesulet.hu\/index.php\/2026\/04\/23\/formaba-lendulve-celra-tartva\/\">Form\u00e1ba lend\u00fclve, c\u00e9lra tartva!<\/a>\n            <\/h3>\n            <p>M\u00e1rciusi k\u00f6rk\u00e9p a F\u00f3t SE I-es labdar\u00fag\u00f3 csapat\u00e1n\u00e1l.<\/p>\n        <\/div>    \n    <\/div>\n<\/article><article class=\"post\">\n    <div class=\"post-15683 post type-post status-publish format-standard has-post-thumbnail hentry category-hirek\"  id=\"post-15683\">\n      \n    <figure>\n         \n        <ul class=\"sporty-masonry-cats\">\n            <li><a href=\"https:\/\/fotsportegyesulet.hu\/index.php\/category\/hirek\/\" rel=\"category tag\">H\u00edrek<\/a><\/li>\n        <\/ul>\n                <a href=\"https:\/\/fotsportegyesulet.hu\/index.php\/2026\/04\/21\/mindig-van-meg-benne-tobb\/\">\n            <img decoding=\"async\" src=\"https:\/\/fotsportegyesulet.hu\/wp-content\/uploads\/2026\/04\/956x455.jpg\" alt=\"Mindig van m\u00e9g benne t\u00f6bb!\" \/>\n        <\/a>\n    <\/figure>\n            <div class=\"postbox\">  \n            <div class=\"date-without-thumb\"><a class=\"postbox-date\" href=\"https:\/\/fotsportegyesulet.hu\/index.php\/2026\/04\/21\/mindig-van-meg-benne-tobb\/\">2026.04.21.<\/a><\/div>\n            <h3>\n                <a href=\"https:\/\/fotsportegyesulet.hu\/index.php\/2026\/04\/21\/mindig-van-meg-benne-tobb\/\">Mindig van m\u00e9g benne t\u00f6bb!<\/a>\n            <\/h3>\n            <p>Mezey Keve m\u00e1rciusban a h\u00f3nap j\u00e1t\u00e9kosa.<\/p>\n        <\/div>    \n    <\/div>\n<\/article><article class=\"post\">\n    <div class=\"post-15657 post type-post status-publish format-standard has-post-thumbnail hentry category-atletika category-hirek category-kiemelt-hir category-kosarlabda category-labdarugas category-modern-tanc category-ritmikus-gimnasztika\"  id=\"post-15657\">\n      \n    <figure>\n         \n        <ul class=\"sporty-masonry-cats\">\n            <li><a href=\"https:\/\/fotsportegyesulet.hu\/index.php\/category\/atletika\/\" rel=\"category tag\">Atl\u00e9tika<\/a><\/li><li><a href=\"https:\/\/fotsportegyesulet.hu\/index.php\/category\/hirek\/\" rel=\"category tag\">H\u00edrek<\/a><\/li><li><a href=\"https:\/\/fotsportegyesulet.hu\/index.php\/category\/kiemelt-hir\/\" rel=\"category tag\">Kiemelt h\u00edr<\/a><\/li><li><a href=\"https:\/\/fotsportegyesulet.hu\/index.php\/category\/kosarlabda\/\" rel=\"category tag\">Kos\u00e1rlabda<\/a><\/li><li><a href=\"https:\/\/fotsportegyesulet.hu\/index.php\/category\/labdarugas\/\" rel=\"category tag\">Labdar\u00fag\u00e1s<\/a><\/li><li><a href=\"https:\/\/fotsportegyesulet.hu\/index.php\/category\/modern-tanc\/\" rel=\"category tag\">Modern t\u00e1nc<\/a><\/li><li><a href=\"https:\/\/fotsportegyesulet.hu\/index.php\/category\/ritmikus-gimnasztika\/\" rel=\"category tag\">Ritmikus gimnasztika<\/a><\/li>\n        <\/ul>\n                <a href=\"https:\/\/fotsportegyesulet.hu\/index.php\/2026\/04\/08\/legy-reszese-te-is-nyari-sport-taborainknak\/\">\n            <img decoding=\"async\" src=\"https:\/\/fotsportegyesulet.hu\/wp-content\/uploads\/2026\/04\/group-childrens-having-fun-park.jpg\" alt=\"L\u00e9gy r\u00e9szese Te is ny\u00e1ri sport t\u00e1borainknak!\" \/>\n        <\/a>\n    <\/figure>\n            <div class=\"postbox\">  \n            <div class=\"date-without-thumb\"><a class=\"postbox-date\" href=\"https:\/\/fotsportegyesulet.hu\/index.php\/2026\/04\/08\/legy-reszese-te-is-nyari-sport-taborainknak\/\">2026.04.08.<\/a><\/div>\n            <h3>\n                <a href=\"https:\/\/fotsportegyesulet.hu\/index.php\/2026\/04\/08\/legy-reszese-te-is-nyari-sport-taborainknak\/\">L\u00e9gy r\u00e9szese Te is ny\u00e1ri sport t\u00e1borainknak!<\/a>\n            <\/h3>\n            <p>Szeretettek v\u00e1rjuk a gyerekeket j\u00e1t\u00e9kos-sportos t\u00e1borainkba!<\/p>\n        <\/div>    \n    <\/div>\n<\/article><article class=\"post\">\n    <div class=\"post-15619 post type-post status-publish format-standard has-post-thumbnail hentry category-atletika category-hirek\"  id=\"post-15619\">\n      \n    <figure>\n         \n        <ul class=\"sporty-masonry-cats\">\n            <li><a href=\"https:\/\/fotsportegyesulet.hu\/index.php\/category\/atletika\/\" rel=\"category tag\">Atl\u00e9tika<\/a><\/li><li><a href=\"https:\/\/fotsportegyesulet.hu\/index.php\/category\/hirek\/\" rel=\"category tag\">H\u00edrek<\/a><\/li>\n        <\/ul>\n                <a href=\"https:\/\/fotsportegyesulet.hu\/index.php\/2026\/03\/30\/foti-versenyzok-a-vivicitta-futoversenyen\/\">\n            <img decoding=\"async\" src=\"https:\/\/fotsportegyesulet.hu\/wp-content\/uploads\/2026\/03\/440749f4628a5e6c0dc677277e867c40.jpg\" alt=\"F\u00f3ti versenyz\u0151k a Vivicitt\u00e1 fut\u00f3versenyen\" \/>\n        <\/a>\n    <\/figure>\n            <div class=\"postbox\">  \n            <div class=\"date-without-thumb\"><a class=\"postbox-date\" href=\"https:\/\/fotsportegyesulet.hu\/index.php\/2026\/03\/30\/foti-versenyzok-a-vivicitta-futoversenyen\/\">2026.03.30.<\/a><\/div>\n            <h3>\n                <a href=\"https:\/\/fotsportegyesulet.hu\/index.php\/2026\/03\/30\/foti-versenyzok-a-vivicitta-futoversenyen\/\">F\u00f3ti versenyz\u0151k a Vivicitt\u00e1 fut\u00f3versenyen<\/a>\n            <\/h3>\n            <p>T\u00f6bb, mint 20 atl\u00e9t\u00e1val \u00e1llt rajthoz az FSE  03. 21-\u00e9n a Margitszigeten<\/p>\n        <\/div>    \n    <\/div>\n<\/article><article class=\"post\">\n    <div class=\"post-15615 post type-post status-publish format-standard has-post-thumbnail hentry category-hirek category-judo\"  id=\"post-15615\">\n      \n    <figure>\n         \n        <ul class=\"sporty-masonry-cats\">\n            <li><a href=\"https:\/\/fotsportegyesulet.hu\/index.php\/category\/hirek\/\" rel=\"category tag\">H\u00edrek<\/a><\/li><li><a href=\"https:\/\/fotsportegyesulet.hu\/index.php\/category\/judo\/\" rel=\"category tag\">Judo<\/a><\/li>\n        <\/ul>\n                <a href=\"https:\/\/fotsportegyesulet.hu\/index.php\/2026\/03\/26\/fse-siker-a-sosz-hiszek-benned-palyazatan-2026-ban-is\/\">\n            <img decoding=\"async\" src=\"https:\/\/fotsportegyesulet.hu\/wp-content\/uploads\/2025\/03\/kiemelet-kep-_-956_446.jpg\" alt=\"FSE siker a SOSZ Hiszek Benned p\u00e1ly\u00e1zat\u00e1n\" \/>\n        <\/a>\n    <\/figure>\n            <div class=\"postbox\">  \n            <div class=\"date-without-thumb\"><a class=\"postbox-date\" href=\"https:\/\/fotsportegyesulet.hu\/index.php\/2026\/03\/26\/fse-siker-a-sosz-hiszek-benned-palyazatan-2026-ban-is\/\">2026.03.26.<\/a><\/div>\n            <h3>\n                <a href=\"https:\/\/fotsportegyesulet.hu\/index.php\/2026\/03\/26\/fse-siker-a-sosz-hiszek-benned-palyazatan-2026-ban-is\/\">FSE siker a SOSZ Hiszek Benned p\u00e1ly\u00e1zat\u00e1n<\/a>\n            <\/h3>\n            <p>A befolyt \u00f6sszegb\u0151l k\u00e9t szakoszt\u00e1lyunk kapott t\u00e1mogat\u00e1st.<\/p>\n        <\/div>    \n    <\/div>\n<\/article><article class=\"post\">\n    <div class=\"post-15543 post type-post status-publish format-standard has-post-thumbnail hentry category-hirek category-labdarugas\"  id=\"post-15543\">\n      \n    <figure>\n         \n        <ul class=\"sporty-masonry-cats\">\n            <li><a href=\"https:\/\/fotsportegyesulet.hu\/index.php\/category\/hirek\/\" rel=\"category tag\">H\u00edrek<\/a><\/li><li><a href=\"https:\/\/fotsportegyesulet.hu\/index.php\/category\/labdarugas\/\" rel=\"category tag\">Labdar\u00fag\u00e1s<\/a><\/li>\n        <\/ul>\n                <a href=\"https:\/\/fotsportegyesulet.hu\/index.php\/2026\/03\/20\/elso-nemzetkozi-focikupa-foton\/\">\n            <img decoding=\"async\" src=\"https:\/\/fotsportegyesulet.hu\/wp-content\/uploads\/2026\/03\/kiemelt-kep.jpg\" alt=\"Els\u0151 nemzetk\u00f6zi focikupa az FSE p\u00e1ly\u00e1in\" \/>\n        <\/a>\n    <\/figure>\n            <div class=\"postbox\">  \n            <div class=\"date-without-thumb\"><a class=\"postbox-date\" href=\"https:\/\/fotsportegyesulet.hu\/index.php\/2026\/03\/20\/elso-nemzetkozi-focikupa-foton\/\">2026.03.20.<\/a><\/div>\n            <h3>\n                <a href=\"https:\/\/fotsportegyesulet.hu\/index.php\/2026\/03\/20\/elso-nemzetkozi-focikupa-foton\/\">Els\u0151 nemzetk\u00f6zi focikupa az FSE p\u00e1ly\u00e1in<\/a>\n            <\/h3>\n            <p>Ut\u00e1np\u00f3tl\u00e1s n\u00f6vend\u00e9keink nemzetk\u00f6zi torn\u00e1n m\u00e9rett\u00e9k meg magukat F\u00f3ton.<\/p>\n        <\/div>    \n    <\/div>\n<\/article><article class=\"post\">\n    <div class=\"post-15517 post type-post status-publish format-standard has-post-thumbnail hentry category-hirek\"  id=\"post-15517\">\n      \n    <figure>\n         \n        <ul class=\"sporty-masonry-cats\">\n            <li><a href=\"https:\/\/fotsportegyesulet.hu\/index.php\/category\/hirek\/\" rel=\"category tag\">H\u00edrek<\/a><\/li>\n        <\/ul>\n                <a href=\"https:\/\/fotsportegyesulet.hu\/index.php\/2026\/03\/09\/masodik-kaposvari-edzotaboran-vett-reszt-a-fot-se\/\">\n            <img decoding=\"async\" src=\"https:\/\/fotsportegyesulet.hu\/wp-content\/uploads\/2026\/03\/956x455.jpg\" alt=\"F\u00f3t SE edz\u0151t\u00e1bor Kaposv\u00e1ron\" \/>\n        <\/a>\n    <\/figure>\n            <div class=\"postbox\">  \n            <div class=\"date-without-thumb\"><a class=\"postbox-date\" href=\"https:\/\/fotsportegyesulet.hu\/index.php\/2026\/03\/09\/masodik-kaposvari-edzotaboran-vett-reszt-a-fot-se\/\">2026.03.09.<\/a><\/div>\n            <h3>\n                <a href=\"https:\/\/fotsportegyesulet.hu\/index.php\/2026\/03\/09\/masodik-kaposvari-edzotaboran-vett-reszt-a-fot-se\/\">F\u00f3t SE edz\u0151t\u00e1bor Kaposv\u00e1ron<\/a>\n            <\/h3>\n            <p>Hasznos felk\u00e9sz\u00fcl\u00e9s a tavaszi rajt el\u0151tt!<\/p>\n        <\/div>    \n    <\/div>\n<\/article><article class=\"post\">\n    <div class=\"post-15470 post type-post status-publish format-standard has-post-thumbnail hentry category-atletika category-hirek\"  id=\"post-15470\">\n      \n    <figure>\n         \n        <ul class=\"sporty-masonry-cats\">\n            <li><a href=\"https:\/\/fotsportegyesulet.hu\/index.php\/category\/atletika\/\" rel=\"category tag\">Atl\u00e9tika<\/a><\/li><li><a href=\"https:\/\/fotsportegyesulet.hu\/index.php\/category\/hirek\/\" rel=\"category tag\">H\u00edrek<\/a><\/li>\n        <\/ul>\n                <a href=\"https:\/\/fotsportegyesulet.hu\/index.php\/2026\/03\/06\/4-nap-futas-egy-balaton-kor\/\">\n            <img decoding=\"async\" src=\"https:\/\/fotsportegyesulet.hu\/wp-content\/uploads\/2026\/03\/IMG_0303.jpg\" alt=\"4 nap fut\u00e1s &#8211; egy Balaton k\u00f6r\" \/>\n        <\/a>\n    <\/figure>\n            <div class=\"postbox\">  \n            <div class=\"date-without-thumb\"><a class=\"postbox-date\" href=\"https:\/\/fotsportegyesulet.hu\/index.php\/2026\/03\/06\/4-nap-futas-egy-balaton-kor\/\">2026.03.06.<\/a><\/div>\n            <h3>\n                <a href=\"https:\/\/fotsportegyesulet.hu\/index.php\/2026\/03\/06\/4-nap-futas-egy-balaton-kor\/\">4 nap fut\u00e1s &#8211; egy Balaton k\u00f6r<\/a>\n            <\/h3>\n            <p>Az FSE atl\u00e9tika versenyz\u0151i megker\u00fclt\u00e9k a Balatont!<\/p>\n        <\/div>    \n    <\/div>\n<\/article><article class=\"post\">\n    <div class=\"post-15449 post type-post status-publish format-standard has-post-thumbnail hentry category-hirek category-ritmikus-gimnasztika\"  id=\"post-15449\">\n      \n    <figure>\n         \n        <ul class=\"sporty-masonry-cats\">\n            <li><a href=\"https:\/\/fotsportegyesulet.hu\/index.php\/category\/hirek\/\" rel=\"category tag\">H\u00edrek<\/a><\/li><li><a href=\"https:\/\/fotsportegyesulet.hu\/index.php\/category\/ritmikus-gimnasztika\/\" rel=\"category tag\">Ritmikus gimnasztika<\/a><\/li>\n        <\/ul>\n                <a href=\"https:\/\/fotsportegyesulet.hu\/index.php\/2026\/03\/03\/tavaszi-aranyeso-ritmikus-gimnasztika-szakosztalyunknal\/\">\n            <img decoding=\"async\" src=\"https:\/\/fotsportegyesulet.hu\/wp-content\/uploads\/2026\/03\/F1-1.jpg\" alt=\"Tavaszi aranyes\u0151 RG szakoszt\u00e1lyunkn\u00e1l!\" \/>\n        <\/a>\n    <\/figure>\n            <div class=\"postbox\">  \n            <div class=\"date-without-thumb\"><a class=\"postbox-date\" href=\"https:\/\/fotsportegyesulet.hu\/index.php\/2026\/03\/03\/tavaszi-aranyeso-ritmikus-gimnasztika-szakosztalyunknal\/\">2026.03.03.<\/a><\/div>\n            <h3>\n                <a href=\"https:\/\/fotsportegyesulet.hu\/index.php\/2026\/03\/03\/tavaszi-aranyeso-ritmikus-gimnasztika-szakosztalyunknal\/\">Tavaszi aranyes\u0151 RG szakoszt\u00e1lyunkn\u00e1l!<\/a>\n            <\/h3>\n            <p>7 arany, 3 ez\u00fcst \u00e9s egy k\u00fcl\u00f6nd\u00edj egyetlen versenyen!<\/p>\n        <\/div>    \n    <\/div>\n<\/article><\/div>\n<\/div>    \n<\/div><\/div><div id=\"pgc-4784-2-1\"  class=\"panel-grid-cell\" ><div id=\"panel-4784-2-1-0\" class=\"so-panel widget panel-first-child panel-last-child\" data-index=\"6\" ><\/div><\/div><\/div><\/div>","protected":false},"excerpt":{"rendered":"<p>Ritmikus gimnasztika \u00e9s AGG szakoszt\u00e1ly Szakoszt\u00e1lyvezet\u0151, edz\u0151: Pesti Andrea Mobil: 0620-542-3350 Pesti Andrea edz\u0151 Pesti Andrea Ritmikus Gimnasztika \u00e9s AGG ut\u00e1np\u00f3tl\u00e1s szakedz\u0151, Eszt\u00e9tikus Csapatgimnasztika edz\u0151n\u0151, \u00e9s versenyb\u00edr\u00f3 vagyok. 1995. \u00f3ta&#8230;<\/p>\n","protected":false},"author":3,"featured_media":0,"parent":0,"menu_order":0,"comment_status":"closed","ping_status":"closed","template":"","meta":{"_bbp_topic_count":0,"_bbp_reply_count":0,"_bbp_total_topic_count":0,"_bbp_total_reply_count":0,"_bbp_voice_count":0,"_bbp_anonymous_reply_count":0,"_bbp_topic_count_hidden":0,"_bbp_reply_count_hidden":0,"_bbp_forum_subforum_count":0,"_price":"","_stock":"","_tribe_ticket_header":"","_tribe_default_ticket_provider":"","_ticket_start_date":"","_ticket_end_date":"","_tribe_ticket_show_description":"","_tribe_ticket_show_not_going":false,"_tribe_ticket_use_global_stock":"","_tribe_ticket_global_stock_level":"","_global_stock_mode":"","_global_stock_cap":"","_tribe_rsvp_for_event":"","_tribe_ticket_going_count":"","_tribe_ticket_not_going_count":"","_tribe_tickets_list":"[]","_tribe_ticket_has_attendee_info_fields":false,"footnotes":"","_tec_slr_enabled":"","_tec_slr_layout":""},"class_list":["post-4784","page","type-page","status-publish","hentry"],"yoast_head":"<!-- This site is optimized with the Yoast SEO plugin v25.7 - https:\/\/yoast.com\/wordpress\/plugins\/seo\/ -->\n<title>RITMIKUS GIMNASZTIKA \u00c9S AGG - F\u00d3T SPORTEGYES\u00dcLET<\/title>\n<meta name=\"robots\" content=\"index, follow, max-snippet:-1, max-image-preview:large, max-video-preview:-1\" \/>\n<link rel=\"canonical\" href=\"https:\/\/fotsportegyesulet.hu\/index.php\/ritmikus-gimnasztika\/\" \/>\n<meta property=\"og:locale\" content=\"hu_HU\" \/>\n<meta property=\"og:type\" content=\"article\" \/>\n<meta property=\"og:title\" content=\"RITMIKUS GIMNASZTIKA \u00c9S AGG - F\u00d3T SPORTEGYES\u00dcLET\" \/>\n<meta property=\"og:description\" content=\"Ritmikus gimnasztika \u00e9s AGG szakoszt\u00e1ly Szakoszt\u00e1lyvezet\u0151, edz\u0151: Pesti Andrea Mobil: 0620-542-3350 Pesti Andrea edz\u0151 Pesti Andrea Ritmikus Gimnasztika \u00e9s AGG ut\u00e1np\u00f3tl\u00e1s szakedz\u0151, Eszt\u00e9tikus Csapatgimnasztika edz\u0151n\u0151, \u00e9s versenyb\u00edr\u00f3 vagyok. 1995. \u00f3ta...\" \/>\n<meta property=\"og:url\" content=\"https:\/\/fotsportegyesulet.hu\/index.php\/ritmikus-gimnasztika\/\" \/>\n<meta property=\"og:site_name\" content=\"F\u00d3T SPORTEGYES\u00dcLET\" \/>\n<meta property=\"article:publisher\" content=\"https:\/\/www.facebook.com\/fotsportegyesulet\/\" \/>\n<meta property=\"article:modified_time\" content=\"2024-11-27T13:55:15+00:00\" \/>\n<meta property=\"og:image\" content=\"https:\/\/fotsportegyesulet.hu\/wp-content\/uploads\/2017\/04\/cimlap_minta.jpg\" \/>\n\t<meta property=\"og:image:width\" content=\"1200\" \/>\n\t<meta property=\"og:image:height\" content=\"628\" \/>\n\t<meta property=\"og:image:type\" content=\"image\/jpeg\" \/>\n<meta name=\"twitter:card\" content=\"summary_large_image\" \/>\n<meta name=\"twitter:label1\" content=\"Becs\u00fclt olvas\u00e1si id\u0151\" \/>\n\t<meta name=\"twitter:data1\" content=\"8 perc\" \/>\n<script type=\"application\/ld+json\" class=\"yoast-schema-graph\">{\"@context\":\"https:\/\/schema.org\",\"@graph\":[{\"@type\":\"WebPage\",\"@id\":\"https:\/\/fotsportegyesulet.hu\/index.php\/ritmikus-gimnasztika\/\",\"url\":\"https:\/\/fotsportegyesulet.hu\/index.php\/ritmikus-gimnasztika\/\",\"name\":\"RITMIKUS GIMNASZTIKA \u00c9S AGG - F\u00d3T SPORTEGYES\u00dcLET\",\"isPartOf\":{\"@id\":\"https:\/\/fotsportegyesulet.hu\/#website\"},\"datePublished\":\"2022-07-17T19:00:39+00:00\",\"dateModified\":\"2024-11-27T13:55:15+00:00\",\"breadcrumb\":{\"@id\":\"https:\/\/fotsportegyesulet.hu\/index.php\/ritmikus-gimnasztika\/#breadcrumb\"},\"inLanguage\":\"hu\",\"potentialAction\":[{\"@type\":\"ReadAction\",\"target\":[\"https:\/\/fotsportegyesulet.hu\/index.php\/ritmikus-gimnasztika\/\"]}]},{\"@type\":\"BreadcrumbList\",\"@id\":\"https:\/\/fotsportegyesulet.hu\/index.php\/ritmikus-gimnasztika\/#breadcrumb\",\"itemListElement\":[{\"@type\":\"ListItem\",\"position\":1,\"name\":\"Kezd\u0151lap\",\"item\":\"https:\/\/fotsportegyesulet.hu\/\"},{\"@type\":\"ListItem\",\"position\":2,\"name\":\"RITMIKUS GIMNASZTIKA \u00c9S AGG\"}]},{\"@type\":\"WebSite\",\"@id\":\"https:\/\/fotsportegyesulet.hu\/#website\",\"url\":\"https:\/\/fotsportegyesulet.hu\/\",\"name\":\"F\u00d3T SPORTEGYES\u00dcLET\",\"description\":\"\",\"publisher\":{\"@id\":\"https:\/\/fotsportegyesulet.hu\/#organization\"},\"potentialAction\":[{\"@type\":\"SearchAction\",\"target\":{\"@type\":\"EntryPoint\",\"urlTemplate\":\"https:\/\/fotsportegyesulet.hu\/?s={search_term_string}\"},\"query-input\":{\"@type\":\"PropertyValueSpecification\",\"valueRequired\":true,\"valueName\":\"search_term_string\"}}],\"inLanguage\":\"hu\"},{\"@type\":\"Organization\",\"@id\":\"https:\/\/fotsportegyesulet.hu\/#organization\",\"name\":\"F\u00f3t Sportegyes\u00fclet\",\"url\":\"https:\/\/fotsportegyesulet.hu\/\",\"logo\":{\"@type\":\"ImageObject\",\"inLanguage\":\"hu\",\"@id\":\"https:\/\/fotsportegyesulet.hu\/#\/schema\/logo\/image\/\",\"url\":\"https:\/\/fotsportegyesulet.hu\/wp-content\/uploads\/2020\/07\/eredeti-sz\u00ednes-vektoros-Fot-cimer-3.png\",\"contentUrl\":\"https:\/\/fotsportegyesulet.hu\/wp-content\/uploads\/2020\/07\/eredeti-sz\u00ednes-vektoros-Fot-cimer-3.png\",\"width\":500,\"height\":500,\"caption\":\"F\u00f3t Sportegyes\u00fclet\"},\"image\":{\"@id\":\"https:\/\/fotsportegyesulet.hu\/#\/schema\/logo\/image\/\"},\"sameAs\":[\"https:\/\/www.facebook.com\/fotsportegyesulet\/\"]}]}<\/script>\n<!-- \/ Yoast SEO plugin. -->","yoast_head_json":{"title":"RITMIKUS GIMNASZTIKA \u00c9S AGG - F\u00d3T SPORTEGYES\u00dcLET","robots":{"index":"index","follow":"follow","max-snippet":"max-snippet:-1","max-image-preview":"max-image-preview:large","max-video-preview":"max-video-preview:-1"},"canonical":"https:\/\/fotsportegyesulet.hu\/index.php\/ritmikus-gimnasztika\/","og_locale":"hu_HU","og_type":"article","og_title":"RITMIKUS GIMNASZTIKA \u00c9S AGG - F\u00d3T SPORTEGYES\u00dcLET","og_description":"Ritmikus gimnasztika \u00e9s AGG szakoszt\u00e1ly Szakoszt\u00e1lyvezet\u0151, edz\u0151: Pesti Andrea Mobil: 0620-542-3350 Pesti Andrea edz\u0151 Pesti Andrea Ritmikus Gimnasztika \u00e9s AGG ut\u00e1np\u00f3tl\u00e1s szakedz\u0151, Eszt\u00e9tikus Csapatgimnasztika edz\u0151n\u0151, \u00e9s versenyb\u00edr\u00f3 vagyok. 1995. \u00f3ta...","og_url":"https:\/\/fotsportegyesulet.hu\/index.php\/ritmikus-gimnasztika\/","og_site_name":"F\u00d3T SPORTEGYES\u00dcLET","article_publisher":"https:\/\/www.facebook.com\/fotsportegyesulet\/","article_modified_time":"2024-11-27T13:55:15+00:00","og_image":[{"width":1200,"height":628,"url":"https:\/\/fotsportegyesulet.hu\/wp-content\/uploads\/2017\/04\/cimlap_minta.jpg","type":"image\/jpeg"}],"twitter_card":"summary_large_image","twitter_misc":{"Becs\u00fclt olvas\u00e1si id\u0151":"8 perc"},"schema":{"@context":"https:\/\/schema.org","@graph":[{"@type":"WebPage","@id":"https:\/\/fotsportegyesulet.hu\/index.php\/ritmikus-gimnasztika\/","url":"https:\/\/fotsportegyesulet.hu\/index.php\/ritmikus-gimnasztika\/","name":"RITMIKUS GIMNASZTIKA \u00c9S AGG - F\u00d3T SPORTEGYES\u00dcLET","isPartOf":{"@id":"https:\/\/fotsportegyesulet.hu\/#website"},"datePublished":"2022-07-17T19:00:39+00:00","dateModified":"2024-11-27T13:55:15+00:00","breadcrumb":{"@id":"https:\/\/fotsportegyesulet.hu\/index.php\/ritmikus-gimnasztika\/#breadcrumb"},"inLanguage":"hu","potentialAction":[{"@type":"ReadAction","target":["https:\/\/fotsportegyesulet.hu\/index.php\/ritmikus-gimnasztika\/"]}]},{"@type":"BreadcrumbList","@id":"https:\/\/fotsportegyesulet.hu\/index.php\/ritmikus-gimnasztika\/#breadcrumb","itemListElement":[{"@type":"ListItem","position":1,"name":"Kezd\u0151lap","item":"https:\/\/fotsportegyesulet.hu\/"},{"@type":"ListItem","position":2,"name":"RITMIKUS GIMNASZTIKA \u00c9S AGG"}]},{"@type":"WebSite","@id":"https:\/\/fotsportegyesulet.hu\/#website","url":"https:\/\/fotsportegyesulet.hu\/","name":"F\u00d3T SPORTEGYES\u00dcLET","description":"","publisher":{"@id":"https:\/\/fotsportegyesulet.hu\/#organization"},"potentialAction":[{"@type":"SearchAction","target":{"@type":"EntryPoint","urlTemplate":"https:\/\/fotsportegyesulet.hu\/?s={search_term_string}"},"query-input":{"@type":"PropertyValueSpecification","valueRequired":true,"valueName":"search_term_string"}}],"inLanguage":"hu"},{"@type":"Organization","@id":"https:\/\/fotsportegyesulet.hu\/#organization","name":"F\u00f3t Sportegyes\u00fclet","url":"https:\/\/fotsportegyesulet.hu\/","logo":{"@type":"ImageObject","inLanguage":"hu","@id":"https:\/\/fotsportegyesulet.hu\/#\/schema\/logo\/image\/","url":"https:\/\/fotsportegyesulet.hu\/wp-content\/uploads\/2020\/07\/eredeti-sz\u00ednes-vektoros-Fot-cimer-3.png","contentUrl":"https:\/\/fotsportegyesulet.hu\/wp-content\/uploads\/2020\/07\/eredeti-sz\u00ednes-vektoros-Fot-cimer-3.png","width":500,"height":500,"caption":"F\u00f3t Sportegyes\u00fclet"},"image":{"@id":"https:\/\/fotsportegyesulet.hu\/#\/schema\/logo\/image\/"},"sameAs":["https:\/\/www.facebook.com\/fotsportegyesulet\/"]}]}},"ticketed":false,"_links":{"self":[{"href":"https:\/\/fotsportegyesulet.hu\/index.php\/wp-json\/wp\/v2\/pages\/4784","targetHints":{"allow":["GET"]}}],"collection":[{"href":"https:\/\/fotsportegyesulet.hu\/index.php\/wp-json\/wp\/v2\/pages"}],"about":[{"href":"https:\/\/fotsportegyesulet.hu\/index.php\/wp-json\/wp\/v2\/types\/page"}],"author":[{"embeddable":true,"href":"https:\/\/fotsportegyesulet.hu\/index.php\/wp-json\/wp\/v2\/users\/3"}],"replies":[{"embeddable":true,"href":"https:\/\/fotsportegyesulet.hu\/index.php\/wp-json\/wp\/v2\/comments?post=4784"}],"version-history":[{"count":15,"href":"https:\/\/fotsportegyesulet.hu\/index.php\/wp-json\/wp\/v2\/pages\/4784\/revisions"}],"predecessor-version":[{"id":12340,"href":"https:\/\/fotsportegyesulet.hu\/index.php\/wp-json\/wp\/v2\/pages\/4784\/revisions\/12340"}],"wp:attachment":[{"href":"https:\/\/fotsportegyesulet.hu\/index.php\/wp-json\/wp\/v2\/media?parent=4784"}],"curies":[{"name":"wp","href":"https:\/\/api.w.org\/{rel}","templated":true}]}}