{"id":3969,"date":"2022-05-10T16:38:37","date_gmt":"2022-05-10T14:38:37","guid":{"rendered":"https:\/\/fotsportegyesulet.hu\/?page_id=3969"},"modified":"2022-05-31T15:33:03","modified_gmt":"2022-05-31T13:33:03","slug":"foti-foci-fesztival-7-es-rugo-verseny","status":"publish","type":"page","link":"https:\/\/fotsportegyesulet.hu\/index.php\/foti-foci-fesztival-7-es-rugo-verseny\/","title":{"rendered":"F\u00f3ti Foci Fesztiv\u00e1l 7-es r\u00fag\u00f3 verseny"},"content":{"rendered":"<h2><img loading=\"lazy\" decoding=\"async\" class=\"aligncenter wp-image-4268 size-full\" src=\"https:\/\/fotsportegyesulet.hu\/wp-content\/uploads\/2022\/05\/2000x500-7es-v2.png\" alt=\"\" width=\"2000\" height=\"500\" srcset=\"https:\/\/fotsportegyesulet.hu\/wp-content\/uploads\/2022\/05\/2000x500-7es-v2.png 2000w, https:\/\/fotsportegyesulet.hu\/wp-content\/uploads\/2022\/05\/2000x500-7es-v2-300x75.png 300w, https:\/\/fotsportegyesulet.hu\/wp-content\/uploads\/2022\/05\/2000x500-7es-v2-1024x256.png 1024w, https:\/\/fotsportegyesulet.hu\/wp-content\/uploads\/2022\/05\/2000x500-7es-v2-768x192.png 768w, https:\/\/fotsportegyesulet.hu\/wp-content\/uploads\/2022\/05\/2000x500-7es-v2-1536x384.png 1536w\" sizes=\"auto, (max-width: 2000px) 100vw, 2000px\" \/><\/h2>\n<h2>Gyere el \u00e9s mutasd meg, hogy te vagy a legjobb 7-es r\u00fag\u00f3!<\/h2>\n<p>10:30-t\u00f3l kezd\u0151dik 2151 F\u00f3t, Kossuth L. utca 36., Balogh S\u00e1ndor Sportcentrumban saj\u00e1t 7-es r\u00fag\u00f3 verseny\u00fcnk, melyet 2 korcsoport sz\u00e1m\u00e1ra rendez\u00fcnk meg. Nincsen m\u00e1s dolgod, mint 7 m\u00e9terr\u0151l betal\u00e1lni a kapuba!<\/p>\n<h3>Korcsoportjaink:<\/h3>\n<ul>\n<li>Junior kateg\u00f3ri\u00e1ba tartozik minden 7. \u00e9let\u00e9v\u00e9t bet\u00f6lt\u00f6tt gyerek, de m\u00e9g 14. \u00e9let\u00e9v\u00e9t be nem t\u00f6lt\u00f6tt gyerek.<\/li>\n<li>Feln\u0151tt kateg\u00f3ri\u00e1ba tartozik mindenki, aki a 14. \u00e9let\u00e9v\u00e9t bet\u00f6lt\u00f6tte.<\/li>\n<\/ul>\n<p>Helysz\u00edn: Kis m\u0171f\u00fcves p\u00e1lya<\/p>\n<p><strong>Versenyek nyerem\u00e9nyei:<\/strong><br \/>\n7-es r\u00fag\u00f3 verseny\u00fcnk junior kateg\u00f3ri\u00e1j\u00e1nak nyertesei a k\u00f6vetkez\u0151 \u00e9rt\u00e9kes Football Factor aj\u00e1nd\u00e9k utalv\u00e1nyokat vihetik haza:<br \/>\n1. helyezett 30.000 Forint \u00e9rt\u00e9kben<br \/>\n2. helyezett 20.000 Forint \u00e9rt\u00e9kben<br \/>\n3. helyezett 10.000 Forint \u00e9rt\u00e9kben<\/p>\n<p>7-es r\u00fag\u00f3 verseny\u00fcnk feln\u0151tt kateg\u00f3ri\u00e1j\u00e1nak nyertesei a k\u00f6vetkez\u0151 \u00e9rt\u00e9kes Football Factor aj\u00e1nd\u00e9k utalv\u00e1nyokat vihetik haza:<br \/>\n1. helyezett 50.000 Forint \u00e9rt\u00e9kben<br \/>\n2. helyezett 30.000 Forint \u00e9rt\u00e9kben<br \/>\n3. helyezett 10.000 Forint \u00e9rt\u00e9kben<\/p>\n<h3>Nevez\u00e9s a 7-es r\u00fag\u00f3 verseny\u00fcnkre:<\/h3>\n<h3><strong><a href=\"https:\/\/forms.gle\/Fv2KNoxcAvkSy8kU6\" target=\"_blank\" rel=\"noopener\">Online el\u0151nevez\u00e9s &gt;&gt;&gt;<\/a><\/strong><\/h3>\n<h3><strong><a href=\"https:\/\/fotsportegyesulet.hu\/wp-content\/uploads\/2022\/05\/Foci-Fesztival-2022-nevezesi-lap.pdf\" target=\"_blank\" rel=\"noopener\">Let\u00f6lthet\u0151, kinyomtathat\u00f3 nevez\u00e9si lap &gt;&gt;&gt;<\/a><\/strong><\/h3>\n<p>A junior kateg\u00f3ria online nevez\u00e9si d\u00edja 1000 Forint, amely mag\u00e1ban foglalja a 7-es r\u00fag\u00f3 versenyt, a darts foci versenyt, fels\u0151 kapufa r\u00fag\u00f3 versenyt. Helysz\u00edni nevez\u00e9s eset\u00e9n 1500 Forint a nevez\u00e9si d\u00edj 14 \u00e9ves kor alatt.<\/p>\n<p>Az online nevez\u00e9s d\u00edja 14 \u00e9ves kor felett 2000 Forint, amely mag\u00e1ba foglalja a 7-es r\u00fag\u00f3 versenyt, a darts foci versenyt \u00e9s a fels\u0151 kapufa r\u00fag\u00f3 versenyt. Helysz\u00edni nevez\u00e9s eset\u00e9n 2500 Forint a nevez\u00e9si d\u00edj 14 \u00e9ves kor felett.<\/p>\n<h3>A nevez\u00e9s <a href=\"https:\/\/fotsportegyesulet.hu\/index.php\/foti-foci-fesztival-nevezes\/\" target=\"_blank\" rel=\"noopener\">tov\u00e1bbi r\u00e9szletei itt &gt;&gt;&gt;<\/a><\/h3>\n<h3>J\u00e1t\u00e9kszab\u00e1lyzat:<\/h3>\n<h3>Nincsen m\u00e1s dolgod, mint 7 m\u00e9terr\u0151l k\u00e9zilabda kapura r\u00fagni a labd\u00e1t, \u00e9s betal\u00e1lni 2 db pr\u00f3b\u00e1lkoz\u00e1sb\u00f3l!<\/h3>\n<ul>\n<li>2\/2 egyb\u0151l tov\u00e1bbjut<\/li>\n<li>2\/1 tov\u00e1bbjut\u00e1s\u00e9rt a v\u00e9g\u00e9n 1 pr\u00f3b\u00e1lkoz\u00e1s a tov\u00e1bbjut\u00e1s\u00e9rt<\/li>\n<li>2\/0 kiesik<\/li>\n<\/ul>\n<p>7-es r\u00fag\u00f3 verseny\u00fcnk f\u0151szab\u00e1lyak\u00e9nt minden versenyz\u0151 2 r\u00fag\u00e1sra jogosult. Abszol\u00fat tov\u00e1bbjut\u00f3k, akik 2 r\u00fag\u00e1sb\u00f3l mindkett\u0151t betal\u00e1lj\u00e1k a kapuba. Azok a versenyz\u0151k, akik 2 r\u00fag\u00e1sb\u00f3l csak 1-t tudnak bel\u0151ni a kapuba, egy k\u00f6vetkez\u0151 fordul\u00f3ba m\u00e9g 1 r\u00fag\u00e1sra jogosultak. Ezut\u00e1n egyenes kies\u00e9ses szakaszba \u00e9rkeznek a j\u00e1t\u00e9kosok, azaz ha siker\u00fcl bel\u0151ni a kapuba a labd\u00e1t automatikusan tov\u00e1bbjut, ha nem siker\u00fcl kiesik a versenyb\u0151l. Abszol\u00fat kies\u0151nek sz\u00e1m\u00edt, aki az els\u0151 fordul\u00f3ban mindk\u00e9t r\u00fag\u00e1st elhib\u00e1zza. A verseny addig folytat\u00f3dik, m\u00edg 3 j\u00e1t\u00e9kos nem marad a d\u00f6nt\u0151be. Minden esetben b\u00edr\u00f3 fel\u00fcgyeli a j\u00e1t\u00e9k szab\u00e1lyos menet\u00e9t. A r\u00fag\u00e1s 7 m\u00e9terr\u0151l t\u00f6rt\u00e9nik. A p\u00e1ly\u00e1n nem tart\u00f3zkodhat m\u00e1s a versenyz\u0151n, a kapuson, a versenyb\u00edr\u00f3n, egy anim\u00e1toron \u00e9s a j\u00e1t\u00e9k jegyz\u0151k\u00f6nyvvezet\u0151j\u00e9n k\u00edv\u00fcl!<\/p>\n<h3>Verseny lebonyol\u00edt\u00e1sa, szab\u00e1lyai:<\/h3>\n<ul>\n<li>A r\u00fag\u00f3 j\u00e1t\u00e9kost a j\u00e1t\u00e9kvezet\u0151nek (jelen esetben: b\u00edr\u00f3) a kapus sz\u00e1m\u00e1ra egy\u00e9rtelm\u0171en ki kell jel\u00f6lnie.<\/li>\n<li>A labd\u00e1nak mozdulatlannak kell lennie.<\/li>\n<li>A b\u00fcntet\u0151r\u00fag\u00e1st v\u00e9grehajt\u00f3 j\u00e1t\u00e9kost egy\u00e9rtelm\u0171en azonos\u00edtani kell.<\/li>\n<li>A kapuson \u00e9s a r\u00fag\u00f3 j\u00e1t\u00e9koson k\u00edv\u00fcl senki nem tart\u00f3zkodhat a p\u00e1ly\u00e1n.<\/li>\n<li>A kapusnak a kapu vonalon a kapuf\u00e1k k\u00f6z\u00f6tt, a r\u00fag\u00f3 j\u00e1t\u00e9kossal szemben kell maradnia an\u00e9lk\u00fcl, hogy \u00e9rinten\u00e9 a kapuf\u00e1kat, a keresztl\u00e9cet vagy a kapuh\u00e1l\u00f3t a r\u00fag\u00e1s elv\u00e9gz\u00e9s\u00e9ig.<\/li>\n<li>A kapus a r\u00fag\u00e1s pillanat\u00e1ig nem hagyhatja el a g\u00f3lvonalat, de a g\u00f3lvonalon mozoghat, integethet, zavarhatja a r\u00fag\u00f3 j\u00e1t\u00e9kost.<\/li>\n<li>A r\u00fag\u00f3 j\u00e1t\u00e9kosoknak a b\u00fcntet\u0151pont m\u00f6g\u00f6tt, a j\u00e1t\u00e9kt\u00e9ren bel\u00fcl kell lennie.<\/li>\n<li>Miut\u00e1n a j\u00e1t\u00e9kos \u00e9s a kapus a szab\u00e1lynak megfelel\u0151en elhelyezkedtek, a j\u00e1t\u00e9kvezet\u0151 jelt ad a b\u00fcntet\u0151r\u00fag\u00e1s elv\u00e9gz\u00e9s\u00e9re. A r\u00fag\u00e1st csak a j\u00e1t\u00e9kvezet\u0151 enged\u00e9lyez\u0151 s\u00edpjel\u00e9re lehet elv\u00e9gezni.<\/li>\n<li>A b\u00fcntet\u0151r\u00fag\u00e1st v\u00e9gz\u0151 j\u00e1t\u00e9kosnak a labd\u00e1t el\u0151re kell r\u00fagnia. Sarkal\u00e1s akkor enged\u00e9lyezett, ha a labda el\u0151re mozog.<\/li>\n<li>Amikor a labd\u00e1t elr\u00fagj\u00e1k, a v\u00e9d\u0151 kapus l\u00e1ba legal\u00e1bb egy r\u00e9sz\u00e9nek \u00e9rintenie kell a kapuvonalat vagy egy vonalban kell lennie vele.<\/li>\n<li>A labda akkor ker\u00fcl j\u00e1t\u00e9kba, ha el\u0151re elr\u00fagt\u00e1k, \u00e9s egy\u00e9rtelm\u0171en elmozdul.<\/li>\n<li>A r\u00fag\u00f3 j\u00e1t\u00e9kos nem \u00e9rintheti ism\u00e9t a labd\u00e1t.<\/li>\n<li>A r\u00fag\u00e1s akkor tekintend\u0151 befejezettnek, amikor a labda meg\u00e1ll, kiker\u00fcl a j\u00e1t\u00e9kb\u00f3l, vagy a j\u00e1t\u00e9kvezet\u0151 b\u00e1rmilyen szab\u00e1lytalans\u00e1g miatt megszak\u00edtja a j\u00e1t\u00e9kot.<\/li>\n<li>Ha kapus k\u00f6vet el szab\u00e1lytalans\u00e1got (\u00e9s nem lett g\u00f3l), vagy nem jelre t\u00f6rt\u00e9nt az elv\u00e9gz\u00e9se a r\u00fag\u00e1snak, akkor a helyes elj\u00e1r\u00e1s az ism\u00e9tl\u00e9s.<\/li>\n<li>A labda elr\u00fag\u00e1s\u00e1nak sz\u00ednlel\u00e9se, miut\u00e1n a r\u00fag\u00e1st v\u00e9gz\u0151 j\u00e1t\u00e9kos befejezte a nekifut\u00e1st (cselez vagy meg\u00e1ll), akkor \u00e9rv\u00e9nytelen\u00edteni kell a r\u00fag\u00e1st (nekifut\u00e1s k\u00f6zben a cselez\u00e9s enged\u00e9lyezett).<\/li>\n<li>Ha az el\u0151rehalad\u00f3 labd\u00e1t k\u00fcls\u0151 t\u00e9nyez\u0151 \u00e9rinti vagy a labda alkalmatlann\u00e1 v\u00e1lik (miel\u0151tt \u00e9rinti a kapuf\u00e1t, a kapust): a r\u00fag\u00e1st \u00fajra el kell v\u00e9gezni.<\/li>\n<li>a labda a kapusr\u00f3l, a keresztl\u00e9cr\u0151l vagy a kapuf\u00e1kr\u00f3l lepattan \u00e9s ekkor \u00e9rinti k\u00fcls\u0151 t\u00e9nyez\u0151: a r\u00fag\u00e1st befejezettnek kell tekinteni.<\/li>\n<\/ul>\n<h3>7-es r\u00fag\u00f3 verseny\u00fcnket 2 kateg\u00f3ri\u00e1ban hirdett\u00fck meg, ahol mindk\u00e9t kateg\u00f3ria els\u0151 3 helyezettje \u00e9rt\u00e9kes aj\u00e1nd\u00e9kokban r\u00e9szes\u00fcl!<\/h3>\n<p>&nbsp;<\/p>\n<p>Rendez\u0151 fenntartja a jogot helysz\u00ednek \u00f6sszevon\u00e1s\u00e1ra, amennyiben adott helysz\u00ednen nincs elegend\u0151 (min. 20 f\u0151) jelentkez\u0151. Ebben az esetben a jegy helysz\u00edne \u00e9s id\u0151pontja a Rendez\u0151 \u00e1ltal egyoldal\u00faan m\u00f3dos\u00edt\u00e1sra ker\u00fcl, az esem\u00e9ny kiz\u00e1r\u00f3lag az ut\u00f3lag megadott helysz\u00ednen \u00e9s id\u0151pontban ker\u00fcl megrendez\u00e9sre. Rendez\u0151 ugyanakkor t\u00f6rekszik arra, hogy a meghirdetett helysz\u00ednek felt\u00f6lt\u00e9sre, az esem\u00e9nyek megrendez\u00e9sre ker\u00fcljenek, illetve az alternat\u00edv helysz\u00ednek kijel\u00f6l\u00e9s\u00e9nek sz\u00fcks\u00e9gess\u00e9ge eset\u00e9n 100 km-es k\u00f6rzetben jel\u00f6l ki \u00faj helysz\u00ednt. Amennyiben egy helysz\u00ednre a napi maximum l\u00e9tsz\u00e1mn\u00e1l (400 f\u0151) t\u00f6bben jelentkeznek, \u00fajabb versenynap ker\u00fcl meghirdet\u00e9sre, mely \u00faj, az eredeti napt\u00f3l f\u00fcggetlen Ter\u00fcleti fordul\u00f3nak min\u0151s\u00fcl, teh\u00e1t azon a m\u00e1r kor\u00e1bbi id\u0151pontban indul\u00f3 versenyz\u0151k nem indulhatnak, kiv\u00e9ve ha \u00fajabb jegyet v\u00e1s\u00e1rolnak az \u00fajonnan meghirdetett id\u0151pontra. A v\u00e1ltoz\u00e1sokr\u00f3l a Rendez\u0151 e-mailben \u00e9s a honlapon (www.tizenegyesrugo.hu) (www.fotsportegyesulet.hu) inform\u00e1lja a Nevez\u0151ket legk\u00e9s\u0151bb a ter\u00fcleti fordul\u00f3t megel\u0151z\u0151 5 nappal.<\/p>\n<p>A versenyeken mindenki csak saj\u00e1t felel\u0151ss\u00e9g\u00e9re indulhat. A jogszab\u00e1lyba, az \u00e1ltal\u00e1nos szerz\u0151d\u00e9si felt\u00e9telekbe vagy a j\u00e1t\u00e9kszab\u00e1lyba \u00fctk\u00f6z\u0151 magatart\u00e1st a helyi lebonyol\u00edt\u00f3k kiz\u00e1r\u00e1ssal b\u00fcntethetik. A versenyb\u0151l kiesettek a Szervez\u0151k \u00e9s a Rendez\u0151 fel\u00e9 semmilyen k\u00f6vetel\u00e9ssel nem fordulhatnak. SARS-CoV-2: A mindenkori hat\u00e1lyos jogszab\u00e1lyok \u00e9s hat\u00f3s\u00e1gi el\u0151\u00edr\u00e1sok \u00e9rv\u00e9nyesek a versenyre \u00e9s a r\u00e9sztvev\u0151kre. Ezen szab\u00e1lyok be nem tart\u00e1sa kiz\u00e1r\u00e1ssal j\u00e1r. A szab\u00e1lyok betartat\u00e1sa a Szervez\u0151 \u00e9s a Rendez\u0151 feladata. Amennyiben b\u00e1rmilyen korl\u00e1toz\u00e1s miatt a kit\u0171z\u00f6tt esem\u00e9ny nem tarthat\u00f3 meg, akkor a Rendez\u0151 gondoskodik egy \u00faj id\u0151pont kit\u0171z\u00e9s\u00e9r\u0151l, \u00e9s err\u0151l a regisztr\u00e1ci\u00f3n\u00e1l megadott e-mail c\u00edmre \u00edr\u00e1sbeli t\u00e1j\u00e9koztat\u00e1st k\u00fcld Nevezett szem\u00e9lynek, vagy d\u00f6nt a verseny t\u00f6rl\u00e9s\u00e9r\u0151l. Az \u00faj id\u0151pont olyan id\u0151szakra t\u0171zhet\u0151 ki, amikor a jogszab\u00e1lyok m\u00e1r lehet\u0151v\u00e9 teszik az esem\u00e9ny megtart\u00e1s\u00e1t. Abban az esetben, ha ezen id\u0151szak a korl\u00e1toz\u00e1s bevezet\u00e9sekor el\u0151re nem meg\u00e1llap\u00edthat\u00f3, akkor a Rendez\u0151 \u2013 ha nem d\u00f6nt\u00f6tt a verseny t\u00f6rl\u00e9s\u00e9r\u0151l &#8211; k\u00f6teles azt k\u00f6vet\u0151en, halad\u00e9ktalanul az \u00faj id\u0151pontot kit\u0171zni, hogy a korl\u00e1toz\u00e1sok megsz\u0171ntek.<\/p>\n<p>&nbsp;<\/p>\n<p><a href=\"https:\/\/fotsportegyesulet.hu\/index.php\/foti-foci-fesztival-2022\/#\" target=\"_blank\" rel=\"noopener\"><img loading=\"lazy\" decoding=\"async\" class=\"alignnone wp-image-4027 \" src=\"https:\/\/fotsportegyesulet.hu\/wp-content\/uploads\/2022\/05\/1vissza.png\" alt=\"\" width=\"450\" height=\"150\" srcset=\"https:\/\/fotsportegyesulet.hu\/wp-content\/uploads\/2022\/05\/1vissza.png 600w, https:\/\/fotsportegyesulet.hu\/wp-content\/uploads\/2022\/05\/1vissza-300x100.png 300w\" sizes=\"auto, (max-width: 450px) 100vw, 450px\" \/><\/a><\/p>\n<p>&nbsp;<\/p>\n","protected":false},"excerpt":{"rendered":"<p>Gyere el \u00e9s mutasd meg, hogy te vagy a legjobb 7-es r\u00fag\u00f3! 10:30-t\u00f3l kezd\u0151dik 2151 F\u00f3t, Kossuth L. utca 36., Balogh S\u00e1ndor Sportcentrumban saj\u00e1t 7-es r\u00fag\u00f3 verseny\u00fcnk, melyet 2 korcsoport&#8230;<\/p>\n","protected":false},"author":3,"featured_media":0,"parent":0,"menu_order":0,"comment_status":"closed","ping_status":"closed","template":"","meta":{"_bbp_topic_count":0,"_bbp_reply_count":0,"_bbp_total_topic_count":0,"_bbp_total_reply_count":0,"_bbp_voice_count":0,"_bbp_anonymous_reply_count":0,"_bbp_topic_count_hidden":0,"_bbp_reply_count_hidden":0,"_bbp_forum_subforum_count":0,"_price":"","_stock":"","_tribe_ticket_header":"","_tribe_default_ticket_provider":"","_ticket_start_date":"","_ticket_end_date":"","_tribe_ticket_show_description":"","_tribe_ticket_show_not_going":false,"_tribe_ticket_use_global_stock":"","_tribe_ticket_global_stock_level":"","_global_stock_mode":"","_global_stock_cap":"","_tribe_rsvp_for_event":"","_tribe_ticket_going_count":"","_tribe_ticket_not_going_count":"","_tribe_tickets_list":"[]","_tribe_ticket_has_attendee_info_fields":false,"footnotes":"","_tec_slr_enabled":"","_tec_slr_layout":""},"class_list":["post-3969","page","type-page","status-publish","hentry"],"yoast_head":"<!-- This site is optimized with the Yoast SEO plugin v25.7 - https:\/\/yoast.com\/wordpress\/plugins\/seo\/ -->\n<title>F\u00f3ti Foci Fesztiv\u00e1l 7-es r\u00fag\u00f3 verseny - F\u00d3T SPORTEGYES\u00dcLET<\/title>\n<meta name=\"robots\" content=\"index, follow, max-snippet:-1, max-image-preview:large, max-video-preview:-1\" \/>\n<link rel=\"canonical\" href=\"https:\/\/fotsportegyesulet.hu\/index.php\/foti-foci-fesztival-7-es-rugo-verseny\/\" \/>\n<meta property=\"og:locale\" content=\"hu_HU\" \/>\n<meta property=\"og:type\" content=\"article\" \/>\n<meta property=\"og:title\" content=\"F\u00f3ti Foci Fesztiv\u00e1l 7-es r\u00fag\u00f3 verseny - F\u00d3T SPORTEGYES\u00dcLET\" \/>\n<meta property=\"og:description\" content=\"Gyere el \u00e9s mutasd meg, hogy te vagy a legjobb 7-es r\u00fag\u00f3! 10:30-t\u00f3l kezd\u0151dik 2151 F\u00f3t, Kossuth L. utca 36., Balogh S\u00e1ndor Sportcentrumban saj\u00e1t 7-es r\u00fag\u00f3 verseny\u00fcnk, melyet 2 korcsoport...\" \/>\n<meta property=\"og:url\" content=\"https:\/\/fotsportegyesulet.hu\/index.php\/foti-foci-fesztival-7-es-rugo-verseny\/\" \/>\n<meta property=\"og:site_name\" content=\"F\u00d3T SPORTEGYES\u00dcLET\" \/>\n<meta property=\"article:publisher\" content=\"https:\/\/www.facebook.com\/fotsportegyesulet\/\" \/>\n<meta property=\"article:modified_time\" content=\"2022-05-31T13:33:03+00:00\" \/>\n<meta property=\"og:image\" content=\"https:\/\/fotsportegyesulet.hu\/wp-content\/uploads\/2022\/05\/2000x500-7es-v2.png\" \/>\n<meta name=\"twitter:card\" content=\"summary_large_image\" \/>\n<meta name=\"twitter:label1\" content=\"Becs\u00fclt olvas\u00e1si id\u0151\" \/>\n\t<meta name=\"twitter:data1\" content=\"6 perc\" \/>\n<script type=\"application\/ld+json\" class=\"yoast-schema-graph\">{\"@context\":\"https:\/\/schema.org\",\"@graph\":[{\"@type\":\"WebPage\",\"@id\":\"https:\/\/fotsportegyesulet.hu\/index.php\/foti-foci-fesztival-7-es-rugo-verseny\/\",\"url\":\"https:\/\/fotsportegyesulet.hu\/index.php\/foti-foci-fesztival-7-es-rugo-verseny\/\",\"name\":\"F\u00f3ti Foci Fesztiv\u00e1l 7-es r\u00fag\u00f3 verseny - F\u00d3T SPORTEGYES\u00dcLET\",\"isPartOf\":{\"@id\":\"https:\/\/fotsportegyesulet.hu\/#website\"},\"primaryImageOfPage\":{\"@id\":\"https:\/\/fotsportegyesulet.hu\/index.php\/foti-foci-fesztival-7-es-rugo-verseny\/#primaryimage\"},\"image\":{\"@id\":\"https:\/\/fotsportegyesulet.hu\/index.php\/foti-foci-fesztival-7-es-rugo-verseny\/#primaryimage\"},\"thumbnailUrl\":\"https:\/\/fotsportegyesulet.hu\/wp-content\/uploads\/2022\/05\/2000x500-7es-v2.png\",\"datePublished\":\"2022-05-10T14:38:37+00:00\",\"dateModified\":\"2022-05-31T13:33:03+00:00\",\"breadcrumb\":{\"@id\":\"https:\/\/fotsportegyesulet.hu\/index.php\/foti-foci-fesztival-7-es-rugo-verseny\/#breadcrumb\"},\"inLanguage\":\"hu\",\"potentialAction\":[{\"@type\":\"ReadAction\",\"target\":[\"https:\/\/fotsportegyesulet.hu\/index.php\/foti-foci-fesztival-7-es-rugo-verseny\/\"]}]},{\"@type\":\"ImageObject\",\"inLanguage\":\"hu\",\"@id\":\"https:\/\/fotsportegyesulet.hu\/index.php\/foti-foci-fesztival-7-es-rugo-verseny\/#primaryimage\",\"url\":\"https:\/\/fotsportegyesulet.hu\/wp-content\/uploads\/2022\/05\/2000x500-7es-v2.png\",\"contentUrl\":\"https:\/\/fotsportegyesulet.hu\/wp-content\/uploads\/2022\/05\/2000x500-7es-v2.png\",\"width\":2000,\"height\":500},{\"@type\":\"BreadcrumbList\",\"@id\":\"https:\/\/fotsportegyesulet.hu\/index.php\/foti-foci-fesztival-7-es-rugo-verseny\/#breadcrumb\",\"itemListElement\":[{\"@type\":\"ListItem\",\"position\":1,\"name\":\"Kezd\u0151lap\",\"item\":\"https:\/\/fotsportegyesulet.hu\/\"},{\"@type\":\"ListItem\",\"position\":2,\"name\":\"F\u00f3ti Foci Fesztiv\u00e1l 7-es r\u00fag\u00f3 verseny\"}]},{\"@type\":\"WebSite\",\"@id\":\"https:\/\/fotsportegyesulet.hu\/#website\",\"url\":\"https:\/\/fotsportegyesulet.hu\/\",\"name\":\"F\u00d3T SPORTEGYES\u00dcLET\",\"description\":\"\",\"publisher\":{\"@id\":\"https:\/\/fotsportegyesulet.hu\/#organization\"},\"potentialAction\":[{\"@type\":\"SearchAction\",\"target\":{\"@type\":\"EntryPoint\",\"urlTemplate\":\"https:\/\/fotsportegyesulet.hu\/?s={search_term_string}\"},\"query-input\":{\"@type\":\"PropertyValueSpecification\",\"valueRequired\":true,\"valueName\":\"search_term_string\"}}],\"inLanguage\":\"hu\"},{\"@type\":\"Organization\",\"@id\":\"https:\/\/fotsportegyesulet.hu\/#organization\",\"name\":\"F\u00f3t Sportegyes\u00fclet\",\"url\":\"https:\/\/fotsportegyesulet.hu\/\",\"logo\":{\"@type\":\"ImageObject\",\"inLanguage\":\"hu\",\"@id\":\"https:\/\/fotsportegyesulet.hu\/#\/schema\/logo\/image\/\",\"url\":\"https:\/\/fotsportegyesulet.hu\/wp-content\/uploads\/2020\/07\/eredeti-sz\u00ednes-vektoros-Fot-cimer-3.png\",\"contentUrl\":\"https:\/\/fotsportegyesulet.hu\/wp-content\/uploads\/2020\/07\/eredeti-sz\u00ednes-vektoros-Fot-cimer-3.png\",\"width\":500,\"height\":500,\"caption\":\"F\u00f3t Sportegyes\u00fclet\"},\"image\":{\"@id\":\"https:\/\/fotsportegyesulet.hu\/#\/schema\/logo\/image\/\"},\"sameAs\":[\"https:\/\/www.facebook.com\/fotsportegyesulet\/\"]}]}<\/script>\n<!-- \/ Yoast SEO plugin. -->","yoast_head_json":{"title":"F\u00f3ti Foci Fesztiv\u00e1l 7-es r\u00fag\u00f3 verseny - F\u00d3T SPORTEGYES\u00dcLET","robots":{"index":"index","follow":"follow","max-snippet":"max-snippet:-1","max-image-preview":"max-image-preview:large","max-video-preview":"max-video-preview:-1"},"canonical":"https:\/\/fotsportegyesulet.hu\/index.php\/foti-foci-fesztival-7-es-rugo-verseny\/","og_locale":"hu_HU","og_type":"article","og_title":"F\u00f3ti Foci Fesztiv\u00e1l 7-es r\u00fag\u00f3 verseny - F\u00d3T SPORTEGYES\u00dcLET","og_description":"Gyere el \u00e9s mutasd meg, hogy te vagy a legjobb 7-es r\u00fag\u00f3! 10:30-t\u00f3l kezd\u0151dik 2151 F\u00f3t, Kossuth L. utca 36., Balogh S\u00e1ndor Sportcentrumban saj\u00e1t 7-es r\u00fag\u00f3 verseny\u00fcnk, melyet 2 korcsoport...","og_url":"https:\/\/fotsportegyesulet.hu\/index.php\/foti-foci-fesztival-7-es-rugo-verseny\/","og_site_name":"F\u00d3T SPORTEGYES\u00dcLET","article_publisher":"https:\/\/www.facebook.com\/fotsportegyesulet\/","article_modified_time":"2022-05-31T13:33:03+00:00","og_image":[{"url":"https:\/\/fotsportegyesulet.hu\/wp-content\/uploads\/2022\/05\/2000x500-7es-v2.png","type":"","width":"","height":""}],"twitter_card":"summary_large_image","twitter_misc":{"Becs\u00fclt olvas\u00e1si id\u0151":"6 perc"},"schema":{"@context":"https:\/\/schema.org","@graph":[{"@type":"WebPage","@id":"https:\/\/fotsportegyesulet.hu\/index.php\/foti-foci-fesztival-7-es-rugo-verseny\/","url":"https:\/\/fotsportegyesulet.hu\/index.php\/foti-foci-fesztival-7-es-rugo-verseny\/","name":"F\u00f3ti Foci Fesztiv\u00e1l 7-es r\u00fag\u00f3 verseny - F\u00d3T SPORTEGYES\u00dcLET","isPartOf":{"@id":"https:\/\/fotsportegyesulet.hu\/#website"},"primaryImageOfPage":{"@id":"https:\/\/fotsportegyesulet.hu\/index.php\/foti-foci-fesztival-7-es-rugo-verseny\/#primaryimage"},"image":{"@id":"https:\/\/fotsportegyesulet.hu\/index.php\/foti-foci-fesztival-7-es-rugo-verseny\/#primaryimage"},"thumbnailUrl":"https:\/\/fotsportegyesulet.hu\/wp-content\/uploads\/2022\/05\/2000x500-7es-v2.png","datePublished":"2022-05-10T14:38:37+00:00","dateModified":"2022-05-31T13:33:03+00:00","breadcrumb":{"@id":"https:\/\/fotsportegyesulet.hu\/index.php\/foti-foci-fesztival-7-es-rugo-verseny\/#breadcrumb"},"inLanguage":"hu","potentialAction":[{"@type":"ReadAction","target":["https:\/\/fotsportegyesulet.hu\/index.php\/foti-foci-fesztival-7-es-rugo-verseny\/"]}]},{"@type":"ImageObject","inLanguage":"hu","@id":"https:\/\/fotsportegyesulet.hu\/index.php\/foti-foci-fesztival-7-es-rugo-verseny\/#primaryimage","url":"https:\/\/fotsportegyesulet.hu\/wp-content\/uploads\/2022\/05\/2000x500-7es-v2.png","contentUrl":"https:\/\/fotsportegyesulet.hu\/wp-content\/uploads\/2022\/05\/2000x500-7es-v2.png","width":2000,"height":500},{"@type":"BreadcrumbList","@id":"https:\/\/fotsportegyesulet.hu\/index.php\/foti-foci-fesztival-7-es-rugo-verseny\/#breadcrumb","itemListElement":[{"@type":"ListItem","position":1,"name":"Kezd\u0151lap","item":"https:\/\/fotsportegyesulet.hu\/"},{"@type":"ListItem","position":2,"name":"F\u00f3ti Foci Fesztiv\u00e1l 7-es r\u00fag\u00f3 verseny"}]},{"@type":"WebSite","@id":"https:\/\/fotsportegyesulet.hu\/#website","url":"https:\/\/fotsportegyesulet.hu\/","name":"F\u00d3T SPORTEGYES\u00dcLET","description":"","publisher":{"@id":"https:\/\/fotsportegyesulet.hu\/#organization"},"potentialAction":[{"@type":"SearchAction","target":{"@type":"EntryPoint","urlTemplate":"https:\/\/fotsportegyesulet.hu\/?s={search_term_string}"},"query-input":{"@type":"PropertyValueSpecification","valueRequired":true,"valueName":"search_term_string"}}],"inLanguage":"hu"},{"@type":"Organization","@id":"https:\/\/fotsportegyesulet.hu\/#organization","name":"F\u00f3t Sportegyes\u00fclet","url":"https:\/\/fotsportegyesulet.hu\/","logo":{"@type":"ImageObject","inLanguage":"hu","@id":"https:\/\/fotsportegyesulet.hu\/#\/schema\/logo\/image\/","url":"https:\/\/fotsportegyesulet.hu\/wp-content\/uploads\/2020\/07\/eredeti-sz\u00ednes-vektoros-Fot-cimer-3.png","contentUrl":"https:\/\/fotsportegyesulet.hu\/wp-content\/uploads\/2020\/07\/eredeti-sz\u00ednes-vektoros-Fot-cimer-3.png","width":500,"height":500,"caption":"F\u00f3t Sportegyes\u00fclet"},"image":{"@id":"https:\/\/fotsportegyesulet.hu\/#\/schema\/logo\/image\/"},"sameAs":["https:\/\/www.facebook.com\/fotsportegyesulet\/"]}]}},"ticketed":false,"_links":{"self":[{"href":"https:\/\/fotsportegyesulet.hu\/index.php\/wp-json\/wp\/v2\/pages\/3969","targetHints":{"allow":["GET"]}}],"collection":[{"href":"https:\/\/fotsportegyesulet.hu\/index.php\/wp-json\/wp\/v2\/pages"}],"about":[{"href":"https:\/\/fotsportegyesulet.hu\/index.php\/wp-json\/wp\/v2\/types\/page"}],"author":[{"embeddable":true,"href":"https:\/\/fotsportegyesulet.hu\/index.php\/wp-json\/wp\/v2\/users\/3"}],"replies":[{"embeddable":true,"href":"https:\/\/fotsportegyesulet.hu\/index.php\/wp-json\/wp\/v2\/comments?post=3969"}],"version-history":[{"count":37,"href":"https:\/\/fotsportegyesulet.hu\/index.php\/wp-json\/wp\/v2\/pages\/3969\/revisions"}],"predecessor-version":[{"id":4455,"href":"https:\/\/fotsportegyesulet.hu\/index.php\/wp-json\/wp\/v2\/pages\/3969\/revisions\/4455"}],"wp:attachment":[{"href":"https:\/\/fotsportegyesulet.hu\/index.php\/wp-json\/wp\/v2\/media?parent=3969"}],"curies":[{"name":"wp","href":"https:\/\/api.w.org\/{rel}","templated":true}]}}