{"id":175,"date":"2019-07-03T12:49:53","date_gmt":"2019-07-03T12:49:53","guid":{"rendered":"https:\/\/fotsportegyesulet.hu\/?page_id=175"},"modified":"2021-09-24T08:35:51","modified_gmt":"2021-09-24T06:35:51","slug":"tenisz","status":"publish","type":"page","link":"https:\/\/fotsportegyesulet.hu\/index.php\/tenisz\/","title":{"rendered":"TENISZ"},"content":{"rendered":"<div id=\"pl-175\"  class=\"panel-layout\" ><div id=\"pg-175-0\"  class=\"panel-grid panel-no-style\" ><div id=\"pgc-175-0-0\"  class=\"panel-grid-cell\" ><div id=\"panel-175-0-0-0\" class=\"so-panel widget widget_text panel-first-child panel-last-child\" data-index=\"0\" ><h3 class=\"widget-title\">Edz\u00e9sek<\/h3>\t\t\t<div class=\"textwidget\"><p><strong>Csoportos \u00f3r\u00e1k:<\/strong><\/p>\n<p><strong>Feln\u0151tt csoportos oktat\u00e1s:<\/strong> heti 1 alkalom: 9.000 Ft\/h\u00f3-t\u00f3l<\/p>\n<p><strong>Gyerek csoportos oktat\u00e1s:<\/strong><br \/>\nheti 1 alkalom: 8.000 Ft\/h\u00f3-t\u00f3l<br \/>\nheti 2 alkalom: 15.000 Ft\/h\u00f3-t\u00f3l<\/p>\n<p>Pontos \u00e1rak\u00e9rt \u00e9s a szabad id\u0151pontok miatt k\u00e9rj\u00fck \u00e9rdekl\u0151dj\u00f6n telefonon \/ emailen.<\/p>\n<p>Telefonsz\u00e1m: +36 30 982 1252<br \/>\nE-mail: futuretennisfot@gmail.com<\/p>\n<\/div>\n\t\t<\/div><\/div><div id=\"pgc-175-0-1\"  class=\"panel-grid-cell\" ><div id=\"panel-175-0-1-0\" class=\"so-panel widget widget_text panel-first-child panel-last-child\" data-index=\"1\" ><h3 class=\"widget-title\">Helysz\u00edn<\/h3>\t\t\t<div class=\"textwidget\"><p><strong>Future Tennis<br \/>\n<\/strong>2151 F\u00f3t, Kossuth Lajos u. 36.<br \/>\n<a href=\"https:\/\/www.futuretennis.hu\/\">https:\/\/www.futuretennis.hu\/<\/a><\/p>\n<\/div>\n\t\t<\/div><\/div><\/div><div id=\"pg-175-1\"  class=\"panel-grid panel-no-style\" ><div id=\"pgc-175-1-0\"  class=\"panel-grid-cell\" ><div id=\"panel-175-1-0-0\" class=\"so-panel widget widget_text panel-first-child panel-last-child\" data-index=\"2\" ><h3 class=\"widget-title\">Vezet\u0151edz\u0151<\/h3>\t\t\t<div class=\"textwidget\"><p><strong>Horv\u00e1th Henrik<\/strong><\/p>\n<p>1995-ben kezdtem el a tenisszel foglalkozni. 9 \u00e9ves koromt\u00f3l 10 \u00e9ven kereszt\u00fcl akt\u00edvan versenyeztem. Koroszt\u00e1lyos j\u00e1t\u00e9kosk\u00e9nt tagja voltam a nemzeti v\u00e1logatottnak, illetve feln\u0151ttk\u00e9nt els\u0151 oszt\u00e1ly\u00fa j\u00e1t\u00e9kosk\u00e9nt tartottak sz\u00e1mon kis orsz\u00e1gunkban. A h\u00e1l\u00f3 t\u00faloldal\u00e1ra v\u00e9letlen\u00fcl ker\u00fcltem, de az els\u0151 3 perc ut\u00e1n megfogott \u00e9s teljesen beleszerelmesedtem az edz\u0151i szakm\u00e1ba. 2009 \u00f3ta tev\u00e9kenykedem edz\u0151k\u00e9nt. 2012-ben szakedz\u0151i diplom\u00e1t szereztem a Testnevel\u00e9si Egyetemen. Eddigi edz\u0151i p\u00e1lyafut\u00e1som alatt m\u00e1r 6 koroszt\u00e1lyos magyar v\u00e1logatottal foglalkoztam (k\u00f6z\u00fcl\u00fck 3 saj\u00e1t nevel\u00e9s), volt m\u00e1r j\u00e1t\u00e9kosom nemzeti ranglista vezet\u0151, koroszt\u00e1lyos magyar bajnok egy\u00e9niben, p\u00e1rosban \u00e9s csapatban is, illetve szerepelt m\u00e1r nemzetk\u00f6zi U14-es ranglista legjobb 30 j\u00e1t\u00e9kosa k\u00f6z\u00f6tt. Tan\u00edtv\u00e1nyaimmal rengeteg versenyt siker\u00fclt m\u00e1r megnyern\u00fcnk hazai Play and Stay szintt\u0151l eg\u00e9szen nemzetk\u00f6zi Tennis Europe versenyekig. Csapatomat 2017-ben alap\u00edtottam azzal a c\u00e9llal, hogy min\u00e9l t\u00f6bb j\u00e1t\u00e9kossal tudjunk foglalkozni, \u00e9s minden lehet\u0151s\u00e9get megadjunk nekik ahhoz, hogy el\u00e9rj\u00e9k c\u00e9ljaikat. \u00c1lmom, hogy egy saj\u00e1t nevel\u00e9s\u0171 j\u00e1t\u00e9kosommal bejussunk a vil\u00e1g elitj\u00e9be, a legjobb 100 j\u00e1t\u00e9kos k\u00f6z\u00e9. Ez\u00e9rt b\u00e1rmit k\u00e9pes vagyok megtenni.<\/p>\n<\/div>\n\t\t<\/div><\/div><div id=\"pgc-175-1-1\"  class=\"panel-grid-cell\" ><div id=\"panel-175-1-1-0\" class=\"so-panel widget widget_text panel-first-child panel-last-child\" data-index=\"3\" >\t\t\t<div class=\"textwidget\"><p><img loading=\"lazy\" decoding=\"async\" class=\"aligncenter wp-image-2863 size-thumbnail\" src=\"https:\/\/fotsportegyesulet.hu\/wp-content\/uploads\/2021\/09\/tenisz1-150x150.png\" alt=\"\" width=\"150\" height=\"150\" srcset=\"https:\/\/fotsportegyesulet.hu\/wp-content\/uploads\/2021\/09\/tenisz1-150x150.png 150w, https:\/\/fotsportegyesulet.hu\/wp-content\/uploads\/2021\/09\/tenisz1.png 324w\" sizes=\"auto, (max-width: 150px) 100vw, 150px\" \/><\/p>\n<\/div>\n\t\t<\/div><\/div><\/div><div id=\"pg-175-2\"  class=\"panel-grid panel-no-style\" ><div id=\"pgc-175-2-0\"  class=\"panel-grid-cell\" ><div id=\"panel-175-2-0-0\" class=\"so-panel widget widget_text panel-first-child panel-last-child\" data-index=\"4\" ><h3 class=\"widget-title\">Edz\u0151<\/h3>\t\t\t<div class=\"textwidget\"><p><strong>Korecz Rich\u00e1rd<\/strong><\/p>\n<p>Korecz Richard vagyok, 1995-ben sz\u00fclettem. 2007-ben kezdtem el teniszezni, el\u0151sz\u00f6r hobbiszer\u0171en, ahol nagyon beleszerettem ebbe a sportba, majd k\u00e9s\u0151bb versenyszer\u0171en \u0171ztem \u00e9s siker\u00fclt koroszt\u00e1lyos versenyt is megnyernem. A gimn\u00e1zium elv\u00e9gz\u00e9s\u00e9vel d\u00f6nt\u00f6ttem \u00fagy, hogy az edz\u0151sk\u00f6d\u00e9ssel szeretn\u00e9k foglalkozni, ez\u00e9rt 2015-ben a Fitness Akad\u00e9mi\u00e1n sikeresen elv\u00e9geztem a teniszedz\u0151i tanfolyamot. Ezen k\u00edv\u00fcl jelenleg is tanulok egyetemen, Egerben, rekre\u00e1ci\u00f3 szakon. 2017 \u00f3ta tartozom a Future Tennis Team csapat\u00e1hoz, ahov\u00e1 nagy \u00f6r\u00f6mmel csatlakoztam. Edz\u0151k\u00e9nt szeretn\u00e9m \u00e1tadni az eddig megszerzett tud\u00e1somat, tapasztalataimat mindenkinek, aki szeretn\u00e9 kipr\u00f3b\u00e1lni ezt a sz\u00e9p sport\u00e1gat. C\u00e9lom, hogy mindenkinek meg tudjam val\u00f3s\u00edtani a terveit, ak\u00e1r hobbi, ak\u00e1r versenysport szinten.<\/p>\n<\/div>\n\t\t<\/div><\/div><div id=\"pgc-175-2-1\"  class=\"panel-grid-cell\" ><div id=\"panel-175-2-1-0\" class=\"so-panel widget widget_text panel-first-child panel-last-child\" data-index=\"5\" >\t\t\t<div class=\"textwidget\"><p><img loading=\"lazy\" decoding=\"async\" class=\"size-thumbnail wp-image-2862 aligncenter\" src=\"https:\/\/fotsportegyesulet.hu\/wp-content\/uploads\/2021\/09\/tenisz2-150x150.png\" alt=\"\" width=\"150\" height=\"150\" srcset=\"https:\/\/fotsportegyesulet.hu\/wp-content\/uploads\/2021\/09\/tenisz2-150x150.png 150w, https:\/\/fotsportegyesulet.hu\/wp-content\/uploads\/2021\/09\/tenisz2-300x300.png 300w, https:\/\/fotsportegyesulet.hu\/wp-content\/uploads\/2021\/09\/tenisz2.png 327w\" sizes=\"auto, (max-width: 150px) 100vw, 150px\" \/><\/p>\n<\/div>\n\t\t<\/div><\/div><\/div><div id=\"pg-175-3\"  class=\"panel-grid panel-no-style\" ><div id=\"pgc-175-3-0\"  class=\"panel-grid-cell\" ><div id=\"panel-175-3-0-0\" class=\"so-panel widget widget_text panel-first-child panel-last-child\" data-index=\"6\" ><h3 class=\"widget-title\">Edz\u0151<\/h3>\t\t\t<div class=\"textwidget\"><p><strong>B\u00e1lint Gell\u00e9rt-Attila<\/strong><\/p>\n<p>1997-ben sz\u00fclettem egy erd\u00e9lyi v\u00e1rosban, K\u00e9zdiv\u00e1s\u00e1rhelyen \u00e9s itt is kezdtem el teniszezni 9 \u00e9ves koromban. A sportol\u00e1s \u00e9s \u00f6nmag\u00e1ban a sport mindig is sokat jelentett sz\u00e1momra, a diverzit\u00e1sa \u00e9s a kapcsolatteremt\u0151 jellege miatt el sem tudn\u00e1m k\u00e9pzelni n\u00e9lk\u00fcle az \u00e9letem. Kiskorom \u00f3ta rabja vagyok ennek a szenved\u00e9lynek, nagyon sok mindent ki is pr\u00f3b\u00e1ltam az \u00e9vek alatt (pl. karate, atl\u00e9tika, kos\u00e1rlabda, stb.), de v\u00e9g\u00fcl a futball \u00e9s a tenisz maradt, ami igaz\u00e1n megfogott \u00e9s \u00fagy \u00e9rezhettem, hogy ezekben a sport\u00e1gakban teljesen \u00f6nmagam lehetek. A versenyz\u00e9s \u00e9lm\u00e9nye is el\u00e9g hamar rabj\u00e1v\u00e1 tett, sok versenyen elindultam emiatt, eg\u00e9szen U18-as koroszt\u00e1lyig.<br \/>\nA Testnevel\u00e9si Egyetemen v\u00e9geztem teniszedz\u0151i szakon, ez id\u0151 alatt seg\u00e9dedz\u0151k\u00e9nt dolgoztam. Jelenleg is folytatom tanulm\u00e1nyaimat a P\u00e9csi Tudom\u00e1nyegyetemen, ahol Sport- \u00e9s rekre\u00e1ci\u00f3szervez\u00e9st tanulok. Edz\u00e9seim sor\u00e1n mindig arra t\u00f6rekszem, hogy \u00f6nmagamat adjam, igyekszem min\u00e9l \u00e9lvezetesebb\u00e9 \u00e9s sz\u00f3rakoztat\u00f3bb\u00e1 tenni ezeket gyerekeknek \u00e9s feln\u0151tteknek egyar\u00e1nt, mindezt term\u00e9szetesen \u00fagy, hogy a tan\u00edtv\u00e1ny folyamatos fejl\u0151d\u00e9se a f\u0151 c\u00e9l minden szinten. Le\u00edrhatatlan \u00e9rz\u00e9s az, ha egy tr\u00e9ning alatt vagy ut\u00e1n l\u00e1tom, hogy valakinek mosoly \u00fcl az arc\u00e1ra, esetleg megjegyz\u00e9st tesz arra, ha valami \u00fajat siker\u00fclt tanulnia. Ezek az apr\u00f3cska dolgok visznek folyamatosan el\u0151re \u00e9s tesznek jobb emberr\u00e9 nap, mint nap.<\/p>\n<\/div>\n\t\t<\/div><\/div><div id=\"pgc-175-3-1\"  class=\"panel-grid-cell\" ><div id=\"panel-175-3-1-0\" class=\"so-panel widget widget_text panel-first-child panel-last-child\" data-index=\"7\" >\t\t\t<div class=\"textwidget\"><p><img loading=\"lazy\" decoding=\"async\" class=\"size-thumbnail wp-image-2861 aligncenter\" src=\"https:\/\/fotsportegyesulet.hu\/wp-content\/uploads\/2021\/09\/tenisz-bga-150x150.png\" alt=\"\" width=\"150\" height=\"150\" srcset=\"https:\/\/fotsportegyesulet.hu\/wp-content\/uploads\/2021\/09\/tenisz-bga-150x150.png 150w, https:\/\/fotsportegyesulet.hu\/wp-content\/uploads\/2021\/09\/tenisz-bga-327x325.png 327w\" sizes=\"auto, (max-width: 150px) 100vw, 150px\" \/><\/p>\n<\/div>\n\t\t<\/div><\/div><\/div><div id=\"pg-175-4\"  class=\"panel-grid panel-no-style\" ><div id=\"pgc-175-4-0\"  class=\"panel-grid-cell\" ><div id=\"panel-175-4-0-0\" class=\"so-panel widget widget_text panel-first-child panel-last-child\" data-index=\"8\" ><h3 class=\"widget-title\">Edz\u0151<\/h3>\t\t\t<div class=\"textwidget\"><p><strong>Farkas Istv\u00e1n<\/strong><\/p>\n<p>1994. j\u00falius 27-\u00e9n sz\u00fclettem, Budapesten. Kicsi gyermek korom \u00f3ta sportolok \u00e9s ami\u00f3ta az eszemet tudom szerves r\u00e9sze az \u00e9letemnek a mozg\u00e1s.<br \/>\n2000-ben kezdtem el teniszezni Dunakeszin, el\u0151sz\u00f6r heti 1-2 alkalommal hobbi szinten. Versenyz\u0151i karrierem 9 \u00e9vesen kezd\u0151d\u00f6tt \u00e9s tartott eg\u00e9szen 17 \u00e9ves koromig, amikor sajnos csal\u00e1di okok miatt be kellett fejeznem a versenysportot, de ennek ellen\u00e9re szerencs\u00e9snek mondhatom magam, hiszen t\u00f6bb hazai tornagy\u0151zelmet tudhatok magam\u00e9nak \u00e9s sok versenyen siker\u00fclt helyt\u00e1llnom.<br \/>\n2014-ben kezdtem el oktat\u00e1ssal foglalkozni Dunakeszin \u00e9s 2019 m\u00e1rciusa \u00f3ta vagyok tagja a Future Tennis Team-nek.<br \/>\nEz id\u0151 alatt t\u00f6bb k\u00e9pz\u00e9sen vettem r\u00e9szt, t\u00f6bbek k\u00f6z\u00f6tt a vil\u00e1g legnagyobb Play &amp; Stay edz\u0151j\u00e9t\u0151l, Mike Barrell-t\u0151l is siker\u00fclt rengeteg dolgot elsaj\u00e1t\u00edtanom, valamint a PTR nemzetk\u00f6zi vizsg\u00e1t is letettem.<br \/>\nEls\u0151 sz\u00e1m\u00fa c\u00e9lom a tenisz megszerettet\u00e9se a gyerekekkel \u00e9s a feln\u0151ttekkel, hiszen az a legfontosabb, hogy j\u00f3l \u00e9rezze mag\u00e1t mindenki a teniszp\u00e1ly\u00e1n.<\/p>\n<\/div>\n\t\t<\/div><\/div><div id=\"pgc-175-4-1\"  class=\"panel-grid-cell\" ><div id=\"panel-175-4-1-0\" class=\"so-panel widget widget_text panel-first-child panel-last-child\" data-index=\"9\" >\t\t\t<div class=\"textwidget\"><p><img loading=\"lazy\" decoding=\"async\" class=\"alignnone size-thumbnail wp-image-2860\" src=\"https:\/\/fotsportegyesulet.hu\/wp-content\/uploads\/2021\/09\/tenisz-fi-150x150.png\" alt=\"\" width=\"150\" height=\"150\" srcset=\"https:\/\/fotsportegyesulet.hu\/wp-content\/uploads\/2021\/09\/tenisz-fi-150x150.png 150w, https:\/\/fotsportegyesulet.hu\/wp-content\/uploads\/2021\/09\/tenisz-fi-300x298.png 300w, https:\/\/fotsportegyesulet.hu\/wp-content\/uploads\/2021\/09\/tenisz-fi.png 329w\" sizes=\"auto, (max-width: 150px) 100vw, 150px\" \/><\/p>\n<\/div>\n\t\t<\/div><\/div><\/div><div id=\"pg-175-5\"  class=\"panel-grid panel-no-style\" ><div id=\"pgc-175-5-0\"  class=\"panel-grid-cell\" ><div id=\"panel-175-5-0-0\" class=\"so-panel widget widget_sporty-gridposts-widget panel-first-child panel-last-child\" data-index=\"10\" ><div class=\"masonry-grid\">\n<div id=\"two-columns\" data-columns> \n<article class=\"post\">\n    <div class=\"post-15724 post type-post status-publish format-standard has-post-thumbnail hentry category-hirek category-ritmikus-gimnasztika\"  id=\"post-15724\">\n      \n    <figure>\n         \n        <ul class=\"sporty-masonry-cats\">\n            <li><a href=\"https:\/\/fotsportegyesulet.hu\/index.php\/category\/hirek\/\" rel=\"category tag\">H\u00edrek<\/a><\/li><li><a href=\"https:\/\/fotsportegyesulet.hu\/index.php\/category\/ritmikus-gimnasztika\/\" rel=\"category tag\">Ritmikus gimnasztika<\/a><\/li>\n        <\/ul>\n                <a href=\"https:\/\/fotsportegyesulet.hu\/index.php\/2026\/04\/27\/sikeres-szereples-az-orszagos-bajnoksagon\/\">\n            <img decoding=\"async\" src=\"https:\/\/fotsportegyesulet.hu\/wp-content\/uploads\/2026\/04\/kiemelt1.jpg\" alt=\"Sikeres szerepl\u00e9s az Orsz\u00e1gos Bajnoks\u00e1gon\" \/>\n        <\/a>\n    <\/figure>\n            <div class=\"postbox\">  \n            <div class=\"date-without-thumb\"><a class=\"postbox-date\" href=\"https:\/\/fotsportegyesulet.hu\/index.php\/2026\/04\/27\/sikeres-szereples-az-orszagos-bajnoksagon\/\">2026.04.27.<\/a><\/div>\n            <h3>\n                <a href=\"https:\/\/fotsportegyesulet.hu\/index.php\/2026\/04\/27\/sikeres-szereples-az-orszagos-bajnoksagon\/\">Sikeres szerepl\u00e9s az Orsz\u00e1gos Bajnoks\u00e1gon<\/a>\n            <\/h3>\n            <p>Dobog\u00f3s helyek \u00e9s \u00e9letre sz\u00f3l\u00f3 \u00e9lm\u00e9nyek &#8211; RG \u00e9s AGG a f\u00f3ti OB-n.<\/p>\n        <\/div>    \n    <\/div>\n<\/article><article class=\"post\">\n    <div class=\"post-15690 post type-post status-publish format-standard has-post-thumbnail hentry category-hirek\"  id=\"post-15690\">\n      \n    <figure>\n         \n        <ul class=\"sporty-masonry-cats\">\n            <li><a href=\"https:\/\/fotsportegyesulet.hu\/index.php\/category\/hirek\/\" rel=\"category tag\">H\u00edrek<\/a><\/li>\n        <\/ul>\n                <a href=\"https:\/\/fotsportegyesulet.hu\/index.php\/2026\/04\/23\/formaba-lendulve-celra-tartva\/\">\n            <img decoding=\"async\" src=\"https:\/\/fotsportegyesulet.hu\/wp-content\/uploads\/2026\/04\/956x455-csapatkep.jpg\" alt=\"Form\u00e1ba lend\u00fclve, c\u00e9lra tartva!\" \/>\n        <\/a>\n    <\/figure>\n            <div class=\"postbox\">  \n            <div class=\"date-without-thumb\"><a class=\"postbox-date\" href=\"https:\/\/fotsportegyesulet.hu\/index.php\/2026\/04\/23\/formaba-lendulve-celra-tartva\/\">2026.04.23.<\/a><\/div>\n            <h3>\n                <a href=\"https:\/\/fotsportegyesulet.hu\/index.php\/2026\/04\/23\/formaba-lendulve-celra-tartva\/\">Form\u00e1ba lend\u00fclve, c\u00e9lra tartva!<\/a>\n            <\/h3>\n            <p>M\u00e1rciusi k\u00f6rk\u00e9p a F\u00f3t SE I-es labdar\u00fag\u00f3 csapat\u00e1n\u00e1l.<\/p>\n        <\/div>    \n    <\/div>\n<\/article><article class=\"post\">\n    <div class=\"post-15683 post type-post status-publish format-standard has-post-thumbnail hentry category-hirek\"  id=\"post-15683\">\n      \n    <figure>\n         \n        <ul class=\"sporty-masonry-cats\">\n            <li><a href=\"https:\/\/fotsportegyesulet.hu\/index.php\/category\/hirek\/\" rel=\"category tag\">H\u00edrek<\/a><\/li>\n        <\/ul>\n                <a href=\"https:\/\/fotsportegyesulet.hu\/index.php\/2026\/04\/21\/mindig-van-meg-benne-tobb\/\">\n            <img decoding=\"async\" src=\"https:\/\/fotsportegyesulet.hu\/wp-content\/uploads\/2026\/04\/956x455.jpg\" alt=\"Mindig van m\u00e9g benne t\u00f6bb!\" \/>\n        <\/a>\n    <\/figure>\n            <div class=\"postbox\">  \n            <div class=\"date-without-thumb\"><a class=\"postbox-date\" href=\"https:\/\/fotsportegyesulet.hu\/index.php\/2026\/04\/21\/mindig-van-meg-benne-tobb\/\">2026.04.21.<\/a><\/div>\n            <h3>\n                <a href=\"https:\/\/fotsportegyesulet.hu\/index.php\/2026\/04\/21\/mindig-van-meg-benne-tobb\/\">Mindig van m\u00e9g benne t\u00f6bb!<\/a>\n            <\/h3>\n            <p>Mezey Keve m\u00e1rciusban a h\u00f3nap j\u00e1t\u00e9kosa.<\/p>\n        <\/div>    \n    <\/div>\n<\/article><article class=\"post\">\n    <div class=\"post-15657 post type-post status-publish format-standard has-post-thumbnail hentry category-atletika category-hirek category-kiemelt-hir category-kosarlabda category-labdarugas category-modern-tanc category-ritmikus-gimnasztika\"  id=\"post-15657\">\n      \n    <figure>\n         \n        <ul class=\"sporty-masonry-cats\">\n            <li><a href=\"https:\/\/fotsportegyesulet.hu\/index.php\/category\/atletika\/\" rel=\"category tag\">Atl\u00e9tika<\/a><\/li><li><a href=\"https:\/\/fotsportegyesulet.hu\/index.php\/category\/hirek\/\" rel=\"category tag\">H\u00edrek<\/a><\/li><li><a href=\"https:\/\/fotsportegyesulet.hu\/index.php\/category\/kiemelt-hir\/\" rel=\"category tag\">Kiemelt h\u00edr<\/a><\/li><li><a href=\"https:\/\/fotsportegyesulet.hu\/index.php\/category\/kosarlabda\/\" rel=\"category tag\">Kos\u00e1rlabda<\/a><\/li><li><a href=\"https:\/\/fotsportegyesulet.hu\/index.php\/category\/labdarugas\/\" rel=\"category tag\">Labdar\u00fag\u00e1s<\/a><\/li><li><a href=\"https:\/\/fotsportegyesulet.hu\/index.php\/category\/modern-tanc\/\" rel=\"category tag\">Modern t\u00e1nc<\/a><\/li><li><a href=\"https:\/\/fotsportegyesulet.hu\/index.php\/category\/ritmikus-gimnasztika\/\" rel=\"category tag\">Ritmikus gimnasztika<\/a><\/li>\n        <\/ul>\n                <a href=\"https:\/\/fotsportegyesulet.hu\/index.php\/2026\/04\/08\/legy-reszese-te-is-nyari-sport-taborainknak\/\">\n            <img decoding=\"async\" src=\"https:\/\/fotsportegyesulet.hu\/wp-content\/uploads\/2026\/04\/group-childrens-having-fun-park.jpg\" alt=\"L\u00e9gy r\u00e9szese Te is ny\u00e1ri sport t\u00e1borainknak!\" \/>\n        <\/a>\n    <\/figure>\n            <div class=\"postbox\">  \n            <div class=\"date-without-thumb\"><a class=\"postbox-date\" href=\"https:\/\/fotsportegyesulet.hu\/index.php\/2026\/04\/08\/legy-reszese-te-is-nyari-sport-taborainknak\/\">2026.04.08.<\/a><\/div>\n            <h3>\n                <a href=\"https:\/\/fotsportegyesulet.hu\/index.php\/2026\/04\/08\/legy-reszese-te-is-nyari-sport-taborainknak\/\">L\u00e9gy r\u00e9szese Te is ny\u00e1ri sport t\u00e1borainknak!<\/a>\n            <\/h3>\n            <p>Szeretettek v\u00e1rjuk a gyerekeket j\u00e1t\u00e9kos-sportos t\u00e1borainkba!<\/p>\n        <\/div>    \n    <\/div>\n<\/article><article class=\"post\">\n    <div class=\"post-15619 post type-post status-publish format-standard has-post-thumbnail hentry category-atletika category-hirek\"  id=\"post-15619\">\n      \n    <figure>\n         \n        <ul class=\"sporty-masonry-cats\">\n            <li><a href=\"https:\/\/fotsportegyesulet.hu\/index.php\/category\/atletika\/\" rel=\"category tag\">Atl\u00e9tika<\/a><\/li><li><a href=\"https:\/\/fotsportegyesulet.hu\/index.php\/category\/hirek\/\" rel=\"category tag\">H\u00edrek<\/a><\/li>\n        <\/ul>\n                <a href=\"https:\/\/fotsportegyesulet.hu\/index.php\/2026\/03\/30\/foti-versenyzok-a-vivicitta-futoversenyen\/\">\n            <img decoding=\"async\" src=\"https:\/\/fotsportegyesulet.hu\/wp-content\/uploads\/2026\/03\/440749f4628a5e6c0dc677277e867c40.jpg\" alt=\"F\u00f3ti versenyz\u0151k a Vivicitt\u00e1 fut\u00f3versenyen\" \/>\n        <\/a>\n    <\/figure>\n            <div class=\"postbox\">  \n            <div class=\"date-without-thumb\"><a class=\"postbox-date\" href=\"https:\/\/fotsportegyesulet.hu\/index.php\/2026\/03\/30\/foti-versenyzok-a-vivicitta-futoversenyen\/\">2026.03.30.<\/a><\/div>\n            <h3>\n                <a href=\"https:\/\/fotsportegyesulet.hu\/index.php\/2026\/03\/30\/foti-versenyzok-a-vivicitta-futoversenyen\/\">F\u00f3ti versenyz\u0151k a Vivicitt\u00e1 fut\u00f3versenyen<\/a>\n            <\/h3>\n            <p>T\u00f6bb, mint 20 atl\u00e9t\u00e1val \u00e1llt rajthoz az FSE  03. 21-\u00e9n a Margitszigeten<\/p>\n        <\/div>    \n    <\/div>\n<\/article><\/div>\n<\/div>    \n<\/div><\/div><div id=\"pgc-175-5-1\"  class=\"panel-grid-cell\" ><div id=\"panel-175-5-1-0\" class=\"widget_text so-panel widget widget_custom_html panel-first-child panel-last-child\" data-index=\"11\" ><h3 class=\"widget-title\">K\u00d6VESS MINKET!<\/h3><div class=\"textwidget custom-html-widget\"><iframe loading=\"lazy\" src=\"https:\/\/www.facebook.com\/plugins\/page.php?href=https%3A%2F%2Fwww.facebook.com%2Ffotsportegyesulet%2F&tabs=timeline&width=340&height=500&small_header=true&adapt_container_width=false&hide_cover=false&show_facepile=true&appId\" width=\"340\" height=\"500\" style=\"border:none;overflow:hidden\" scrolling=\"no\" frameborder=\"0\" allowtransparency=\"true\" allow=\"encrypted-media\"><\/iframe><\/div><\/div><\/div><\/div><\/div>","protected":false},"excerpt":{"rendered":"<p>Edz\u00e9sek Csoportos \u00f3r\u00e1k: Feln\u0151tt csoportos oktat\u00e1s: heti 1 alkalom: 9.000 Ft\/h\u00f3-t\u00f3l Gyerek csoportos oktat\u00e1s: heti 1 alkalom: 8.000 Ft\/h\u00f3-t\u00f3l heti 2 alkalom: 15.000 Ft\/h\u00f3-t\u00f3l Pontos \u00e1rak\u00e9rt \u00e9s a szabad id\u0151pontok&#8230;<\/p>\n","protected":false},"author":1,"featured_media":0,"parent":0,"menu_order":0,"comment_status":"closed","ping_status":"closed","template":"","meta":{"_bbp_topic_count":0,"_bbp_reply_count":0,"_bbp_total_topic_count":0,"_bbp_total_reply_count":0,"_bbp_voice_count":0,"_bbp_anonymous_reply_count":0,"_bbp_topic_count_hidden":0,"_bbp_reply_count_hidden":0,"_bbp_forum_subforum_count":0,"_price":"","_stock":"","_tribe_ticket_header":"","_tribe_default_ticket_provider":"","_ticket_start_date":"","_ticket_end_date":"","_tribe_ticket_show_description":"","_tribe_ticket_show_not_going":false,"_tribe_ticket_use_global_stock":"","_tribe_ticket_global_stock_level":"","_global_stock_mode":"","_global_stock_cap":"","_tribe_rsvp_for_event":"","_tribe_ticket_going_count":"","_tribe_ticket_not_going_count":"","_tribe_tickets_list":"[]","_tribe_ticket_has_attendee_info_fields":false,"footnotes":"","_tec_slr_enabled":"","_tec_slr_layout":""},"class_list":["post-175","page","type-page","status-publish","hentry"],"yoast_head":"<!-- This site is optimized with the Yoast SEO plugin v25.7 - https:\/\/yoast.com\/wordpress\/plugins\/seo\/ -->\n<title>TENISZ - F\u00d3T SPORTEGYES\u00dcLET<\/title>\n<meta name=\"robots\" content=\"index, follow, max-snippet:-1, max-image-preview:large, max-video-preview:-1\" \/>\n<link rel=\"canonical\" href=\"https:\/\/fotsportegyesulet.hu\/index.php\/tenisz\/\" \/>\n<meta property=\"og:locale\" content=\"hu_HU\" \/>\n<meta property=\"og:type\" content=\"article\" \/>\n<meta property=\"og:title\" content=\"TENISZ - F\u00d3T SPORTEGYES\u00dcLET\" \/>\n<meta property=\"og:description\" content=\"Edz\u00e9sek Csoportos \u00f3r\u00e1k: Feln\u0151tt csoportos oktat\u00e1s: heti 1 alkalom: 9.000 Ft\/h\u00f3-t\u00f3l Gyerek csoportos oktat\u00e1s: heti 1 alkalom: 8.000 Ft\/h\u00f3-t\u00f3l heti 2 alkalom: 15.000 Ft\/h\u00f3-t\u00f3l Pontos \u00e1rak\u00e9rt \u00e9s a szabad id\u0151pontok...\" \/>\n<meta property=\"og:url\" content=\"https:\/\/fotsportegyesulet.hu\/index.php\/tenisz\/\" \/>\n<meta property=\"og:site_name\" content=\"F\u00d3T SPORTEGYES\u00dcLET\" \/>\n<meta property=\"article:publisher\" content=\"https:\/\/www.facebook.com\/fotsportegyesulet\/\" \/>\n<meta property=\"article:modified_time\" content=\"2021-09-24T06:35:51+00:00\" \/>\n<meta property=\"og:image\" content=\"https:\/\/fotsportegyesulet.hu\/wp-content\/uploads\/2021\/09\/tenisz1-150x150.png\" \/>\n<meta name=\"twitter:card\" content=\"summary_large_image\" \/>\n<meta name=\"twitter:label1\" content=\"Becs\u00fclt olvas\u00e1si id\u0151\" \/>\n\t<meta name=\"twitter:data1\" content=\"4 perc\" \/>\n<script type=\"application\/ld+json\" class=\"yoast-schema-graph\">{\"@context\":\"https:\/\/schema.org\",\"@graph\":[{\"@type\":\"WebPage\",\"@id\":\"https:\/\/fotsportegyesulet.hu\/index.php\/tenisz\/\",\"url\":\"https:\/\/fotsportegyesulet.hu\/index.php\/tenisz\/\",\"name\":\"TENISZ - F\u00d3T SPORTEGYES\u00dcLET\",\"isPartOf\":{\"@id\":\"https:\/\/fotsportegyesulet.hu\/#website\"},\"primaryImageOfPage\":{\"@id\":\"https:\/\/fotsportegyesulet.hu\/index.php\/tenisz\/#primaryimage\"},\"image\":{\"@id\":\"https:\/\/fotsportegyesulet.hu\/index.php\/tenisz\/#primaryimage\"},\"thumbnailUrl\":\"https:\/\/fotsportegyesulet.hu\/wp-content\/uploads\/2021\/09\/tenisz1-150x150.png\",\"datePublished\":\"2019-07-03T12:49:53+00:00\",\"dateModified\":\"2021-09-24T06:35:51+00:00\",\"breadcrumb\":{\"@id\":\"https:\/\/fotsportegyesulet.hu\/index.php\/tenisz\/#breadcrumb\"},\"inLanguage\":\"hu\",\"potentialAction\":[{\"@type\":\"ReadAction\",\"target\":[\"https:\/\/fotsportegyesulet.hu\/index.php\/tenisz\/\"]}]},{\"@type\":\"ImageObject\",\"inLanguage\":\"hu\",\"@id\":\"https:\/\/fotsportegyesulet.hu\/index.php\/tenisz\/#primaryimage\",\"url\":\"https:\/\/fotsportegyesulet.hu\/wp-content\/uploads\/2021\/09\/tenisz1.png\",\"contentUrl\":\"https:\/\/fotsportegyesulet.hu\/wp-content\/uploads\/2021\/09\/tenisz1.png\",\"width\":324,\"height\":327},{\"@type\":\"BreadcrumbList\",\"@id\":\"https:\/\/fotsportegyesulet.hu\/index.php\/tenisz\/#breadcrumb\",\"itemListElement\":[{\"@type\":\"ListItem\",\"position\":1,\"name\":\"Kezd\u0151lap\",\"item\":\"https:\/\/fotsportegyesulet.hu\/\"},{\"@type\":\"ListItem\",\"position\":2,\"name\":\"TENISZ\"}]},{\"@type\":\"WebSite\",\"@id\":\"https:\/\/fotsportegyesulet.hu\/#website\",\"url\":\"https:\/\/fotsportegyesulet.hu\/\",\"name\":\"F\u00d3T SPORTEGYES\u00dcLET\",\"description\":\"\",\"publisher\":{\"@id\":\"https:\/\/fotsportegyesulet.hu\/#organization\"},\"potentialAction\":[{\"@type\":\"SearchAction\",\"target\":{\"@type\":\"EntryPoint\",\"urlTemplate\":\"https:\/\/fotsportegyesulet.hu\/?s={search_term_string}\"},\"query-input\":{\"@type\":\"PropertyValueSpecification\",\"valueRequired\":true,\"valueName\":\"search_term_string\"}}],\"inLanguage\":\"hu\"},{\"@type\":\"Organization\",\"@id\":\"https:\/\/fotsportegyesulet.hu\/#organization\",\"name\":\"F\u00f3t Sportegyes\u00fclet\",\"url\":\"https:\/\/fotsportegyesulet.hu\/\",\"logo\":{\"@type\":\"ImageObject\",\"inLanguage\":\"hu\",\"@id\":\"https:\/\/fotsportegyesulet.hu\/#\/schema\/logo\/image\/\",\"url\":\"https:\/\/fotsportegyesulet.hu\/wp-content\/uploads\/2020\/07\/eredeti-sz\u00ednes-vektoros-Fot-cimer-3.png\",\"contentUrl\":\"https:\/\/fotsportegyesulet.hu\/wp-content\/uploads\/2020\/07\/eredeti-sz\u00ednes-vektoros-Fot-cimer-3.png\",\"width\":500,\"height\":500,\"caption\":\"F\u00f3t Sportegyes\u00fclet\"},\"image\":{\"@id\":\"https:\/\/fotsportegyesulet.hu\/#\/schema\/logo\/image\/\"},\"sameAs\":[\"https:\/\/www.facebook.com\/fotsportegyesulet\/\"]}]}<\/script>\n<!-- \/ Yoast SEO plugin. -->","yoast_head_json":{"title":"TENISZ - F\u00d3T SPORTEGYES\u00dcLET","robots":{"index":"index","follow":"follow","max-snippet":"max-snippet:-1","max-image-preview":"max-image-preview:large","max-video-preview":"max-video-preview:-1"},"canonical":"https:\/\/fotsportegyesulet.hu\/index.php\/tenisz\/","og_locale":"hu_HU","og_type":"article","og_title":"TENISZ - F\u00d3T SPORTEGYES\u00dcLET","og_description":"Edz\u00e9sek Csoportos \u00f3r\u00e1k: Feln\u0151tt csoportos oktat\u00e1s: heti 1 alkalom: 9.000 Ft\/h\u00f3-t\u00f3l Gyerek csoportos oktat\u00e1s: heti 1 alkalom: 8.000 Ft\/h\u00f3-t\u00f3l heti 2 alkalom: 15.000 Ft\/h\u00f3-t\u00f3l Pontos \u00e1rak\u00e9rt \u00e9s a szabad id\u0151pontok...","og_url":"https:\/\/fotsportegyesulet.hu\/index.php\/tenisz\/","og_site_name":"F\u00d3T SPORTEGYES\u00dcLET","article_publisher":"https:\/\/www.facebook.com\/fotsportegyesulet\/","article_modified_time":"2021-09-24T06:35:51+00:00","og_image":[{"url":"https:\/\/fotsportegyesulet.hu\/wp-content\/uploads\/2021\/09\/tenisz1-150x150.png","type":"","width":"","height":""}],"twitter_card":"summary_large_image","twitter_misc":{"Becs\u00fclt olvas\u00e1si id\u0151":"4 perc"},"schema":{"@context":"https:\/\/schema.org","@graph":[{"@type":"WebPage","@id":"https:\/\/fotsportegyesulet.hu\/index.php\/tenisz\/","url":"https:\/\/fotsportegyesulet.hu\/index.php\/tenisz\/","name":"TENISZ - F\u00d3T SPORTEGYES\u00dcLET","isPartOf":{"@id":"https:\/\/fotsportegyesulet.hu\/#website"},"primaryImageOfPage":{"@id":"https:\/\/fotsportegyesulet.hu\/index.php\/tenisz\/#primaryimage"},"image":{"@id":"https:\/\/fotsportegyesulet.hu\/index.php\/tenisz\/#primaryimage"},"thumbnailUrl":"https:\/\/fotsportegyesulet.hu\/wp-content\/uploads\/2021\/09\/tenisz1-150x150.png","datePublished":"2019-07-03T12:49:53+00:00","dateModified":"2021-09-24T06:35:51+00:00","breadcrumb":{"@id":"https:\/\/fotsportegyesulet.hu\/index.php\/tenisz\/#breadcrumb"},"inLanguage":"hu","potentialAction":[{"@type":"ReadAction","target":["https:\/\/fotsportegyesulet.hu\/index.php\/tenisz\/"]}]},{"@type":"ImageObject","inLanguage":"hu","@id":"https:\/\/fotsportegyesulet.hu\/index.php\/tenisz\/#primaryimage","url":"https:\/\/fotsportegyesulet.hu\/wp-content\/uploads\/2021\/09\/tenisz1.png","contentUrl":"https:\/\/fotsportegyesulet.hu\/wp-content\/uploads\/2021\/09\/tenisz1.png","width":324,"height":327},{"@type":"BreadcrumbList","@id":"https:\/\/fotsportegyesulet.hu\/index.php\/tenisz\/#breadcrumb","itemListElement":[{"@type":"ListItem","position":1,"name":"Kezd\u0151lap","item":"https:\/\/fotsportegyesulet.hu\/"},{"@type":"ListItem","position":2,"name":"TENISZ"}]},{"@type":"WebSite","@id":"https:\/\/fotsportegyesulet.hu\/#website","url":"https:\/\/fotsportegyesulet.hu\/","name":"F\u00d3T SPORTEGYES\u00dcLET","description":"","publisher":{"@id":"https:\/\/fotsportegyesulet.hu\/#organization"},"potentialAction":[{"@type":"SearchAction","target":{"@type":"EntryPoint","urlTemplate":"https:\/\/fotsportegyesulet.hu\/?s={search_term_string}"},"query-input":{"@type":"PropertyValueSpecification","valueRequired":true,"valueName":"search_term_string"}}],"inLanguage":"hu"},{"@type":"Organization","@id":"https:\/\/fotsportegyesulet.hu\/#organization","name":"F\u00f3t Sportegyes\u00fclet","url":"https:\/\/fotsportegyesulet.hu\/","logo":{"@type":"ImageObject","inLanguage":"hu","@id":"https:\/\/fotsportegyesulet.hu\/#\/schema\/logo\/image\/","url":"https:\/\/fotsportegyesulet.hu\/wp-content\/uploads\/2020\/07\/eredeti-sz\u00ednes-vektoros-Fot-cimer-3.png","contentUrl":"https:\/\/fotsportegyesulet.hu\/wp-content\/uploads\/2020\/07\/eredeti-sz\u00ednes-vektoros-Fot-cimer-3.png","width":500,"height":500,"caption":"F\u00f3t Sportegyes\u00fclet"},"image":{"@id":"https:\/\/fotsportegyesulet.hu\/#\/schema\/logo\/image\/"},"sameAs":["https:\/\/www.facebook.com\/fotsportegyesulet\/"]}]}},"ticketed":false,"_links":{"self":[{"href":"https:\/\/fotsportegyesulet.hu\/index.php\/wp-json\/wp\/v2\/pages\/175","targetHints":{"allow":["GET"]}}],"collection":[{"href":"https:\/\/fotsportegyesulet.hu\/index.php\/wp-json\/wp\/v2\/pages"}],"about":[{"href":"https:\/\/fotsportegyesulet.hu\/index.php\/wp-json\/wp\/v2\/types\/page"}],"author":[{"embeddable":true,"href":"https:\/\/fotsportegyesulet.hu\/index.php\/wp-json\/wp\/v2\/users\/1"}],"replies":[{"embeddable":true,"href":"https:\/\/fotsportegyesulet.hu\/index.php\/wp-json\/wp\/v2\/comments?post=175"}],"version-history":[{"count":23,"href":"https:\/\/fotsportegyesulet.hu\/index.php\/wp-json\/wp\/v2\/pages\/175\/revisions"}],"predecessor-version":[{"id":2877,"href":"https:\/\/fotsportegyesulet.hu\/index.php\/wp-json\/wp\/v2\/pages\/175\/revisions\/2877"}],"wp:attachment":[{"href":"https:\/\/fotsportegyesulet.hu\/index.php\/wp-json\/wp\/v2\/media?parent=175"}],"curies":[{"name":"wp","href":"https:\/\/api.w.org\/{rel}","templated":true}]}}