{"id":167,"date":"2019-07-03T12:49:34","date_gmt":"2019-07-03T12:49:34","guid":{"rendered":"https:\/\/fotsportegyesulet.hu\/?page_id=167"},"modified":"2026-02-10T12:22:52","modified_gmt":"2026-02-10T11:22:52","slug":"labdarugas","status":"publish","type":"page","link":"https:\/\/fotsportegyesulet.hu\/index.php\/labdarugas\/","title":{"rendered":"LABDAR\u00daG\u00c1S"},"content":{"rendered":"<div id=\"pl-167\"  class=\"panel-layout\" ><div id=\"pg-167-0\"  class=\"panel-grid panel-no-style\" ><div id=\"pgc-167-0-0\"  class=\"panel-grid-cell\" ><div id=\"panel-167-0-0-0\" class=\"so-panel widget widget_sow-button panel-first-child panel-last-child\" data-index=\"0\" ><div\n\t\t\t\n\t\t\tclass=\"so-widget-sow-button so-widget-sow-button-flat-e7b8b18634e4-167\"\n\t\t\t\n\t\t><div class=\"ow-button-base ow-button-align-center\"\n>\n\t\t\t<a\n\t\t\t\tclass=\"sowb-button ow-icon-placement-left ow-button-hover\" \t>\n\t\t<span>\n\t\t\t\n\t\t\tUT\u00c1NP\u00d3TL\u00c1S\t\t<\/span>\n\t\t\t<\/a>\n\t<\/div>\n<\/div><\/div><\/div><div id=\"pgc-167-0-1\"  class=\"panel-grid-cell\" ><div id=\"panel-167-0-1-0\" class=\"so-panel widget widget_sow-button panel-first-child panel-last-child\" data-index=\"1\" ><div\n\t\t\t\n\t\t\tclass=\"so-widget-sow-button so-widget-sow-button-flat-d85ced7b2137-167\"\n\t\t\t\n\t\t><div class=\"ow-button-base ow-button-align-center\"\n>\n\t\t\t<a\n\t\t\t\tclass=\"sowb-button ow-icon-placement-left ow-button-hover\" \t>\n\t\t<span>\n\t\t\t\n\t\t\tFELN\u0150TT\t\t<\/span>\n\t\t\t<\/a>\n\t<\/div>\n<\/div><\/div><\/div><div id=\"pgc-167-0-2\"  class=\"panel-grid-cell\" ><div id=\"panel-167-0-2-0\" class=\"so-panel widget widget_sow-button panel-first-child panel-last-child\" data-index=\"2\" ><div\n\t\t\t\n\t\t\tclass=\"so-widget-sow-button so-widget-sow-button-flat-e7b8b18634e4-167\"\n\t\t\t\n\t\t><div class=\"ow-button-base ow-button-align-center\"\n>\n\t\t\t<a\n\t\t\t\tclass=\"sowb-button ow-icon-placement-left ow-button-hover\" \t>\n\t\t<span>\n\t\t\t\n\t\t\t\u00d6REGFI\u00daK\t\t<\/span>\n\t\t\t<\/a>\n\t<\/div>\n<\/div><\/div><\/div><\/div><div id=\"pg-167-1\"  class=\"panel-grid panel-no-style\" ><div id=\"pgc-167-1-0\"  class=\"panel-grid-cell panel-grid-cell-mobile-last\" ><div id=\"panel-167-1-0-0\" class=\"so-panel widget widget_text panel-first-child panel-last-child\" data-index=\"3\" ><h3 class=\"widget-title\">Feln\u0151tt \u00e9s U19 csapatok edz\u00e9s id\u0151pontjai<\/h3>\t\t\t<div class=\"textwidget\"><p>Kedd \u00e9s cs\u00fct\u00f6rt\u00f6k 17.30-t\u00f3l 19 \u00f3r\u00e1ig<\/p>\n<\/div>\n\t\t<\/div><\/div><div id=\"pgc-167-1-1\"  class=\"panel-grid-cell panel-grid-cell-empty\" ><\/div><\/div><div id=\"pg-167-2\"  class=\"panel-grid panel-no-style\" ><div id=\"pgc-167-2-0\"  class=\"panel-grid-cell\" ><div id=\"panel-167-2-0-0\" class=\"so-panel widget widget_text panel-first-child panel-last-child\" data-index=\"4\" ><h3 class=\"widget-title\">Szakoszt\u00e1lyvezet\u0151<\/h3>\t\t\t<div class=\"textwidget\"><p><strong>Szkala S\u00e1ndor<br \/>\n<\/strong>Mobil: 06 30 222 2020<strong><br \/>\n<\/strong><br \/>\nFiatal korom \u00f3ta focizok, jelenleg a FSE \u00f6regfi\u00fak \u00e9s a FSE I. feln\u0151tt csapat\u00e1ban is j\u00e1tszom. Folyamatos hangs\u00falyt fektet\u00fcnk az ut\u00e1np\u00f3tl\u00e1s csapatink l\u00e9tsz\u00e1m\u00e1nak b\u0151v\u00edt\u00e9sre. Jelenleg 10 k\u00fcl\u00f6nb\u00f6z\u0151 koroszt\u00e1ly\u00fa csapatunkban \u2013 u7-t\u0151l \u00f6regfi\u00fakig \u2013 t\u00f6bb mint 170 j\u00e1t\u00e9kosunk van.<strong><br \/>\n<\/strong><\/p>\n<\/div>\n\t\t<\/div><\/div><div id=\"pgc-167-2-1\"  class=\"panel-grid-cell\" ><div id=\"panel-167-2-1-0\" class=\"so-panel widget widget_media_image panel-first-child panel-last-child\" data-index=\"5\" ><img loading=\"lazy\" decoding=\"async\" width=\"300\" height=\"300\" src=\"https:\/\/fotsportegyesulet.hu\/wp-content\/uploads\/2020\/10\/Szkala-Sandor_kep_-300x300.jpg\" class=\"image wp-image-1828  attachment-medium size-medium\" alt=\"\" style=\"max-width: 100%; height: auto;\" srcset=\"https:\/\/fotsportegyesulet.hu\/wp-content\/uploads\/2020\/10\/Szkala-Sandor_kep_-300x300.jpg 300w, https:\/\/fotsportegyesulet.hu\/wp-content\/uploads\/2020\/10\/Szkala-Sandor_kep_-150x150.jpg 150w, https:\/\/fotsportegyesulet.hu\/wp-content\/uploads\/2020\/10\/Szkala-Sandor_kep_.jpg 500w\" sizes=\"auto, (max-width: 300px) 100vw, 300px\" \/><\/div><\/div><\/div><div id=\"pg-167-3\"  class=\"panel-grid panel-no-style\" ><div id=\"pgc-167-3-0\"  class=\"panel-grid-cell\" ><div id=\"panel-167-3-0-0\" class=\"so-panel widget widget_text panel-first-child panel-last-child\" data-index=\"6\" ><h3 class=\"widget-title\">Sportszakmai vezet\u0151, edz\u0151<\/h3>\t\t\t<div class=\"textwidget\"><p><strong>Katona M\u00e1t\u00e9<\/strong><\/p>\n<p>Katona M\u00e1t\u00e9 U11-es koroszt\u00e1ly\u00fa labdar\u00fag\u00f3 csapat edz\u0151je vagyok. 2022-t\u0151l pedig a F\u00f3t Sportegyes\u00fclet sportszakmai vezet\u0151je. Azok sz\u00e1m\u00e1ra, akik m\u00e9g nem ismernek n\u00e9h\u00e1ny mondatba szeretn\u00e9k bemutatkozni:<\/p>\n<p>6 \u00e9ves koromban kezdtem el focizni az \u00dajpestben, ahol 10\u00e9vet t\u00f6lt\u00f6ttem. Onnan a Vasasba vezetett az \u00fat, ahol egy \u00e9vvel k\u00e9s\u0151bb m\u00e1r az NB1-es feln\u0151tt csapat tagjak\u00e9nt profi labdar\u00fag\u00f3 lettem. 2011-ben 21 \u00e9vesen m\u00e1r csapatkapit\u00e1nyk\u00e9nt vezettem ki a csapatot az AS ROMA elleni centen\u00e1riumi m\u00e9rk\u0151z\u00e9sre, amire nagyon b\u00fcszke vagyok. A labdar\u00fag\u00e1s eg\u00e9sz \u00e9letemben meghat\u00e1roz\u00f3 szerepet t\u00f6lt\u00f6tt be. C\u00e9lunk, hogy a f\u00f3ti sport\u00e9letet felemelj\u00fck \u00e9s n\u00e9pszer\u0171s\u00edts\u00fck. Ezen bel\u00fcl a labdar\u00fag\u00e1s szakmai munk\u00e1j\u00e1\u00e9rt felelek, hogy a gyerekek min\u00e9l magasabb szint\u0171 k\u00e9pz\u00e9st kapjanak. L\u00e9trehoztunk egy k\u00e9pz\u00e9si rendszert, ami alapj\u00e1n m\u0171k\u00f6dtetj\u00fck a tov\u00e1bbiakban a szakoszt\u00e1lyt. Szeretn\u00e9nk el\u00e9rni, hogy a n\u00e1lunk pall\u00e9roz\u00f3d\u00f3 gyerekek \u00e1ltal er\u0151sebb ut\u00e1np\u00f3tl\u00e1s b\u00e1ziss\u00e1 v\u00e1ljunk, illetve, hogy t\u0151l\u00fcnk ker\u00fcljenek magasabb szint\u0171 klubokba. B\u00fcszk\u00e9k lenn\u00e9nk, ha \u00e9vek m\u00falva egy profi futballista elmondhatn\u00e1 mag\u00e1r\u00f3l, hogy \u201eA F\u00f3t SE-ben kezdtem focizni\u201d.<\/p>\n<p><strong>\u00a0<\/strong><\/p>\n<\/div>\n\t\t<\/div><\/div><div id=\"pgc-167-3-1\"  class=\"panel-grid-cell\" ><div id=\"panel-167-3-1-0\" class=\"so-panel widget widget_media_image panel-first-child panel-last-child\" data-index=\"7\" ><img loading=\"lazy\" decoding=\"async\" width=\"300\" height=\"292\" src=\"https:\/\/fotsportegyesulet.hu\/wp-content\/uploads\/2022\/03\/Katona-Mate-300x292.jpg\" class=\"image wp-image-3319  attachment-medium size-medium\" alt=\"\" style=\"max-width: 100%; height: auto;\" srcset=\"https:\/\/fotsportegyesulet.hu\/wp-content\/uploads\/2022\/03\/Katona-Mate-300x292.jpg 300w, https:\/\/fotsportegyesulet.hu\/wp-content\/uploads\/2022\/03\/Katona-Mate.jpg 514w\" sizes=\"auto, (max-width: 300px) 100vw, 300px\" \/><\/div><\/div><\/div><div id=\"pg-167-4\"  class=\"panel-grid panel-no-style\" ><div id=\"pgc-167-4-0\"  class=\"panel-grid-cell\" ><div id=\"panel-167-4-0-0\" class=\"so-panel widget widget_text panel-first-child\" data-index=\"8\" ><h3 class=\"widget-title\">Edz\u0151<\/h3>\t\t\t<div class=\"textwidget\"><p><strong>L\u0151rincz Norbert- U7<\/strong><\/p>\n<p>Eg\u00e9szen gyerekkorom \u00f3ta k\u00f6zel \u00e1ll hozz\u00e1m a sport \u00e9s a labdar\u00fag\u00e1s. C\u00e9lom, hogy minden gyermeknek emberileg \u00e9s szakmailag is a lehet\u0151 legt\u00f6bbet tudjam ny\u00fajtani \u00e9s hozz\u00e1seg\u00edtsem \u0151ket egy eg\u00e9szs\u00e9gtudatos, boldog \u00e9lethez.<\/p>\n<p>U7-es csapatedz\u0151k\u00e9nt fontosnak tartom a szil\u00e1rd technikai alapok megteremt\u00e9s\u00e9t, a csapatmunka \u00e9s \u00f6sszhang kialak\u00edt\u00e1s\u00e1t \u00e9s a megfelel\u0151 \u00e9rt\u00e9krend megteremt\u00e9s\u00e9t, melyek seg\u00edts\u00e9g\u00e9vel k\u00f6nnyebben l\u00e9phetnek a k\u00f6vetkez\u0151 szintre a j\u00e1t\u00e9kosok a futball \u00e9s a val\u00f3 \u00e9let ter\u00fclet\u00e9n is.<\/p>\n<p>&nbsp;<\/p>\n<\/div>\n\t\t<\/div><div id=\"panel-167-4-0-1\" class=\"so-panel widget widget_text\" data-index=\"9\" ><h3 class=\"widget-title\">Edz\u0151<\/h3>\t\t\t<div class=\"textwidget\"><p><strong>Urb\u00e1n Botond- U16-U17<\/strong><\/p>\n<p>Urb\u00e1n Botond vagyok, 24 \u00e9ves \u00e9s a F\u00f3t SE U16-U17-es csapat\u00e1nak labdar\u00fag\u00f3 edz\u0151je. Mint ahogyan az lenni szokott, az \u00e9n \u00e9letemben is hamar szerepet kapott ez a sport. Eg\u00e9szen 5 \u00e9ves koromt\u00f3l mostan\u00e1ig akt\u00edvan r\u00e9sze a mindennapjaimnak a labdar\u00fag\u00e1s, mint edz\u0151, \u00e9s mint j\u00e1t\u00e9kos is. Az edz\u0151i p\u00e1lyafut\u00e1som 3 \u00e9ve indult, \u00e9s rengeteget fejl\u0151dtem, tanultam, mind a gyerekekt\u0151l, mind pedig szakmai szempontb\u00f3l. T\u00f6bb k\u00fcl\u00f6nb\u00f6z\u0151 koroszt\u00e1llyal is dolgoztam, de jelenleg az U16-U17 az, amelyik a legink\u00e1bb passzol az elk\u00e9pzel\u00e9seimhez. Mikor ideker\u00fcltem, hamar megtal\u00e1ltam a k\u00f6z\u00f6s hangot a j\u00e1t\u00e9kosokkal \u00e9s koll\u00e9g\u00e1mmal, K\u00e1rp\u00e1ti Gy\u00f6rggyel is. Az edz\u00e9sek fel\u00e9p\u00edt\u00e9se hetekre le van bontva, \u00e9s azon bel\u00fcl is nagyobb hangs\u00falyt fektet\u00fcnk a hi\u00e1nyoss\u00e1gok jav\u00edt\u00e1s\u00e1ra. Sz\u00e1momra az egyik legfontosabb dolog, hogy l\u00e1ssam a j\u00e1t\u00e9kosaimon azokat a pozit\u00edv hat\u00e1sokat, amelyeket \u00e9n is megkaptam ett\u0151l a sportt\u00f3l!<\/p>\n<p>&nbsp;<\/p>\n<\/div>\n\t\t<\/div><div id=\"panel-167-4-0-2\" class=\"so-panel widget widget_text\" data-index=\"10\" ><h3 class=\"widget-title\">Edz\u0151<\/h3>\t\t\t<div class=\"textwidget\"><p><strong>Balogh B\u00e9la- U19<\/strong><\/p>\n<p>Balogh B\u00e9la vagyok, 56 \u00e9ves \u00e9s a foci gyerekkorom \u00f3ta jelen van az \u00e9letemben. 12 \u00e9ven kereszt\u00fcl a Veresegyh\u00e1z ut\u00e1np\u00f3tl\u00e1s\u00e1n\u00e1l dolgoztam vezet\u0151edz\u0151k\u00e9nt, ahol sok sz\u00e9p eredm\u00e9nyt \u00e9rtem el. 2021 \u00f3ta vagyok a F\u00f3t SE csal\u00e1d tagja, ahol el\u0151bb a Feln\u0151tt II. edz\u0151jek\u00e9nt tettem a dolgom, majd a vezet\u0151s\u00e9g felk\u00e9r\u00e9s\u00e9re vettem \u00e1t az U19-es csapatot. A tud\u00e1sommal, al\u00e1zatommal \u00e9s lelkesed\u00e9semmel szeretn\u00e9m min\u00e9l sikeresebb\u00e9 tenni a csapatot. Szeretek a fiatalokkal foglalkozni, ez\u00e9rt is fogadtam el az U13-as csapatunkhoz val\u00f3 m\u00e1sodedz\u0151i tev\u00e9kenys\u00e9get is. K\u00f6sz\u00f6n\u00f6m a bizalmat!<\/p>\n<p>&nbsp;<\/p>\n<p>&nbsp;<\/p>\n<\/div>\n\t\t<\/div><div id=\"panel-167-4-0-3\" class=\"so-panel widget widget_text\" data-index=\"11\" ><h3 class=\"widget-title\">Edz\u0151<\/h3>\t\t\t<div class=\"textwidget\"><p><strong>Feln\u0151tt I.-II.<\/strong><\/p>\n<p><strong>Mikulka Gyula, \u201eMiku\u201d<\/strong><\/p>\n<p>Mikulka Gyula vagyok, a Feln\u0151tt II-es csapat edz\u0151je, valamint a F\u00f3t SE els\u0151 csapat\u00e1nak kapit\u00e1nya. A labdar\u00fag\u00e1s gyerekkorom \u00f3ta \u00e9letem fontos r\u00e9sze. Az \u00e9vek alatt sok csapatban megfordultam, melynek k\u00f6sz\u00f6nhet\u0151en sz\u00e1momra \u00e9rt\u00e9kes emberi kapcsolatkora, bar\u00e1ts\u00e1gokra \u00e9s tapasztalatra tettem szert. V\u00e9lem\u00e9nyem szerint a foci nem csup\u00e1n sport, hanem sz\u00e1mos el\u0151nnyel j\u00e1r \u2013 amit a legkisebbekt\u0151l a legnagyobbakig mindenki kamatoztatni tud a civil \u00e9let\u00e9ben is. 2019-ben t\u00e9rtem vissza F\u00f3tra az els\u0151 csapathoz. Az edz\u0151i p\u00e1lyafut\u00e1somat h\u00e1rom \u00e9ve kezdtem a klub U11-es koroszt\u00e1ly\u00e1n\u00e1l, majd a klub feln\u0151tt m\u00e1sodik csapat\u00e1n\u00e1l lettem vezet\u0151edz\u0151. Minden napnak megvannak a maga leck\u00e9i \u2013 tud\u00e1somat folyamatosan igyekszem b\u0151v\u00edteni a labdar\u00fag\u00e1shoz tartoz\u00f3 ter\u00fcleteken.<\/p>\n<p>\u00dagy gondolom, hogy a F\u00f3t Sportegyes\u00fcletn\u00e9l minden adott, hogy \u00e9rt\u00e9ket teremts\u00fcnk!<\/p>\n<p>&nbsp;<\/p>\n<\/div>\n\t\t<\/div><div id=\"panel-167-4-0-4\" class=\"so-panel widget widget_text\" data-index=\"12\" ><h3 class=\"widget-title\">Edz\u0151<\/h3>\t\t\t<div class=\"textwidget\"><p><strong>U11 seg\u00e9dedz\u0151 \u00e9s ut\u00e1np\u00f3tl\u00e1s kapusedz\u0151<\/strong><\/p>\n<p><strong>Mezei G\u00e1bor, \u201ePepe\u201d<\/strong><\/p>\n<p>Mezei G\u00e1bor &#8222;Pepe&#8221; vagyok U11 seg\u00e9dedz\u0151 \u00e9s ut\u00e1np\u00f3tl\u00e1s kapusedz\u0151.<br \/>\n9 \u00e9ves koromban a Dunakeszi Kinizsiben kezdtem focizni ahol 16 \u00e9vet t\u00f6lt\u00f6ttem. 4 \u00e9ve ker\u00fcltem a F\u00f3t SE-be, mint az \u00f6regfi\u00fak I. csapat kapusa.<br \/>\n2024 \u00f3ta vagyok az U11-es csapat mellet \u00e9s tavaly \u00f3ta dolgozom az ut\u00e1np\u00f3tl\u00e1s kapusokkal.<br \/>\nC\u00e9lom a labdar\u00fag\u00e1s, a kapuskod\u00e1s megszerettet\u00e9se a gyerekekkel, \u00e9s hogy \u00f6r\u00f6mmel j\u00e1rjanak az edz\u00e9sekre.<\/p>\n<\/div>\n\t\t<\/div><div id=\"panel-167-4-0-5\" class=\"so-panel widget widget_text\" data-index=\"13\" ><h3 class=\"widget-title\">Edz\u0151<\/h3>\t\t\t<div class=\"textwidget\"><p><strong>U11 \u00e9s U14 seg\u00e9dedz\u0151<\/strong><\/p>\n<p><strong>Balog Zsolt<\/strong><\/p>\n<p class=\"v1MsoNormal\"><span lang=\"HU\">Balog Zsolt vagyok a F\u00d3T SE U11 \u00e9s U14 csapatok seg\u00e9dedz\u0151je.<\/span><\/p>\n<p class=\"v1MsoNormal\"><span lang=\"HU\">A labdar\u00fag\u00e1st 9 \u00e9vesen a Dunakeszi Vasutasban kezdtem, majd k\u00e9t \u00e9vvel k\u00e9s\u0151bb igazoltam a Dunakeszi Kinizsibe, ahol 12 \u00e9vig j\u00e1tszottam. Egy hossz\u00fa kihagy\u00e1s ut\u00e1n 2021-ben a F\u00f3t SE \u00f6regfi\u00fak csapat\u00e1ban kezdtem \u00fajra t\u00f6bb r\u00e9gi csapatt\u00e1rsammal egy\u00fctt.<\/span><\/p>\n<p class=\"v1MsoNormal\"><span lang=\"HU\">2025-ben kezdtem el seg\u00e9dedz\u0151k\u00e9nt dolgozni az U11 \u00e9s az U14 csapatokn\u00e1l, m<\/span><span lang=\"HU\">\u00e9g ebben az \u00e9vben sikeres edz\u0151i vizsg\u00e1t tettem.<\/span><\/p>\n<p class=\"v1MsoNormal\"><span lang=\"HU\">C\u00e9lom, hogy a gyerekekkel megszerettessem a labdar\u00fag\u00e1st, valamint hogy egy \u00f6sszetart\u00f3, befogad\u00f3 \u00e9s biztons\u00e1gos k\u00f6zeget teremtsek, ahov\u00e1 a gyerek \u00f6r\u00f6mmel j\u00f6nnek le edz\u00e9sre .<\/span><\/p>\n<p class=\"v1MsoNormal\"><span lang=\"HU\">Egyik kedvenc id\u00e9zetem: <\/span><b><i><span lang=\"HU\">\u201eEgy j\u00f3 edz\u0151 k\u00e9pes megv\u00e1ltoztatni egy m\u00e9rk\u0151z\u00e9st. Egy kiv\u00e1l\u00f3 edz\u0151 k\u00e9pes megv\u00e1ltoztatni egy \u00e9letet.&#8221; <\/span><\/i><\/b><span lang=\"HU\">(<\/span><span lang=\"HU\">John Wooden)<\/span><\/p>\n<\/div>\n\t\t<\/div><div id=\"panel-167-4-0-6\" class=\"so-panel widget widget_text\" data-index=\"14\" ><h3 class=\"widget-title\">Edz\u0151<\/h3>\t\t\t<div class=\"textwidget\"><p><strong>Serd\u00fclt Tam\u00e1s<\/strong><\/p>\n<p>Serd\u00fclt Tam\u00e1s vagyok az FSE ovis labd\u00e1s foglalkoz\u00e1sok edz\u0151je.<\/p>\n<p>Ami\u00f3ta l\u00e1bra \u00e1lltam m\u00e1r elkezdtem bar\u00e1tkozni a labd\u00e1val \u00e9s ez a szerelem a mai napig tart.\u00a0 Akt\u00edvan m\u00e1r egyre kevesebbet r\u00fagom a b\u0151rt, ma m\u00e1r ink\u00e1bb edz\u0151nek lenni sokkal jobb \u00e9rz\u00e9s \u00e9s nagyobb kih\u00edv\u00e1s is sz\u00e1momra. Folyamatos k\u00e9pz\u00e9s, t\u00e1j\u00e9koz\u00f3d\u00e1s \u00e9s ismeretek magamba \u00f6mleszt\u00e9se ut\u00e1n szeretn\u00e9m a f\u00f3ti gyerekeknek \u00e1tadni a legjobb tud\u00e1som, koroszt\u00e1lyt\u00f3l f\u00fcggetlen\u00fcl. A legkisebb labdar\u00fag\u00f3ink m\u00e1r a f\u00f3ti ovikban elsaj\u00e1t\u00edthatj\u00e1k j\u00e1t\u00e9kos form\u00e1ban a labd\u00e1s sportfoglalkoz\u00e1s keretein bel\u00fcl az alapokat, innen tov\u00e1bb l\u00e9pve az U7-es korcsoportunkba, amelynek edz\u00e9seit tartom.<\/p>\n<\/div>\n\t\t<\/div><div id=\"panel-167-4-0-7\" class=\"so-panel widget widget_text panel-last-child\" data-index=\"15\" ><h3 class=\"widget-title\">Edz\u0151<\/h3>\t\t\t<div class=\"textwidget\"><p><strong>U11 seg\u00e9dedz\u0151<\/strong><\/p>\n<p><strong>Kapit\u00e1ny Domonkos<\/strong><\/p>\n<p>Kapit\u00e1ny Domonkos vagyok, 2 \u00e9ve kezdtem el edz\u0151i feladatokat ell\u00e1tni a F\u00f3t SE-ben. P\u00e1lyafut\u00e1som a f\u00f3ti ovikban indult, k\u00e9sp\u0151bb az U7-es koroszt\u00e1lyban is tan\u00edthattam a gyerekeket. F\u00e9l \u00e9vvel ezut\u00e1n felker\u00fcltem seg\u00e9dedz\u0151nek az U11-es koroszt\u00e1lyhoz Katona M\u00e1t\u00e9 mell\u00e9, ahol\u00a0 2022 szeptember \u00f3ta seg\u00edtem a labdar\u00fag\u00f3 edz\u00e9seket heti 3 alkalommal. Emellett h\u00e9tv\u00e9gente a koroszt\u00e1llyal a Bozsik programokon \u00e9s ut\u00e1np\u00f3tl\u00e1s torn\u00e1kon vesz\u00fcnk r\u00e9szt.<\/p>\n<p>2023 szeptember\u00e9t\u0151l az U19-es koroszt\u00e1ly\u00fa csapatkapit\u00e1nya lettem \u00e9s a Feln\u0151tt II. sz\u00e1m\u00fa csapat \u00e1lland\u00f3 j\u00e1t\u00e9kosa, valamint ez id\u0151 \u00f3ta 4 f\u00f3ti \u00f3vod\u00e1ban tartunk labd\u00e1s sportfoglalkoz\u00e1sokat edz\u0151t\u00e1rsammal a kicsik sz\u00e1m\u00e1ra.<\/p>\n<\/div>\n\t\t<\/div><\/div><div id=\"pgc-167-4-1\"  class=\"panel-grid-cell\" ><div id=\"panel-167-4-1-0\" class=\"so-panel widget widget_media_image panel-first-child\" data-index=\"16\" ><img loading=\"lazy\" decoding=\"async\" width=\"181\" height=\"300\" src=\"https:\/\/fotsportegyesulet.hu\/wp-content\/uploads\/2025\/07\/Lorincz-Norbi-181x300.jpg\" class=\"image wp-image-14583  attachment-medium size-medium\" alt=\"\" style=\"max-width: 100%; height: auto;\" srcset=\"https:\/\/fotsportegyesulet.hu\/wp-content\/uploads\/2025\/07\/Lorincz-Norbi-181x300.jpg 181w, https:\/\/fotsportegyesulet.hu\/wp-content\/uploads\/2025\/07\/Lorincz-Norbi-617x1024.jpg 617w, https:\/\/fotsportegyesulet.hu\/wp-content\/uploads\/2025\/07\/Lorincz-Norbi-768x1275.jpg 768w, https:\/\/fotsportegyesulet.hu\/wp-content\/uploads\/2025\/07\/Lorincz-Norbi-925x1536.jpg 925w, https:\/\/fotsportegyesulet.hu\/wp-content\/uploads\/2025\/07\/Lorincz-Norbi-1233x2048.jpg 1233w, https:\/\/fotsportegyesulet.hu\/wp-content\/uploads\/2025\/07\/Lorincz-Norbi-scaled.jpg 1542w\" sizes=\"auto, (max-width: 181px) 100vw, 181px\" \/><\/div><div id=\"panel-167-4-1-1\" class=\"so-panel widget widget_media_image\" data-index=\"17\" ><img loading=\"lazy\" decoding=\"async\" width=\"400\" height=\"551\" src=\"https:\/\/fotsportegyesulet.hu\/wp-content\/uploads\/2025\/07\/Urban-Botond-1.jpg\" class=\"image wp-image-14586  attachment-full size-full\" alt=\"\" style=\"max-width: 100%; height: auto;\" srcset=\"https:\/\/fotsportegyesulet.hu\/wp-content\/uploads\/2025\/07\/Urban-Botond-1.jpg 400w, https:\/\/fotsportegyesulet.hu\/wp-content\/uploads\/2025\/07\/Urban-Botond-1-218x300.jpg 218w\" sizes=\"auto, (max-width: 400px) 100vw, 400px\" \/><\/div><div id=\"panel-167-4-1-2\" class=\"so-panel widget widget_media_image\" data-index=\"18\" ><img loading=\"lazy\" decoding=\"async\" width=\"400\" height=\"533\" src=\"https:\/\/fotsportegyesulet.hu\/wp-content\/uploads\/2025\/07\/Balogh-Bela-U19-e1753354055109.jpg\" class=\"image wp-image-14591  attachment-full size-full\" alt=\"\" style=\"max-width: 100%; height: auto;\" \/><\/div><div id=\"panel-167-4-1-3\" class=\"so-panel widget widget_media_image\" data-index=\"19\" ><img loading=\"lazy\" decoding=\"async\" width=\"300\" height=\"400\" src=\"https:\/\/fotsportegyesulet.hu\/wp-content\/uploads\/2025\/07\/miku3-e1753354177881.jpg\" class=\"image wp-image-14593  attachment-full size-full\" alt=\"\" style=\"max-width: 100%; height: auto;\" \/><\/div><div id=\"panel-167-4-1-4\" class=\"so-panel widget widget_media_image\" data-index=\"20\" ><img loading=\"lazy\" decoding=\"async\" width=\"466\" height=\"640\" src=\"https:\/\/fotsportegyesulet.hu\/wp-content\/uploads\/2026\/01\/IMG_7196.jpg\" class=\"image wp-image-15295  attachment-full size-full\" alt=\"\" style=\"max-width: 100%; height: auto;\" srcset=\"https:\/\/fotsportegyesulet.hu\/wp-content\/uploads\/2026\/01\/IMG_7196.jpg 466w, https:\/\/fotsportegyesulet.hu\/wp-content\/uploads\/2026\/01\/IMG_7196-218x300.jpg 218w\" sizes=\"auto, (max-width: 466px) 100vw, 466px\" \/><\/div><div id=\"panel-167-4-1-5\" class=\"so-panel widget widget_media_image\" data-index=\"21\" ><img loading=\"lazy\" decoding=\"async\" width=\"800\" height=\"901\" src=\"https:\/\/fotsportegyesulet.hu\/wp-content\/uploads\/2026\/01\/en.jpg\" class=\"image wp-image-15301  attachment-full size-full\" alt=\"\" style=\"max-width: 100%; height: auto;\" srcset=\"https:\/\/fotsportegyesulet.hu\/wp-content\/uploads\/2026\/01\/en.jpg 800w, https:\/\/fotsportegyesulet.hu\/wp-content\/uploads\/2026\/01\/en-266x300.jpg 266w, https:\/\/fotsportegyesulet.hu\/wp-content\/uploads\/2026\/01\/en-768x865.jpg 768w\" sizes=\"auto, (max-width: 800px) 100vw, 800px\" \/><\/div><div id=\"panel-167-4-1-6\" class=\"so-panel widget widget_media_image\" data-index=\"22\" ><img loading=\"lazy\" decoding=\"async\" width=\"300\" height=\"250\" src=\"https:\/\/fotsportegyesulet.hu\/wp-content\/uploads\/2025\/07\/Serdult-Tamas_v1-300x250.jpg\" class=\"image wp-image-14581  attachment-medium size-medium\" alt=\"\" style=\"max-width: 100%; height: auto;\" srcset=\"https:\/\/fotsportegyesulet.hu\/wp-content\/uploads\/2025\/07\/Serdult-Tamas_v1-300x250.jpg 300w, https:\/\/fotsportegyesulet.hu\/wp-content\/uploads\/2025\/07\/Serdult-Tamas_v1-768x641.jpg 768w, https:\/\/fotsportegyesulet.hu\/wp-content\/uploads\/2025\/07\/Serdult-Tamas_v1.jpg 1000w\" sizes=\"auto, (max-width: 300px) 100vw, 300px\" \/><\/div><div id=\"panel-167-4-1-7\" class=\"so-panel widget widget_media_image panel-last-child\" data-index=\"23\" ><img loading=\"lazy\" decoding=\"async\" width=\"400\" height=\"494\" src=\"https:\/\/fotsportegyesulet.hu\/wp-content\/uploads\/2026\/01\/Kep1-e1768211082944.jpg\" class=\"image wp-image-15229  attachment-full size-full\" alt=\"\" style=\"max-width: 100%; height: auto;\" \/><\/div><\/div><\/div><div id=\"pg-167-5\"  class=\"panel-grid panel-no-style\" ><div id=\"pgc-167-5-0\"  class=\"panel-grid-cell panel-grid-cell-empty panel-grid-cell-mobile-last\" ><\/div><div id=\"pgc-167-5-1\"  class=\"panel-grid-cell panel-grid-cell-empty\" ><\/div><\/div><div id=\"pg-167-6\"  class=\"panel-grid panel-no-style\" ><div id=\"pgc-167-6-0\"  class=\"panel-grid-cell\" ><div id=\"panel-167-6-0-0\" class=\"so-panel widget widget_sporty-gridposts-widget panel-first-child panel-last-child\" data-index=\"24\" ><h3 class=\"widget-title\">Labdar\u00fag\u00e1s h\u00edrek<\/h3><div class=\"masonry-grid\">\n<div id=\"two-columns\" data-columns> \n<article class=\"post\">\n    <div class=\"post-15657 post type-post status-publish format-standard has-post-thumbnail hentry category-atletika category-hirek category-kiemelt-hir category-kosarlabda category-labdarugas category-modern-tanc category-ritmikus-gimnasztika\"  id=\"post-15657\">\n      \n    <figure>\n         \n        <ul class=\"sporty-masonry-cats\">\n            <li><a href=\"https:\/\/fotsportegyesulet.hu\/index.php\/category\/atletika\/\" rel=\"category tag\">Atl\u00e9tika<\/a><\/li><li><a href=\"https:\/\/fotsportegyesulet.hu\/index.php\/category\/hirek\/\" rel=\"category tag\">H\u00edrek<\/a><\/li><li><a href=\"https:\/\/fotsportegyesulet.hu\/index.php\/category\/kiemelt-hir\/\" rel=\"category tag\">Kiemelt h\u00edr<\/a><\/li><li><a href=\"https:\/\/fotsportegyesulet.hu\/index.php\/category\/kosarlabda\/\" rel=\"category tag\">Kos\u00e1rlabda<\/a><\/li><li><a href=\"https:\/\/fotsportegyesulet.hu\/index.php\/category\/labdarugas\/\" rel=\"category tag\">Labdar\u00fag\u00e1s<\/a><\/li><li><a href=\"https:\/\/fotsportegyesulet.hu\/index.php\/category\/modern-tanc\/\" rel=\"category tag\">Modern t\u00e1nc<\/a><\/li><li><a href=\"https:\/\/fotsportegyesulet.hu\/index.php\/category\/ritmikus-gimnasztika\/\" rel=\"category tag\">Ritmikus gimnasztika<\/a><\/li>\n        <\/ul>\n                <a href=\"https:\/\/fotsportegyesulet.hu\/index.php\/2026\/04\/08\/legy-reszese-te-is-nyari-sport-taborainknak\/\">\n            <img decoding=\"async\" src=\"https:\/\/fotsportegyesulet.hu\/wp-content\/uploads\/2026\/04\/group-childrens-having-fun-park.jpg\" alt=\"L\u00e9gy r\u00e9szese Te is ny\u00e1ri sport t\u00e1borainknak!\" \/>\n        <\/a>\n    <\/figure>\n            <div class=\"postbox\">  \n            <div class=\"date-without-thumb\"><a class=\"postbox-date\" href=\"https:\/\/fotsportegyesulet.hu\/index.php\/2026\/04\/08\/legy-reszese-te-is-nyari-sport-taborainknak\/\">2026.04.08.<\/a><\/div>\n            <h3>\n                <a href=\"https:\/\/fotsportegyesulet.hu\/index.php\/2026\/04\/08\/legy-reszese-te-is-nyari-sport-taborainknak\/\">L\u00e9gy r\u00e9szese Te is ny\u00e1ri sport t\u00e1borainknak!<\/a>\n            <\/h3>\n            <p>Szeretettek v\u00e1rjuk a gyerekeket j\u00e1t\u00e9kos-sportos t\u00e1borainkba!<\/p>\n        <\/div>    \n    <\/div>\n<\/article><article class=\"post\">\n    <div class=\"post-15543 post type-post status-publish format-standard has-post-thumbnail hentry category-hirek category-labdarugas\"  id=\"post-15543\">\n      \n    <figure>\n         \n        <ul class=\"sporty-masonry-cats\">\n            <li><a href=\"https:\/\/fotsportegyesulet.hu\/index.php\/category\/hirek\/\" rel=\"category tag\">H\u00edrek<\/a><\/li><li><a href=\"https:\/\/fotsportegyesulet.hu\/index.php\/category\/labdarugas\/\" rel=\"category tag\">Labdar\u00fag\u00e1s<\/a><\/li>\n        <\/ul>\n                <a href=\"https:\/\/fotsportegyesulet.hu\/index.php\/2026\/03\/20\/elso-nemzetkozi-focikupa-foton\/\">\n            <img decoding=\"async\" src=\"https:\/\/fotsportegyesulet.hu\/wp-content\/uploads\/2026\/03\/kiemelt-kep.jpg\" alt=\"Els\u0151 nemzetk\u00f6zi focikupa az FSE p\u00e1ly\u00e1in\" \/>\n        <\/a>\n    <\/figure>\n            <div class=\"postbox\">  \n            <div class=\"date-without-thumb\"><a class=\"postbox-date\" href=\"https:\/\/fotsportegyesulet.hu\/index.php\/2026\/03\/20\/elso-nemzetkozi-focikupa-foton\/\">2026.03.20.<\/a><\/div>\n            <h3>\n                <a href=\"https:\/\/fotsportegyesulet.hu\/index.php\/2026\/03\/20\/elso-nemzetkozi-focikupa-foton\/\">Els\u0151 nemzetk\u00f6zi focikupa az FSE p\u00e1ly\u00e1in<\/a>\n            <\/h3>\n            <p>Ut\u00e1np\u00f3tl\u00e1s n\u00f6vend\u00e9keink nemzetk\u00f6zi torn\u00e1n m\u00e9rett\u00e9k meg magukat F\u00f3ton.<\/p>\n        <\/div>    \n    <\/div>\n<\/article><article class=\"post\">\n    <div class=\"post-15348 post type-post status-publish format-standard has-post-thumbnail hentry category-hirek category-labdarugas\"  id=\"post-15348\">\n      \n    <figure>\n         \n        <ul class=\"sporty-masonry-cats\">\n            <li><a href=\"https:\/\/fotsportegyesulet.hu\/index.php\/category\/hirek\/\" rel=\"category tag\">H\u00edrek<\/a><\/li><li><a href=\"https:\/\/fotsportegyesulet.hu\/index.php\/category\/labdarugas\/\" rel=\"category tag\">Labdar\u00fag\u00e1s<\/a><\/li>\n        <\/ul>\n                <a href=\"https:\/\/fotsportegyesulet.hu\/index.php\/2026\/01\/29\/mlsz-grassroots-alap-edzoi-minosites-a-fot-sportegyesuletnel\/\">\n            <img decoding=\"async\" src=\"https:\/\/fotsportegyesulet.hu\/wp-content\/uploads\/2026\/01\/Kiemelt-kep_nincs-szerkesztve_12.jpg\" alt=\"MLSZ Grassroots min\u0151s\u00edt\u00e9s egyes\u00fclet\u00fcnkben!\" \/>\n        <\/a>\n    <\/figure>\n            <div class=\"postbox\">  \n            <div class=\"date-without-thumb\"><a class=\"postbox-date\" href=\"https:\/\/fotsportegyesulet.hu\/index.php\/2026\/01\/29\/mlsz-grassroots-alap-edzoi-minosites-a-fot-sportegyesuletnel\/\">2026.01.29.<\/a><\/div>\n            <h3>\n                <a href=\"https:\/\/fotsportegyesulet.hu\/index.php\/2026\/01\/29\/mlsz-grassroots-alap-edzoi-minosites-a-fot-sportegyesuletnel\/\">MLSZ Grassroots min\u0151s\u00edt\u00e9s egyes\u00fclet\u00fcnkben!<\/a>\n            <\/h3>\n            <p>Tanul\u00e1s \u00e9s fejl\u0151d\u00e9s &#8211; magasan k\u00e9pzett szakemberek az FSE-n\u00e9l<\/p>\n        <\/div>    \n    <\/div>\n<\/article><article class=\"post\">\n    <div class=\"post-4383 post type-post status-publish format-standard has-post-thumbnail hentry category-hirek category-labdarugas\"  id=\"post-4383\">\n      \n    <figure>\n         \n        <ul class=\"sporty-masonry-cats\">\n            <li><a href=\"https:\/\/fotsportegyesulet.hu\/index.php\/category\/hirek\/\" rel=\"category tag\">H\u00edrek<\/a><\/li><li><a href=\"https:\/\/fotsportegyesulet.hu\/index.php\/category\/labdarugas\/\" rel=\"category tag\">Labdar\u00fag\u00e1s<\/a><\/li>\n        <\/ul>\n                <a href=\"https:\/\/fotsportegyesulet.hu\/index.php\/2022\/05\/29\/pontveszteseg-nelkul-nyerte-a-bajnoksagot-a-fot-se-i\/\">\n            <img decoding=\"async\" src=\"https:\/\/fotsportegyesulet.hu\/wp-content\/uploads\/2022\/05\/Jo-meret-956x455-1.jpg\" alt=\"Pontvesztes\u00e9g n\u00e9lk\u00fcl nyerte a bajnoks\u00e1got a F\u00f3t SE I.\" \/>\n        <\/a>\n    <\/figure>\n            <div class=\"postbox\">  \n            <div class=\"date-without-thumb\"><a class=\"postbox-date\" href=\"https:\/\/fotsportegyesulet.hu\/index.php\/2022\/05\/29\/pontveszteseg-nelkul-nyerte-a-bajnoksagot-a-fot-se-i\/\">2022.05.29.<\/a><\/div>\n            <h3>\n                <a href=\"https:\/\/fotsportegyesulet.hu\/index.php\/2022\/05\/29\/pontveszteseg-nelkul-nyerte-a-bajnoksagot-a-fot-se-i\/\">Pontvesztes\u00e9g n\u00e9lk\u00fcl nyerte a bajnoks\u00e1got a F\u00f3t SE I.<\/a>\n            <\/h3>\n            <p>Az m\u00e1r kor\u00e1bban eld\u0151lt, hogy a csapat megnyerte a bajnoks\u00e1got, de az utols\u00f3 fordul\u00f3ban is gy\u0151zni kellett a 100 sz\u00e1zal\u00e9kos teljes\u00edtm\u00e9ny meg\u0151rz\u00e9s\u00e9hez.<\/p>\n        <\/div>    \n    <\/div>\n<\/article><article class=\"post\">\n    <div class=\"post-3595 post type-post status-publish format-standard has-post-thumbnail hentry category-hirek category-labdarugas\"  id=\"post-3595\">\n      \n    <figure>\n         \n        <ul class=\"sporty-masonry-cats\">\n            <li><a href=\"https:\/\/fotsportegyesulet.hu\/index.php\/category\/hirek\/\" rel=\"category tag\">H\u00edrek<\/a><\/li><li><a href=\"https:\/\/fotsportegyesulet.hu\/index.php\/category\/labdarugas\/\" rel=\"category tag\">Labdar\u00fag\u00e1s<\/a><\/li>\n        <\/ul>\n                <a href=\"https:\/\/fotsportegyesulet.hu\/index.php\/2022\/05\/02\/tovabbra-is-veretlen-a-fot-se-elso-csapata\/\">\n            <img decoding=\"async\" src=\"https:\/\/fotsportegyesulet.hu\/wp-content\/uploads\/2022\/05\/Fot-SE-I_jo-meret.jpg\" alt=\"Tov\u00e1bbra is 100%-os teljes\u00edtm\u00e9ny\u0171 a F\u00f3t SE I. labdar\u00fag\u00f3 csapata\" \/>\n        <\/a>\n    <\/figure>\n            <div class=\"postbox\">  \n            <div class=\"date-without-thumb\"><a class=\"postbox-date\" href=\"https:\/\/fotsportegyesulet.hu\/index.php\/2022\/05\/02\/tovabbra-is-veretlen-a-fot-se-elso-csapata\/\">2022.05.02.<\/a><\/div>\n            <h3>\n                <a href=\"https:\/\/fotsportegyesulet.hu\/index.php\/2022\/05\/02\/tovabbra-is-veretlen-a-fot-se-elso-csapata\/\">Tov\u00e1bbra is 100%-os teljes\u00edtm\u00e9ny\u0171 a F\u00f3t SE I. labdar\u00fag\u00f3 csapata<\/a>\n            <\/h3>\n            <p>Magyarorsz\u00e1gon az \u00f6sszes feln\u0151tt labdar\u00fag\u00f3 csapatot figyelembe v\u00e9ve csak 5 egy\u00fcttes 100%-os.<\/p>\n        <\/div>    \n    <\/div>\n<\/article><article class=\"post\">\n    <div class=\"post-3475 post type-post status-publish format-standard has-post-thumbnail hentry category-hirek category-labdarugas\"  id=\"post-3475\">\n      \n    <figure>\n         \n        <ul class=\"sporty-masonry-cats\">\n            <li><a href=\"https:\/\/fotsportegyesulet.hu\/index.php\/category\/hirek\/\" rel=\"category tag\">H\u00edrek<\/a><\/li><li><a href=\"https:\/\/fotsportegyesulet.hu\/index.php\/category\/labdarugas\/\" rel=\"category tag\">Labdar\u00fag\u00e1s<\/a><\/li>\n        <\/ul>\n                <a href=\"https:\/\/fotsportegyesulet.hu\/index.php\/2022\/04\/14\/suliolimpia-labdarugo-bajnoksag\/\">\n            <img decoding=\"async\" src=\"https:\/\/fotsportegyesulet.hu\/wp-content\/uploads\/2022\/04\/image_50377985_956x455.jpg\" alt=\"Suliolimpia Labdar\u00fag\u00f3-bajnoks\u00e1g\" \/>\n        <\/a>\n    <\/figure>\n            <div class=\"postbox\">  \n            <div class=\"date-without-thumb\"><a class=\"postbox-date\" href=\"https:\/\/fotsportegyesulet.hu\/index.php\/2022\/04\/14\/suliolimpia-labdarugo-bajnoksag\/\">2022.04.14.<\/a><\/div>\n            <h3>\n                <a href=\"https:\/\/fotsportegyesulet.hu\/index.php\/2022\/04\/14\/suliolimpia-labdarugo-bajnoksag\/\">Suliolimpia Labdar\u00fag\u00f3-bajnoks\u00e1g<\/a>\n            <\/h3>\n            <p>A korcsoportok 1-3 helyezettjei oklev\u00e9lben, kup\u00e1ban \u00e9s \u00e9remben r\u00e9szes\u00fcltek.<\/p>\n        <\/div>    \n    <\/div>\n<\/article><\/div>\n<\/div>    \n<\/div><\/div><div id=\"pgc-167-6-1\"  class=\"panel-grid-cell\" ><div id=\"panel-167-6-1-0\" class=\"widget_text so-panel widget widget_custom_html panel-first-child panel-last-child\" data-index=\"25\" ><h3 class=\"widget-title\">K\u00d6VESS MINKET!<\/h3><div class=\"textwidget custom-html-widget\"><iframe loading=\"lazy\" src=\"https:\/\/www.facebook.com\/plugins\/page.php?href=https%3A%2F%2Fwww.facebook.com%2Ffotsportegyesulet%2F&tabs=timeline&width=340&height=500&small_header=true&adapt_container_width=false&hide_cover=false&show_facepile=true&appId\" width=\"340\" height=\"500\" style=\"border:none;overflow:hidden\" scrolling=\"no\" frameborder=\"0\" allowtransparency=\"true\" allow=\"encrypted-media\"><\/iframe><\/div><\/div><\/div><\/div><\/div>","protected":false},"excerpt":{"rendered":"<p>Feln\u0151tt \u00e9s U19 csapatok edz\u00e9s id\u0151pontjai Kedd \u00e9s cs\u00fct\u00f6rt\u00f6k 17.30-t\u00f3l 19 \u00f3r\u00e1ig Szakoszt\u00e1lyvezet\u0151 Szkala S\u00e1ndor Mobil: 06 30 222 2020 Fiatal korom \u00f3ta focizok, jelenleg a FSE \u00f6regfi\u00fak \u00e9s a&#8230;<\/p>\n","protected":false},"author":1,"featured_media":0,"parent":0,"menu_order":0,"comment_status":"closed","ping_status":"closed","template":"","meta":{"_bbp_topic_count":0,"_bbp_reply_count":0,"_bbp_total_topic_count":0,"_bbp_total_reply_count":0,"_bbp_voice_count":0,"_bbp_anonymous_reply_count":0,"_bbp_topic_count_hidden":0,"_bbp_reply_count_hidden":0,"_bbp_forum_subforum_count":0,"_price":"","_stock":"","_tribe_ticket_header":"","_tribe_default_ticket_provider":"","_ticket_start_date":"","_ticket_end_date":"","_tribe_ticket_show_description":"","_tribe_ticket_show_not_going":false,"_tribe_ticket_use_global_stock":"","_tribe_ticket_global_stock_level":"","_global_stock_mode":"","_global_stock_cap":"","_tribe_rsvp_for_event":"","_tribe_ticket_going_count":"","_tribe_ticket_not_going_count":"","_tribe_tickets_list":"[]","_tribe_ticket_has_attendee_info_fields":false,"footnotes":"","_tec_slr_enabled":"","_tec_slr_layout":""},"class_list":["post-167","page","type-page","status-publish","hentry"],"yoast_head":"<!-- This site is optimized with the Yoast SEO plugin v25.7 - https:\/\/yoast.com\/wordpress\/plugins\/seo\/ -->\n<title>LABDAR\u00daG\u00c1S - F\u00d3T SPORTEGYES\u00dcLET<\/title>\n<meta name=\"robots\" content=\"index, follow, max-snippet:-1, max-image-preview:large, max-video-preview:-1\" \/>\n<link rel=\"canonical\" href=\"https:\/\/fotsportegyesulet.hu\/index.php\/labdarugas\/\" \/>\n<meta property=\"og:locale\" content=\"hu_HU\" \/>\n<meta property=\"og:type\" content=\"article\" \/>\n<meta property=\"og:title\" content=\"LABDAR\u00daG\u00c1S - F\u00d3T SPORTEGYES\u00dcLET\" \/>\n<meta property=\"og:description\" content=\"Feln\u0151tt \u00e9s U19 csapatok edz\u00e9s id\u0151pontjai Kedd \u00e9s cs\u00fct\u00f6rt\u00f6k 17.30-t\u00f3l 19 \u00f3r\u00e1ig Szakoszt\u00e1lyvezet\u0151 Szkala S\u00e1ndor Mobil: 06 30 222 2020 Fiatal korom \u00f3ta focizok, jelenleg a FSE \u00f6regfi\u00fak \u00e9s a...\" \/>\n<meta property=\"og:url\" content=\"https:\/\/fotsportegyesulet.hu\/index.php\/labdarugas\/\" \/>\n<meta property=\"og:site_name\" content=\"F\u00d3T SPORTEGYES\u00dcLET\" \/>\n<meta property=\"article:publisher\" content=\"https:\/\/www.facebook.com\/fotsportegyesulet\/\" \/>\n<meta property=\"article:modified_time\" content=\"2026-02-10T11:22:52+00:00\" \/>\n<meta property=\"og:image\" content=\"https:\/\/fotsportegyesulet.hu\/wp-content\/uploads\/2017\/04\/cimlap_minta.jpg\" \/>\n\t<meta property=\"og:image:width\" content=\"1200\" \/>\n\t<meta property=\"og:image:height\" content=\"628\" \/>\n\t<meta property=\"og:image:type\" content=\"image\/jpeg\" \/>\n<meta name=\"twitter:card\" content=\"summary_large_image\" \/>\n<meta name=\"twitter:label1\" content=\"Becs\u00fclt olvas\u00e1si id\u0151\" \/>\n\t<meta name=\"twitter:data1\" content=\"10 perc\" \/>\n<script type=\"application\/ld+json\" class=\"yoast-schema-graph\">{\"@context\":\"https:\/\/schema.org\",\"@graph\":[{\"@type\":\"WebPage\",\"@id\":\"https:\/\/fotsportegyesulet.hu\/index.php\/labdarugas\/\",\"url\":\"https:\/\/fotsportegyesulet.hu\/index.php\/labdarugas\/\",\"name\":\"LABDAR\u00daG\u00c1S - F\u00d3T SPORTEGYES\u00dcLET\",\"isPartOf\":{\"@id\":\"https:\/\/fotsportegyesulet.hu\/#website\"},\"datePublished\":\"2019-07-03T12:49:34+00:00\",\"dateModified\":\"2026-02-10T11:22:52+00:00\",\"breadcrumb\":{\"@id\":\"https:\/\/fotsportegyesulet.hu\/index.php\/labdarugas\/#breadcrumb\"},\"inLanguage\":\"hu\",\"potentialAction\":[{\"@type\":\"ReadAction\",\"target\":[\"https:\/\/fotsportegyesulet.hu\/index.php\/labdarugas\/\"]}]},{\"@type\":\"BreadcrumbList\",\"@id\":\"https:\/\/fotsportegyesulet.hu\/index.php\/labdarugas\/#breadcrumb\",\"itemListElement\":[{\"@type\":\"ListItem\",\"position\":1,\"name\":\"Kezd\u0151lap\",\"item\":\"https:\/\/fotsportegyesulet.hu\/\"},{\"@type\":\"ListItem\",\"position\":2,\"name\":\"LABDAR\u00daG\u00c1S\"}]},{\"@type\":\"WebSite\",\"@id\":\"https:\/\/fotsportegyesulet.hu\/#website\",\"url\":\"https:\/\/fotsportegyesulet.hu\/\",\"name\":\"F\u00d3T SPORTEGYES\u00dcLET\",\"description\":\"\",\"publisher\":{\"@id\":\"https:\/\/fotsportegyesulet.hu\/#organization\"},\"potentialAction\":[{\"@type\":\"SearchAction\",\"target\":{\"@type\":\"EntryPoint\",\"urlTemplate\":\"https:\/\/fotsportegyesulet.hu\/?s={search_term_string}\"},\"query-input\":{\"@type\":\"PropertyValueSpecification\",\"valueRequired\":true,\"valueName\":\"search_term_string\"}}],\"inLanguage\":\"hu\"},{\"@type\":\"Organization\",\"@id\":\"https:\/\/fotsportegyesulet.hu\/#organization\",\"name\":\"F\u00f3t Sportegyes\u00fclet\",\"url\":\"https:\/\/fotsportegyesulet.hu\/\",\"logo\":{\"@type\":\"ImageObject\",\"inLanguage\":\"hu\",\"@id\":\"https:\/\/fotsportegyesulet.hu\/#\/schema\/logo\/image\/\",\"url\":\"https:\/\/fotsportegyesulet.hu\/wp-content\/uploads\/2020\/07\/eredeti-sz\u00ednes-vektoros-Fot-cimer-3.png\",\"contentUrl\":\"https:\/\/fotsportegyesulet.hu\/wp-content\/uploads\/2020\/07\/eredeti-sz\u00ednes-vektoros-Fot-cimer-3.png\",\"width\":500,\"height\":500,\"caption\":\"F\u00f3t Sportegyes\u00fclet\"},\"image\":{\"@id\":\"https:\/\/fotsportegyesulet.hu\/#\/schema\/logo\/image\/\"},\"sameAs\":[\"https:\/\/www.facebook.com\/fotsportegyesulet\/\"]}]}<\/script>\n<!-- \/ Yoast SEO plugin. -->","yoast_head_json":{"title":"LABDAR\u00daG\u00c1S - F\u00d3T SPORTEGYES\u00dcLET","robots":{"index":"index","follow":"follow","max-snippet":"max-snippet:-1","max-image-preview":"max-image-preview:large","max-video-preview":"max-video-preview:-1"},"canonical":"https:\/\/fotsportegyesulet.hu\/index.php\/labdarugas\/","og_locale":"hu_HU","og_type":"article","og_title":"LABDAR\u00daG\u00c1S - F\u00d3T SPORTEGYES\u00dcLET","og_description":"Feln\u0151tt \u00e9s U19 csapatok edz\u00e9s id\u0151pontjai Kedd \u00e9s cs\u00fct\u00f6rt\u00f6k 17.30-t\u00f3l 19 \u00f3r\u00e1ig Szakoszt\u00e1lyvezet\u0151 Szkala S\u00e1ndor Mobil: 06 30 222 2020 Fiatal korom \u00f3ta focizok, jelenleg a FSE \u00f6regfi\u00fak \u00e9s a...","og_url":"https:\/\/fotsportegyesulet.hu\/index.php\/labdarugas\/","og_site_name":"F\u00d3T SPORTEGYES\u00dcLET","article_publisher":"https:\/\/www.facebook.com\/fotsportegyesulet\/","article_modified_time":"2026-02-10T11:22:52+00:00","og_image":[{"width":1200,"height":628,"url":"https:\/\/fotsportegyesulet.hu\/wp-content\/uploads\/2017\/04\/cimlap_minta.jpg","type":"image\/jpeg"}],"twitter_card":"summary_large_image","twitter_misc":{"Becs\u00fclt olvas\u00e1si id\u0151":"10 perc"},"schema":{"@context":"https:\/\/schema.org","@graph":[{"@type":"WebPage","@id":"https:\/\/fotsportegyesulet.hu\/index.php\/labdarugas\/","url":"https:\/\/fotsportegyesulet.hu\/index.php\/labdarugas\/","name":"LABDAR\u00daG\u00c1S - F\u00d3T SPORTEGYES\u00dcLET","isPartOf":{"@id":"https:\/\/fotsportegyesulet.hu\/#website"},"datePublished":"2019-07-03T12:49:34+00:00","dateModified":"2026-02-10T11:22:52+00:00","breadcrumb":{"@id":"https:\/\/fotsportegyesulet.hu\/index.php\/labdarugas\/#breadcrumb"},"inLanguage":"hu","potentialAction":[{"@type":"ReadAction","target":["https:\/\/fotsportegyesulet.hu\/index.php\/labdarugas\/"]}]},{"@type":"BreadcrumbList","@id":"https:\/\/fotsportegyesulet.hu\/index.php\/labdarugas\/#breadcrumb","itemListElement":[{"@type":"ListItem","position":1,"name":"Kezd\u0151lap","item":"https:\/\/fotsportegyesulet.hu\/"},{"@type":"ListItem","position":2,"name":"LABDAR\u00daG\u00c1S"}]},{"@type":"WebSite","@id":"https:\/\/fotsportegyesulet.hu\/#website","url":"https:\/\/fotsportegyesulet.hu\/","name":"F\u00d3T SPORTEGYES\u00dcLET","description":"","publisher":{"@id":"https:\/\/fotsportegyesulet.hu\/#organization"},"potentialAction":[{"@type":"SearchAction","target":{"@type":"EntryPoint","urlTemplate":"https:\/\/fotsportegyesulet.hu\/?s={search_term_string}"},"query-input":{"@type":"PropertyValueSpecification","valueRequired":true,"valueName":"search_term_string"}}],"inLanguage":"hu"},{"@type":"Organization","@id":"https:\/\/fotsportegyesulet.hu\/#organization","name":"F\u00f3t Sportegyes\u00fclet","url":"https:\/\/fotsportegyesulet.hu\/","logo":{"@type":"ImageObject","inLanguage":"hu","@id":"https:\/\/fotsportegyesulet.hu\/#\/schema\/logo\/image\/","url":"https:\/\/fotsportegyesulet.hu\/wp-content\/uploads\/2020\/07\/eredeti-sz\u00ednes-vektoros-Fot-cimer-3.png","contentUrl":"https:\/\/fotsportegyesulet.hu\/wp-content\/uploads\/2020\/07\/eredeti-sz\u00ednes-vektoros-Fot-cimer-3.png","width":500,"height":500,"caption":"F\u00f3t Sportegyes\u00fclet"},"image":{"@id":"https:\/\/fotsportegyesulet.hu\/#\/schema\/logo\/image\/"},"sameAs":["https:\/\/www.facebook.com\/fotsportegyesulet\/"]}]}},"ticketed":false,"_links":{"self":[{"href":"https:\/\/fotsportegyesulet.hu\/index.php\/wp-json\/wp\/v2\/pages\/167","targetHints":{"allow":["GET"]}}],"collection":[{"href":"https:\/\/fotsportegyesulet.hu\/index.php\/wp-json\/wp\/v2\/pages"}],"about":[{"href":"https:\/\/fotsportegyesulet.hu\/index.php\/wp-json\/wp\/v2\/types\/page"}],"author":[{"embeddable":true,"href":"https:\/\/fotsportegyesulet.hu\/index.php\/wp-json\/wp\/v2\/users\/1"}],"replies":[{"embeddable":true,"href":"https:\/\/fotsportegyesulet.hu\/index.php\/wp-json\/wp\/v2\/comments?post=167"}],"version-history":[{"count":68,"href":"https:\/\/fotsportegyesulet.hu\/index.php\/wp-json\/wp\/v2\/pages\/167\/revisions"}],"predecessor-version":[{"id":15428,"href":"https:\/\/fotsportegyesulet.hu\/index.php\/wp-json\/wp\/v2\/pages\/167\/revisions\/15428"}],"wp:attachment":[{"href":"https:\/\/fotsportegyesulet.hu\/index.php\/wp-json\/wp\/v2\/media?parent=167"}],"curies":[{"name":"wp","href":"https:\/\/api.w.org\/{rel}","templated":true}]}}